{"id":85,"date":"2013-12-11T08:40:15","date_gmt":"2013-12-11T07:40:15","guid":{"rendered":"http:\/\/123.30.143.210\/web\/?page_id=85"},"modified":"2025-05-02T10:32:13","modified_gmt":"2025-05-02T03:32:13","slug":"le-reseau-cnf","status":"publish","type":"page","link":"https:\/\/efip.ctu.edu.vn\/web\/presentation\/le-reseau-cnf\/","title":{"rendered":"Le r\u00e9seau CNF et CEF"},"content":{"rendered":"<h2 style=\"text-align: center;\"><strong>Les campus num\u00e9riques francophones<\/strong><i><br \/><\/i><\/h2>\n<p><i>Les Campus num\u00e9riques francophones (CNF) sont des implantations de l&#8217;Agence universitaire de la Francophonie au sein d&#8217;une universit\u00e9 membre afin de promouvoir les TIC dans l&#8217;enseignement sup\u00e9rieur. Ils permettent \u00e9galement d\u2019acc\u00e9der, de diffuser, de produire et d\u2019accompagner les \u00e9tablissements partenaires dans les domaines de la documentation, l\u2019information et de la formation.\u00a0<\/i><em style=\"text-align: justify;\">Les Campus num\u00e9riques francophones (CNF) ont \u00e9t\u00e9 cr\u00e9\u00e9s pour appuyer le d\u00e9veloppement des TIC dans les universit\u00e9s du Sud.<\/em><\/p>\n<p style=\"text-align: justify;\"><span style=\"text-align: justify;\">Les CNF sont des structures compos\u00e9es de salles de formation, d&#8217;un espace en acc\u00e8s libre proposant des ressources humaines, techniques et documentaires : BDD, ressources documentaires, revues \u00e9lectroniques, aide \u00e0 la production de contenus p\u00e9dagogique, acc\u00e8s \u00e0 Internet, mat\u00e9riels de visioconf\u00e9rence, etc.<\/span><\/p>\n<p style=\"text-align: justify;\">Les CNF proposent divers types de formations : FOAD ; autoformation ; formations Transfer (formation continue) ; formation aux logiciels libres, certains CNF \u00e9tant des centres de r\u00e9f\u00e9rence pour ces logiciels, etc.<\/p>\n<p style=\"text-align: justify;\">Le d\u00e9veloppement des CNF est un point essentiel de la politique de l\u2019AUF depuis 30 ans :<\/p>\n<blockquote>\n<p style=\"text-align: justify;\">\u00a0\u00ab Depuis 1991, l&#8217;AUF m\u00e8ne une politique de d\u00e9veloppement du num\u00e9rique au service de l&#8217;enseignement sup\u00e9rieur, de l&#8217;\u00e9ducation, de la formation et e la recherche avec, entre autres, le d\u00e9ploiement d&#8217;un r\u00e9seau de campus num\u00e9riques francophones (CNF). [&#8230;] Ces lieux consacr\u00e9s au num\u00e9rique offrent aux \u00e9tudiants, enseignants et chercheurs la possibilit\u00e9 de se former \u00e0 distance, d&#8217;acc\u00e9der \u00e0 l&#8217;information scientifique et technique, mais aussi de produire et de partager du savoir.\u00bb (AUF, Rapport 2009-2013 : Les faits marquants depuis 2009, p. 21)<\/p>\n<\/blockquote>\n<p style=\"text-align: justify;\"><span style=\"text-align: justify;\">27 CNF r\u00e9partis dans 8 r\u00e9gions sont en activit\u00e9 :\u00a0 Afrique centrale et des Grands Lacs, Afrique de l\u2019Ouest, Asie-Pacifique, Cara\u00efbe, Europe centrale et orientale, Maghreb, Moyen-Orient, Oc\u00e9an Indien. (<\/span><a style=\"text-align: justify;\" href=\"https:\/\/www.auf.org\/lauf-dans-le-monde\/nos-implantations\/?type{5cef8cb26ec0cf0cbc2bf93f1561460fb5a03d2eaee977874fea98e9d15bcda9}5B0{5cef8cb26ec0cf0cbc2bf93f1561460fb5a03d2eaee977874fea98e9d15bcda9}5D=Campus+num\u00e9rique+francophone\">voir la liste des implantations<\/a><span style=\"text-align: justify;\">).<\/span><\/p>\n<p>\u00a0<\/p>\n<h2 style=\"text-align: center;\"><strong>Les centres d&#8217;employabilit\u00e9 francophones<\/strong><i><\/i><\/h2>\n<p>Espaces interconnect\u00e9s d\u00e9di\u00e9s au renforcement de l\u2019employabilit\u00e9, \u00e0 l\u2019insertion professionnelle et \u00e0 l\u2019entrepreneuriat, les premiers Centres d\u2019Employabilit\u00e9 Francophones de l\u2019AUF ont vu le jour en 2021. Depuis 2021, 32 CEF ont vu le jour.<\/p>\n<p>Ces centres fournissent aux \u00e9tudiants plusieurs services articul\u00e9s autour de quatre p\u00f4les\u00a0:<\/p>\n<div class=\"site-inner\">\n<div id=\"content\" class=\"site-content\">\n<div id=\"primary\" class=\"content-area\"><main id=\"main\" class=\"site-main\" role=\"main\">\n<section class=\"section section-default\">\n<div class=\"container\">\n<div class=\"main-col\">\n<div class=\"entry-content clearfix\"><strong>P\u00d4LE 1. Conseil, information et tutorat emploi<\/strong><\/div>\n<div>\u00a0<\/div>\n<div class=\"entry-content clearfix\">\n<ul>\n<li class=\"p2\">Bilan de comp\u00e9tences et tests pour une meilleure connaissance de soi, des points forts \u00e0 consolider et des points faibles \u00e0 am\u00e9liorer ;<\/li>\n<li class=\"p2\">Technique de recherche d\u2019emploi et de stages : r\u00e9daction d\u2019un CV, d\u2019une lettre de motivation, simulation d\u2019un entretien d\u2019embauche, aide \u00e0 l\u2019int\u00e9gration dans l\u2019entreprise, savoir-\u00eatre ;<\/li>\n<li class=\"p2\">Informations et conseils : parcours acad\u00e9miques ou formations compl\u00e9mentaires correspondant au profil de l\u2019\u00e9tudiant ; m\u00e9tiers et parcours professionnels adapt\u00e9s \u00e0 l\u2019\u00e9tudiant ;<\/li>\n<li class=\"p2\">Coaching et tutorat : accompagnement personnalis\u00e9 ;<\/li>\n<li class=\"p2\">Rencontres avec des employeurs et offres de stages, opportunit\u00e9s de PFE, de stage, d\u2019emploi ;<\/li>\n<li class=\"p2\">Journ\u00e9e carri\u00e8re, salon de l\u2019emploi invers\u00e9, immersions professionnelles, visites d\u2019entreprises, mobilit\u00e9s internationales\u2026<\/li>\n<\/ul>\n<p class=\"p1\"><strong>P\u00d4LE 2. Formations compl\u00e9mentaires en comp\u00e9tences transversales (Soft skills)<\/strong><\/p>\n<ul>\n<li class=\"p2\">Langues : un programme contextualis\u00e9 qui favorisera, selon les priorit\u00e9s des pays et \u00e9tablissements d\u2019accueil, le renforcement du niveau des \u00e9tudiants dans la langue officielle et\/ou l\u2019apprentissage d\u2019autres langues ;<\/li>\n<li class=\"p2\">Communication : renforcement de capacit\u00e9s en mati\u00e8re de techniques de communication (prise de parole en public, pr\u00e9sentation, r\u00e9daction de courrier, expos\u00e9, \u00e9coute active\u2026) ;<\/li>\n<li class=\"p2\">Culture g\u00e9n\u00e9rale : sensibilisation aux th\u00e9matiques d\u2019actualit\u00e9 et aux d\u00e9fis majeurs contemporains (d\u00e9veloppement durable et inclusif, g\u00e9opolitique, \u00e9conomie, transition num\u00e9rique\u2026) ;<\/li>\n<li class=\"p2\">Num\u00e9rique : familiarisation avec les outils num\u00e9riques et la virtualisation, formations ad hoc sur des logiciels et environnements sp\u00e9cifiques ;<\/li>\n<li class=\"p2\">D\u00e9veloppement personnel : intelligence \u00e9motionnelle et sociale, \u00e9tat d\u2019esprit et attitudes, organisation, gestion du stress, travail en \u00e9quipe, etc.<\/li>\n<\/ul>\n<p class=\"p1\"><strong>P\u00d4LE 3. Certifications professionnelles<\/strong><\/p>\n<p class=\"p2\">Pr\u00e9paration et passage de tests reconnus \u00e0 l\u2019\u00e9chelle internationale et souvent m\u00e9connus par les \u00e9tudiants ou inaccessibles financi\u00e8rement dans une d\u00e9marche individuelle mais tr\u00e8s appr\u00e9ci\u00e9s et parfois exig\u00e9s par les employeurs. L\u2019AUF n\u00e9gociera avec les principales institutions de formation et de certification pour faire des achats group\u00e9s de sessions de certification qu\u2019elle proposera gratuitement ou \u00e0 des prix pr\u00e9f\u00e9rentiels aux \u00e9tudiants \u00e0 travers les CEF. Ces certifications concernent essentiellement :<\/p>\n<ul>\n<li class=\"p2\">Les Langues : fran\u00e7ais, anglais, espagnol, arabe, portugais\u2026 ;<\/li>\n<li class=\"p2\">Les TIC ;<\/li>\n<li class=\"p2\">La Gestion de projets.<\/li>\n<\/ul>\n<p class=\"p2\">Il existe de nombreux autres domaines de certification sp\u00e9cifiques \u00e0 des disciplines, par exemple : architecture, comptabilit\u00e9, m\u00e9tiers de l\u2019environnement, marketing digital, tourisme\u2026 Ce type de certification pourrait \u00eatre envisag\u00e9 selon l\u2019importance de ces sp\u00e9cialit\u00e9s pour l\u2019emploi dans le pays\/environnement concern\u00e9.<\/p>\n<p class=\"p1\"><strong>P\u00d4LE 4. Pr\u00e9incubation entrepreneuriale<\/strong><\/p>\n<p class=\"p2\">Accueillir les \u00e9tudiants-entrepreneurs s\u00e9lectionn\u00e9s sur la qualit\u00e9 de leur projet et de leur potentiel. Ce statut sera pr\u00e9alablement d\u00e9fini avec le minist\u00e8re de l\u2019enseignement sup\u00e9rieur et officiellement reconnu par l\u2019universit\u00e9.<\/p>\n<p class=\"p2\">Ces \u00e9tudiants b\u00e9n\u00e9ficieront d\u2019accompagnement et de formations notamment en :<\/p>\n<ul>\n<li class=\"p2\">Cr\u00e9ativit\u00e9 : int\u00e9r\u00eat, techniques, \u00e9tat d\u2019esprit, conceptualisation, mind maping, design thinking\u2026<\/li>\n<li class=\"p2\">\u00c9tudes pr\u00e9alables : d\u00e9couverte du march\u00e9, estimation de la demande, tests de concept, faisabilit\u00e9 technique\u2026<\/li>\n<li class=\"p2\">Mod\u00e8le \u00e9conomique et plan d\u2019affaires : op\u00e9rationnalisation et viabilit\u00e9 d\u2019un projet, \u00e9tude financi\u00e8re\u2026<\/li>\n<li class=\"p2\">Techniques de pr\u00e9sentation de projets : synth\u00e8se, argumentation, persuasion, engagement\u2026<\/li>\n<li class=\"p2\">D\u00e9couverte des sources de financement : traditionnelles, alternatives, crowd funding, business angels.<\/li>\n<\/ul>\n<\/div>\n<\/div>\n<div class=\"side-col\">\n<div class=\"block block-subpages\">\u00a0<\/div>\n<div class=\"teaser secondary-teaser clearfix color-blue\">\n<div class=\"meta\">\u00a0<\/div>\n<\/div>\n<\/div>\n<\/div>\n<\/section>\n<\/main><\/div>\n<\/div>\n<\/div>\n<footer class=\"site-footer\" role=\"contentinfo\">\n<div class=\"site-footer1\">\n<div class=\"container\">\n<div class=\"container-fluid\">\u00a0<\/div>\n<\/div>\n<\/div>\n<\/footer>\n<p style=\"text-align: right;\" align=\"right\"><b>En savoir plus :<\/b> <a href=\"https:\/\/www.auf.org\/lauf-dans-le-monde\/types-dimplantations\/\">https:\/\/www.auf.org\/lauf-dans-le-monde\/types-dimplantations\/<\/a><\/p>\n\n\n<p class=\"has-text-align-right\"><em>Page mise \u00e0 jour le 02 mai 2025.<\/em><\/p>\n\n\n\n<p><\/p>\n","protected":false},"excerpt":{"rendered":"<p>Les campus num\u00e9riques francophones Les Campus num\u00e9riques francophones (CNF) sont des implantations de l&#8217;Agence universitaire de la Francophonie au sein &hellip; <br \/><a href=\"https:\/\/efip.ctu.edu.vn\/web\/presentation\/le-reseau-cnf\/\" class=\"more-link\">Continue reading <span class=\"screen-reader-text\">Le r\u00e9seau CNF et CEF<\/span><\/a><\/p>\n","protected":false},"author":1,"featured_media":0,"parent":7,"menu_order":3,"comment_status":"closed","ping_status":"open","template":"","meta":{"footnotes":""},"class_list":["post-85","page","type-page","status-publish","hentry"],"yoast_head":"<!-- This site is optimized with the Yoast SEO plugin v25.0 - https:\/\/yoast.com\/wordpress\/plugins\/seo\/ -->\n<title>Le r\u00e9seau CNF et CEF - EFIP<\/title>\n<meta name=\"description\" content=\"Le r\u00e9seau des Campus Num\u00e9riques Francophones (CNF) sont des implantations de l\u2019AUF au sein d\u2019une universit\u00e9 membre pour promouvoir les TIC dans l\u2019enseignement sup\u00e9rieur.\" \/>\n<meta name=\"robots\" content=\"index, follow, max-snippet:-1, max-image-preview:large, max-video-preview:-1\" \/>\n<link rel=\"canonical\" href=\"https:\/\/efip.ctu.edu.vn\/web\/presentation\/le-reseau-cnf\/\" \/>\n<meta property=\"og:locale\" content=\"en_US\" \/>\n<meta property=\"og:type\" content=\"article\" \/>\n<meta property=\"og:title\" content=\"Le r\u00e9seau CNF et CEF - EFIP\" \/>\n<meta property=\"og:description\" content=\"Le r\u00e9seau des Campus Num\u00e9riques Francophones (CNF) sont des implantations de l\u2019AUF au sein d\u2019une universit\u00e9 membre pour promouvoir les TIC dans l\u2019enseignement sup\u00e9rieur.\" \/>\n<meta property=\"og:url\" content=\"https:\/\/efip.ctu.edu.vn\/web\/presentation\/le-reseau-cnf\/\" \/>\n<meta property=\"og:site_name\" content=\"EFIP\" \/>\n<meta property=\"article:publisher\" content=\"https:\/\/www.facebook.com\/efipCanTho\" \/>\n<meta property=\"article:modified_time\" content=\"2025-05-02T03:32:13+00:00\" \/>\n<meta property=\"og:image\" content=\"https:\/\/efip.ctu.edu.vn\/web\/wp-content\/uploads\/2020\/05\/EFIP-512x512-1.png\" \/>\n\t<meta property=\"og:image:width\" content=\"512\" \/>\n\t<meta property=\"og:image:height\" content=\"512\" \/>\n\t<meta property=\"og:image:type\" content=\"image\/png\" \/>\n<meta name=\"twitter:card\" content=\"summary_large_image\" \/>\n<meta name=\"twitter:label1\" content=\"Est. reading time\" \/>\n\t<meta name=\"twitter:data1\" content=\"5 minutes\" \/>\n<script type=\"application\/ld+json\" class=\"yoast-schema-graph\">{\"@context\":\"https:\/\/schema.org\",\"@graph\":[{\"@type\":\"WebPage\",\"@id\":\"https:\/\/efip.ctu.edu.vn\/web\/presentation\/le-reseau-cnf\/\",\"url\":\"https:\/\/efip.ctu.edu.vn\/web\/presentation\/le-reseau-cnf\/\",\"name\":\"Le r\u00e9seau CNF et CEF - EFIP\",\"isPartOf\":{\"@id\":\"https:\/\/efip.ctu.edu.vn\/web\/#website\"},\"datePublished\":\"2013-12-11T07:40:15+00:00\",\"dateModified\":\"2025-05-02T03:32:13+00:00\",\"description\":\"Le r\u00e9seau des Campus Num\u00e9riques Francophones (CNF) sont des implantations de l\u2019AUF au sein d\u2019une universit\u00e9 membre pour promouvoir les TIC dans l\u2019enseignement sup\u00e9rieur.\",\"breadcrumb\":{\"@id\":\"https:\/\/efip.ctu.edu.vn\/web\/presentation\/le-reseau-cnf\/#breadcrumb\"},\"inLanguage\":\"en-US\",\"potentialAction\":[{\"@type\":\"ReadAction\",\"target\":[\"https:\/\/efip.ctu.edu.vn\/web\/presentation\/le-reseau-cnf\/\"]}]},{\"@type\":\"BreadcrumbList\",\"@id\":\"https:\/\/efip.ctu.edu.vn\/web\/presentation\/le-reseau-cnf\/#breadcrumb\",\"itemListElement\":[{\"@type\":\"ListItem\",\"position\":1,\"name\":\"Accueil\",\"item\":\"https:\/\/efip.ctu.edu.vn\/web\/\"},{\"@type\":\"ListItem\",\"position\":2,\"name\":\"Pr\u00e9sentation\",\"item\":\"https:\/\/efip.ctu.edu.vn\/web\/presentation\/\"},{\"@type\":\"ListItem\",\"position\":3,\"name\":\"Le r\u00e9seau CNF\"}]},{\"@type\":\"WebSite\",\"@id\":\"https:\/\/efip.ctu.edu.vn\/web\/#website\",\"url\":\"https:\/\/efip.ctu.edu.vn\/web\/\",\"name\":\"EFIP de Can Tho\",\"description\":\"Espace Francophone d&#039;Innovation et de Partenariat\",\"publisher\":{\"@id\":\"https:\/\/efip.ctu.edu.vn\/web\/#organization\"},\"potentialAction\":[{\"@type\":\"SearchAction\",\"target\":{\"@type\":\"EntryPoint\",\"urlTemplate\":\"https:\/\/efip.ctu.edu.vn\/web\/?s={search_term_string}\"},\"query-input\":{\"@type\":\"PropertyValueSpecification\",\"valueRequired\":true,\"valueName\":\"search_term_string\"}}],\"inLanguage\":\"en-US\"},{\"@type\":\"Organization\",\"@id\":\"https:\/\/efip.ctu.edu.vn\/web\/#organization\",\"name\":\"EFIP\",\"url\":\"https:\/\/efip.ctu.edu.vn\/web\/\",\"logo\":{\"@type\":\"ImageObject\",\"inLanguage\":\"en-US\",\"@id\":\"https:\/\/efip.ctu.edu.vn\/web\/#\/schema\/logo\/image\/\",\"url\":\"https:\/\/efip.ctu.edu.vn\/web\/wp-content\/uploads\/2025\/05\/efip2-150x89-1.jpg\",\"contentUrl\":\"https:\/\/efip.ctu.edu.vn\/web\/wp-content\/uploads\/2025\/05\/efip2-150x89-1.jpg\",\"width\":150,\"height\":89,\"caption\":\"EFIP\"},\"image\":{\"@id\":\"https:\/\/efip.ctu.edu.vn\/web\/#\/schema\/logo\/image\/\"},\"sameAs\":[\"https:\/\/www.facebook.com\/efipCanTho\"]}]}<\/script>\n<!-- \/ Yoast SEO plugin. -->","yoast_head_json":{"title":"Le r\u00e9seau CNF et CEF - EFIP","description":"Le r\u00e9seau des Campus Num\u00e9riques Francophones (CNF) sont des implantations de l\u2019AUF au sein d\u2019une universit\u00e9 membre pour promouvoir les TIC dans l\u2019enseignement sup\u00e9rieur.","robots":{"index":"index","follow":"follow","max-snippet":"max-snippet:-1","max-image-preview":"max-image-preview:large","max-video-preview":"max-video-preview:-1"},"canonical":"https:\/\/efip.ctu.edu.vn\/web\/presentation\/le-reseau-cnf\/","og_locale":"en_US","og_type":"article","og_title":"Le r\u00e9seau CNF et CEF - EFIP","og_description":"Le r\u00e9seau des Campus Num\u00e9riques Francophones (CNF) sont des implantations de l\u2019AUF au sein d\u2019une universit\u00e9 membre pour promouvoir les TIC dans l\u2019enseignement sup\u00e9rieur.","og_url":"https:\/\/efip.ctu.edu.vn\/web\/presentation\/le-reseau-cnf\/","og_site_name":"EFIP","article_publisher":"https:\/\/www.facebook.com\/efipCanTho","article_modified_time":"2025-05-02T03:32:13+00:00","og_image":[{"width":512,"height":512,"url":"https:\/\/efip.ctu.edu.vn\/web\/wp-content\/uploads\/2020\/05\/EFIP-512x512-1.png","type":"image\/png"}],"twitter_card":"summary_large_image","twitter_misc":{"Est. reading time":"5 minutes"},"schema":{"@context":"https:\/\/schema.org","@graph":[{"@type":"WebPage","@id":"https:\/\/efip.ctu.edu.vn\/web\/presentation\/le-reseau-cnf\/","url":"https:\/\/efip.ctu.edu.vn\/web\/presentation\/le-reseau-cnf\/","name":"Le r\u00e9seau CNF et CEF - EFIP","isPartOf":{"@id":"https:\/\/efip.ctu.edu.vn\/web\/#website"},"datePublished":"2013-12-11T07:40:15+00:00","dateModified":"2025-05-02T03:32:13+00:00","description":"Le r\u00e9seau des Campus Num\u00e9riques Francophones (CNF) sont des implantations de l\u2019AUF au sein d\u2019une universit\u00e9 membre pour promouvoir les TIC dans l\u2019enseignement sup\u00e9rieur.","breadcrumb":{"@id":"https:\/\/efip.ctu.edu.vn\/web\/presentation\/le-reseau-cnf\/#breadcrumb"},"inLanguage":"en-US","potentialAction":[{"@type":"ReadAction","target":["https:\/\/efip.ctu.edu.vn\/web\/presentation\/le-reseau-cnf\/"]}]},{"@type":"BreadcrumbList","@id":"https:\/\/efip.ctu.edu.vn\/web\/presentation\/le-reseau-cnf\/#breadcrumb","itemListElement":[{"@type":"ListItem","position":1,"name":"Accueil","item":"https:\/\/efip.ctu.edu.vn\/web\/"},{"@type":"ListItem","position":2,"name":"Pr\u00e9sentation","item":"https:\/\/efip.ctu.edu.vn\/web\/presentation\/"},{"@type":"ListItem","position":3,"name":"Le r\u00e9seau CNF"}]},{"@type":"WebSite","@id":"https:\/\/efip.ctu.edu.vn\/web\/#website","url":"https:\/\/efip.ctu.edu.vn\/web\/","name":"EFIP de Can Tho","description":"Espace Francophone d&#039;Innovation et de Partenariat","publisher":{"@id":"https:\/\/efip.ctu.edu.vn\/web\/#organization"},"potentialAction":[{"@type":"SearchAction","target":{"@type":"EntryPoint","urlTemplate":"https:\/\/efip.ctu.edu.vn\/web\/?s={search_term_string}"},"query-input":{"@type":"PropertyValueSpecification","valueRequired":true,"valueName":"search_term_string"}}],"inLanguage":"en-US"},{"@type":"Organization","@id":"https:\/\/efip.ctu.edu.vn\/web\/#organization","name":"EFIP","url":"https:\/\/efip.ctu.edu.vn\/web\/","logo":{"@type":"ImageObject","inLanguage":"en-US","@id":"https:\/\/efip.ctu.edu.vn\/web\/#\/schema\/logo\/image\/","url":"https:\/\/efip.ctu.edu.vn\/web\/wp-content\/uploads\/2025\/05\/efip2-150x89-1.jpg","contentUrl":"https:\/\/efip.ctu.edu.vn\/web\/wp-content\/uploads\/2025\/05\/efip2-150x89-1.jpg","width":150,"height":89,"caption":"EFIP"},"image":{"@id":"https:\/\/efip.ctu.edu.vn\/web\/#\/schema\/logo\/image\/"},"sameAs":["https:\/\/www.facebook.com\/efipCanTho"]}]}},"_links":{"self":[{"href":"https:\/\/efip.ctu.edu.vn\/web\/wp-json\/wp\/v2\/pages\/85","targetHints":{"allow":["GET"]}}],"collection":[{"href":"https:\/\/efip.ctu.edu.vn\/web\/wp-json\/wp\/v2\/pages"}],"about":[{"href":"https:\/\/efip.ctu.edu.vn\/web\/wp-json\/wp\/v2\/types\/page"}],"author":[{"embeddable":true,"href":"https:\/\/efip.ctu.edu.vn\/web\/wp-json\/wp\/v2\/users\/1"}],"replies":[{"embeddable":true,"href":"https:\/\/efip.ctu.edu.vn\/web\/wp-json\/wp\/v2\/comments?post=85"}],"version-history":[{"count":23,"href":"https:\/\/efip.ctu.edu.vn\/web\/wp-json\/wp\/v2\/pages\/85\/revisions"}],"predecessor-version":[{"id":4187,"href":"https:\/\/efip.ctu.edu.vn\/web\/wp-json\/wp\/v2\/pages\/85\/revisions\/4187"}],"up":[{"embeddable":true,"href":"https:\/\/efip.ctu.edu.vn\/web\/wp-json\/wp\/v2\/pages\/7"}],"wp:attachment":[{"href":"https:\/\/efip.ctu.edu.vn\/web\/wp-json\/wp\/v2\/media?parent=85"}],"curies":[{"name":"wp","href":"https:\/\/api.w.org\/{rel}","templated":true}]}}