{"id":3105,"date":"2021-08-03T10:32:13","date_gmt":"2021-08-03T03:32:13","guid":{"rendered":"https:\/\/efip.ctu.edu.vn\/web\/?page_id=3105"},"modified":"2021-08-03T10:32:14","modified_gmt":"2021-08-03T03:32:14","slug":"lasie-du-sud-est-2021-bilan-enjeux-et-perspectives","status":"publish","type":"page","link":"https:\/\/efip.ctu.edu.vn\/web\/lasie-du-sud-est-2021-bilan-enjeux-et-perspectives\/","title":{"rendered":"L\u2019Asie du Sud-Est 2021 \u2013 Bilan, enjeux et perspectives"},"content":{"rendered":"\n<p><em>Afin de c\u00e9l\u00e9brer la sortie du livre &#8220;L&#8217;Asie du Sud-Est 2021 &#8211; Bilan, enjeux et perspectives&#8221;, l\u2019Institut fran\u00e7ais d\u2019Indon\u00e9sie a organis\u00e9 un lancement virtuel le 15 juillet 2021, sous la forme d\u2019une discussion avec cinq auteurs (Christine CABASSET, David DELFOLIE, \u00c9ric FR\u00c9CON, Fran\u00e7ois-Xavier BONNET et Sarah ANDRIEU) sur une s\u00e9lection de sujets abord\u00e9s dans l\u2019ouvrage : la crise sanitaire li\u00e9e \u00e0 la pand\u00e9mie, les transformations socio-\u00e9conomiques cons\u00e9cutives \u00e0 la pand\u00e9mie, et le positionnement de l\u2019ASEAN sur le cas de la Birmanie.<\/em><\/p>\n\n\n\n<figure class=\"wp-block-embed is-type-video is-provider-youtube wp-block-embed-youtube wp-embed-aspect-16-9 wp-has-aspect-ratio\"><div class=\"wp-block-embed__wrapper\">\n<iframe title=\"Lancement d&#039;Asie du Sud-Est 2021 \u00e0 Jakarta\" width=\"660\" height=\"371\" src=\"https:\/\/www.youtube.com\/embed\/A8KdP7e_t2E?feature=oembed\" frameborder=\"0\" allow=\"accelerometer; autoplay; clipboard-write; encrypted-media; gyroscope; picture-in-picture; web-share\" referrerpolicy=\"strict-origin-when-cross-origin\" allowfullscreen><\/iframe>\n<\/div><\/figure>\n\n\n\n<p>Pour plus d\u2019informations sur ce livre :\u00a0<a href=\"https:\/\/www.irasec.com\/ouvrage152\" target=\"_blank\" rel=\"noreferrer noopener\">https:\/\/www.irasec.com\/ouvrage152<\/a><\/p>\n\n\n\n<p>Si la vid\u00e9o n\u2019appara\u00eet pas, cliquez ici pour voir la pr\u00e9sentation :\u00a0<a href=\"https:\/\/youtu.be\/A8KdP7e_t2E\" target=\"_blank\" rel=\"noreferrer noopener\">https:\/\/youtu.be\/A8KdP7e_t2E<\/a>.<\/p>\n\n\n\n<p>Pour d\u2019autres webinaires :&nbsp;<a rel=\"noreferrer noopener\" href=\"https:\/\/efip.ctu.edu.vn\/web\/webinaires\/\" target=\"_blank\">https:\/\/efip.ctu.edu.vn\/web\/webinaires\/<\/a><\/p>\n","protected":false},"excerpt":{"rendered":"<p>Afin de c\u00e9l\u00e9brer la sortie du livre &#8220;L&#8217;Asie du Sud-Est 2021 &#8211; Bilan, enjeux et perspectives&#8221;, l\u2019Institut fran\u00e7ais d\u2019Indon\u00e9sie a &hellip; <br \/><a href=\"https:\/\/efip.ctu.edu.vn\/web\/lasie-du-sud-est-2021-bilan-enjeux-et-perspectives\/\" class=\"more-link\">Continue reading <span class=\"screen-reader-text\">L\u2019Asie du Sud-Est 2021 \u2013 Bilan, enjeux et perspectives<\/span><\/a><\/p>\n","protected":false},"author":3,"featured_media":3106,"parent":0,"menu_order":0,"comment_status":"closed","ping_status":"closed","template":"","meta":{"footnotes":""},"class_list":["post-3105","page","type-page","status-publish","has-post-thumbnail","hentry"],"yoast_head":"<!-- This site is optimized with the Yoast SEO plugin v25.0 - https:\/\/yoast.com\/wordpress\/plugins\/seo\/ -->\n<title>L\u2019Asie du Sud-Est 2021 \u2013 Bilan, enjeux et perspectives - EFIP de Can Tho<\/title>\n<meta name=\"description\" content=\"Afin de c\u00e9l\u00e9brer la sortie du livre &quot;L&#039;Asie du Sud-Est 2021 - Bilan, enjeux et perspectives&quot;, l\u2019Institut fran\u00e7ais d\u2019Indon\u00e9sie a organis\u00e9 une discussion avec cinq de ses auteurs.\" \/>\n<meta name=\"robots\" content=\"index, follow, max-snippet:-1, max-image-preview:large, max-video-preview:-1\" \/>\n<link rel=\"canonical\" href=\"https:\/\/efip.ctu.edu.vn\/web\/lasie-du-sud-est-2021-bilan-enjeux-et-perspectives\/\" \/>\n<meta property=\"og:locale\" content=\"en_US\" \/>\n<meta property=\"og:type\" content=\"article\" \/>\n<meta property=\"og:title\" content=\"L\u2019Asie du Sud-Est 2021 \u2013 Bilan, enjeux et perspectives - EFIP de Can Tho\" \/>\n<meta property=\"og:description\" content=\"Afin de c\u00e9l\u00e9brer la sortie du livre &quot;L&#039;Asie du Sud-Est 2021 - Bilan, enjeux et perspectives&quot;, l\u2019Institut fran\u00e7ais d\u2019Indon\u00e9sie a organis\u00e9 une discussion avec cinq de ses auteurs.\" \/>\n<meta property=\"og:url\" content=\"https:\/\/efip.ctu.edu.vn\/web\/lasie-du-sud-est-2021-bilan-enjeux-et-perspectives\/\" \/>\n<meta property=\"og:site_name\" content=\"EFIP\" \/>\n<meta property=\"article:publisher\" content=\"https:\/\/www.facebook.com\/efipCanTho\" \/>\n<meta property=\"article:modified_time\" content=\"2021-08-03T03:32:14+00:00\" \/>\n<meta property=\"og:image\" content=\"https:\/\/efip.ctu.edu.vn\/web\/wp-content\/uploads\/2021\/08\/ASE2021.jpg\" \/>\n\t<meta property=\"og:image:width\" content=\"590\" \/>\n\t<meta property=\"og:image:height\" content=\"800\" \/>\n\t<meta property=\"og:image:type\" content=\"image\/jpeg\" \/>\n<meta name=\"twitter:card\" content=\"summary_large_image\" \/>\n<meta name=\"twitter:label1\" content=\"Est. reading time\" \/>\n\t<meta name=\"twitter:data1\" content=\"1 minute\" \/>\n<script type=\"application\/ld+json\" class=\"yoast-schema-graph\">{\"@context\":\"https:\/\/schema.org\",\"@graph\":[{\"@type\":\"WebPage\",\"@id\":\"https:\/\/efip.ctu.edu.vn\/web\/lasie-du-sud-est-2021-bilan-enjeux-et-perspectives\/\",\"url\":\"https:\/\/efip.ctu.edu.vn\/web\/lasie-du-sud-est-2021-bilan-enjeux-et-perspectives\/\",\"name\":\"L\u2019Asie du Sud-Est 2021 \u2013 Bilan, enjeux et perspectives - EFIP de Can Tho\",\"isPartOf\":{\"@id\":\"https:\/\/efip.ctu.edu.vn\/web\/#website\"},\"primaryImageOfPage\":{\"@id\":\"https:\/\/efip.ctu.edu.vn\/web\/lasie-du-sud-est-2021-bilan-enjeux-et-perspectives\/#primaryimage\"},\"image\":{\"@id\":\"https:\/\/efip.ctu.edu.vn\/web\/lasie-du-sud-est-2021-bilan-enjeux-et-perspectives\/#primaryimage\"},\"thumbnailUrl\":\"https:\/\/efip.ctu.edu.vn\/web\/wp-content\/uploads\/2021\/08\/ASE2021.jpg\",\"datePublished\":\"2021-08-03T03:32:13+00:00\",\"dateModified\":\"2021-08-03T03:32:14+00:00\",\"description\":\"Afin de c\u00e9l\u00e9brer la sortie du livre \\\"L'Asie du Sud-Est 2021 - Bilan, enjeux et perspectives\\\", l\u2019Institut fran\u00e7ais d\u2019Indon\u00e9sie a organis\u00e9 une discussion avec cinq de ses auteurs.\",\"breadcrumb\":{\"@id\":\"https:\/\/efip.ctu.edu.vn\/web\/lasie-du-sud-est-2021-bilan-enjeux-et-perspectives\/#breadcrumb\"},\"inLanguage\":\"en-US\",\"potentialAction\":[{\"@type\":\"ReadAction\",\"target\":[\"https:\/\/efip.ctu.edu.vn\/web\/lasie-du-sud-est-2021-bilan-enjeux-et-perspectives\/\"]}]},{\"@type\":\"ImageObject\",\"inLanguage\":\"en-US\",\"@id\":\"https:\/\/efip.ctu.edu.vn\/web\/lasie-du-sud-est-2021-bilan-enjeux-et-perspectives\/#primaryimage\",\"url\":\"https:\/\/efip.ctu.edu.vn\/web\/wp-content\/uploads\/2021\/08\/ASE2021.jpg\",\"contentUrl\":\"https:\/\/efip.ctu.edu.vn\/web\/wp-content\/uploads\/2021\/08\/ASE2021.jpg\",\"width\":590,\"height\":800,\"caption\":\"ASE 2021\"},{\"@type\":\"BreadcrumbList\",\"@id\":\"https:\/\/efip.ctu.edu.vn\/web\/lasie-du-sud-est-2021-bilan-enjeux-et-perspectives\/#breadcrumb\",\"itemListElement\":[{\"@type\":\"ListItem\",\"position\":1,\"name\":\"Accueil\",\"item\":\"https:\/\/efip.ctu.edu.vn\/web\/\"},{\"@type\":\"ListItem\",\"position\":2,\"name\":\"L\u2019Asie du Sud-Est 2021 \u2013 Bilan, enjeux et perspectives\"}]},{\"@type\":\"WebSite\",\"@id\":\"https:\/\/efip.ctu.edu.vn\/web\/#website\",\"url\":\"https:\/\/efip.ctu.edu.vn\/web\/\",\"name\":\"EFIP de Can Tho\",\"description\":\"Espace Francophone d&#039;Innovation et de Partenariat\",\"publisher\":{\"@id\":\"https:\/\/efip.ctu.edu.vn\/web\/#organization\"},\"potentialAction\":[{\"@type\":\"SearchAction\",\"target\":{\"@type\":\"EntryPoint\",\"urlTemplate\":\"https:\/\/efip.ctu.edu.vn\/web\/?s={search_term_string}\"},\"query-input\":{\"@type\":\"PropertyValueSpecification\",\"valueRequired\":true,\"valueName\":\"search_term_string\"}}],\"inLanguage\":\"en-US\"},{\"@type\":\"Organization\",\"@id\":\"https:\/\/efip.ctu.edu.vn\/web\/#organization\",\"name\":\"EFIP\",\"url\":\"https:\/\/efip.ctu.edu.vn\/web\/\",\"logo\":{\"@type\":\"ImageObject\",\"inLanguage\":\"en-US\",\"@id\":\"https:\/\/efip.ctu.edu.vn\/web\/#\/schema\/logo\/image\/\",\"url\":\"https:\/\/efip.ctu.edu.vn\/web\/wp-content\/uploads\/2025\/05\/efip2-150x89-1.jpg\",\"contentUrl\":\"https:\/\/efip.ctu.edu.vn\/web\/wp-content\/uploads\/2025\/05\/efip2-150x89-1.jpg\",\"width\":150,\"height\":89,\"caption\":\"EFIP\"},\"image\":{\"@id\":\"https:\/\/efip.ctu.edu.vn\/web\/#\/schema\/logo\/image\/\"},\"sameAs\":[\"https:\/\/www.facebook.com\/efipCanTho\"]}]}<\/script>\n<!-- \/ Yoast SEO plugin. -->","yoast_head_json":{"title":"L\u2019Asie du Sud-Est 2021 \u2013 Bilan, enjeux et perspectives - EFIP de Can Tho","description":"Afin de c\u00e9l\u00e9brer la sortie du livre \"L'Asie du Sud-Est 2021 - Bilan, enjeux et perspectives\", l\u2019Institut fran\u00e7ais d\u2019Indon\u00e9sie a organis\u00e9 une discussion avec cinq de ses auteurs.","robots":{"index":"index","follow":"follow","max-snippet":"max-snippet:-1","max-image-preview":"max-image-preview:large","max-video-preview":"max-video-preview:-1"},"canonical":"https:\/\/efip.ctu.edu.vn\/web\/lasie-du-sud-est-2021-bilan-enjeux-et-perspectives\/","og_locale":"en_US","og_type":"article","og_title":"L\u2019Asie du Sud-Est 2021 \u2013 Bilan, enjeux et perspectives - EFIP de Can Tho","og_description":"Afin de c\u00e9l\u00e9brer la sortie du livre \"L'Asie du Sud-Est 2021 - Bilan, enjeux et perspectives\", l\u2019Institut fran\u00e7ais d\u2019Indon\u00e9sie a organis\u00e9 une discussion avec cinq de ses auteurs.","og_url":"https:\/\/efip.ctu.edu.vn\/web\/lasie-du-sud-est-2021-bilan-enjeux-et-perspectives\/","og_site_name":"EFIP","article_publisher":"https:\/\/www.facebook.com\/efipCanTho","article_modified_time":"2021-08-03T03:32:14+00:00","og_image":[{"width":590,"height":800,"url":"https:\/\/efip.ctu.edu.vn\/web\/wp-content\/uploads\/2021\/08\/ASE2021.jpg","type":"image\/jpeg"}],"twitter_card":"summary_large_image","twitter_misc":{"Est. reading time":"1 minute"},"schema":{"@context":"https:\/\/schema.org","@graph":[{"@type":"WebPage","@id":"https:\/\/efip.ctu.edu.vn\/web\/lasie-du-sud-est-2021-bilan-enjeux-et-perspectives\/","url":"https:\/\/efip.ctu.edu.vn\/web\/lasie-du-sud-est-2021-bilan-enjeux-et-perspectives\/","name":"L\u2019Asie du Sud-Est 2021 \u2013 Bilan, enjeux et perspectives - EFIP de Can Tho","isPartOf":{"@id":"https:\/\/efip.ctu.edu.vn\/web\/#website"},"primaryImageOfPage":{"@id":"https:\/\/efip.ctu.edu.vn\/web\/lasie-du-sud-est-2021-bilan-enjeux-et-perspectives\/#primaryimage"},"image":{"@id":"https:\/\/efip.ctu.edu.vn\/web\/lasie-du-sud-est-2021-bilan-enjeux-et-perspectives\/#primaryimage"},"thumbnailUrl":"https:\/\/efip.ctu.edu.vn\/web\/wp-content\/uploads\/2021\/08\/ASE2021.jpg","datePublished":"2021-08-03T03:32:13+00:00","dateModified":"2021-08-03T03:32:14+00:00","description":"Afin de c\u00e9l\u00e9brer la sortie du livre \"L'Asie du Sud-Est 2021 - Bilan, enjeux et perspectives\", l\u2019Institut fran\u00e7ais d\u2019Indon\u00e9sie a organis\u00e9 une discussion avec cinq de ses auteurs.","breadcrumb":{"@id":"https:\/\/efip.ctu.edu.vn\/web\/lasie-du-sud-est-2021-bilan-enjeux-et-perspectives\/#breadcrumb"},"inLanguage":"en-US","potentialAction":[{"@type":"ReadAction","target":["https:\/\/efip.ctu.edu.vn\/web\/lasie-du-sud-est-2021-bilan-enjeux-et-perspectives\/"]}]},{"@type":"ImageObject","inLanguage":"en-US","@id":"https:\/\/efip.ctu.edu.vn\/web\/lasie-du-sud-est-2021-bilan-enjeux-et-perspectives\/#primaryimage","url":"https:\/\/efip.ctu.edu.vn\/web\/wp-content\/uploads\/2021\/08\/ASE2021.jpg","contentUrl":"https:\/\/efip.ctu.edu.vn\/web\/wp-content\/uploads\/2021\/08\/ASE2021.jpg","width":590,"height":800,"caption":"ASE 2021"},{"@type":"BreadcrumbList","@id":"https:\/\/efip.ctu.edu.vn\/web\/lasie-du-sud-est-2021-bilan-enjeux-et-perspectives\/#breadcrumb","itemListElement":[{"@type":"ListItem","position":1,"name":"Accueil","item":"https:\/\/efip.ctu.edu.vn\/web\/"},{"@type":"ListItem","position":2,"name":"L\u2019Asie du Sud-Est 2021 \u2013 Bilan, enjeux et perspectives"}]},{"@type":"WebSite","@id":"https:\/\/efip.ctu.edu.vn\/web\/#website","url":"https:\/\/efip.ctu.edu.vn\/web\/","name":"EFIP de Can Tho","description":"Espace Francophone d&#039;Innovation et de Partenariat","publisher":{"@id":"https:\/\/efip.ctu.edu.vn\/web\/#organization"},"potentialAction":[{"@type":"SearchAction","target":{"@type":"EntryPoint","urlTemplate":"https:\/\/efip.ctu.edu.vn\/web\/?s={search_term_string}"},"query-input":{"@type":"PropertyValueSpecification","valueRequired":true,"valueName":"search_term_string"}}],"inLanguage":"en-US"},{"@type":"Organization","@id":"https:\/\/efip.ctu.edu.vn\/web\/#organization","name":"EFIP","url":"https:\/\/efip.ctu.edu.vn\/web\/","logo":{"@type":"ImageObject","inLanguage":"en-US","@id":"https:\/\/efip.ctu.edu.vn\/web\/#\/schema\/logo\/image\/","url":"https:\/\/efip.ctu.edu.vn\/web\/wp-content\/uploads\/2025\/05\/efip2-150x89-1.jpg","contentUrl":"https:\/\/efip.ctu.edu.vn\/web\/wp-content\/uploads\/2025\/05\/efip2-150x89-1.jpg","width":150,"height":89,"caption":"EFIP"},"image":{"@id":"https:\/\/efip.ctu.edu.vn\/web\/#\/schema\/logo\/image\/"},"sameAs":["https:\/\/www.facebook.com\/efipCanTho"]}]}},"_links":{"self":[{"href":"https:\/\/efip.ctu.edu.vn\/web\/wp-json\/wp\/v2\/pages\/3105","targetHints":{"allow":["GET"]}}],"collection":[{"href":"https:\/\/efip.ctu.edu.vn\/web\/wp-json\/wp\/v2\/pages"}],"about":[{"href":"https:\/\/efip.ctu.edu.vn\/web\/wp-json\/wp\/v2\/types\/page"}],"author":[{"embeddable":true,"href":"https:\/\/efip.ctu.edu.vn\/web\/wp-json\/wp\/v2\/users\/3"}],"replies":[{"embeddable":true,"href":"https:\/\/efip.ctu.edu.vn\/web\/wp-json\/wp\/v2\/comments?post=3105"}],"version-history":[{"count":1,"href":"https:\/\/efip.ctu.edu.vn\/web\/wp-json\/wp\/v2\/pages\/3105\/revisions"}],"predecessor-version":[{"id":3107,"href":"https:\/\/efip.ctu.edu.vn\/web\/wp-json\/wp\/v2\/pages\/3105\/revisions\/3107"}],"wp:featuredmedia":[{"embeddable":true,"href":"https:\/\/efip.ctu.edu.vn\/web\/wp-json\/wp\/v2\/media\/3106"}],"wp:attachment":[{"href":"https:\/\/efip.ctu.edu.vn\/web\/wp-json\/wp\/v2\/media?parent=3105"}],"curies":[{"name":"wp","href":"https:\/\/api.w.org\/{rel}","templated":true}]}}