{"id":3098,"date":"2021-08-03T10:21:53","date_gmt":"2021-08-03T03:21:53","guid":{"rendered":"https:\/\/efip.ctu.edu.vn\/web\/?page_id=3098"},"modified":"2021-08-03T10:21:54","modified_gmt":"2021-08-03T03:21:54","slug":"faire-du-terrain-en-sciences-sociales","status":"publish","type":"page","link":"https:\/\/efip.ctu.edu.vn\/web\/faire-du-terrain-en-sciences-sociales\/","title":{"rendered":"Faire du terrain en Sciences Sociales"},"content":{"rendered":"\n<div class=\"wp-block-image\"><figure class=\"aligncenter size-large\"><a href=\"https:\/\/efip.ctu.edu.vn\/web\/wp-content\/uploads\/2021\/08\/FaireDuTerrainEnSciencesSociales.png\"><img fetchpriority=\"high\" decoding=\"async\" width=\"1024\" height=\"750\" src=\"https:\/\/efip.ctu.edu.vn\/web\/wp-content\/uploads\/2021\/08\/FaireDuTerrainEnSciencesSociales-1024x750.png\" alt=\"S\u00e9minaire Faire du Terrain en Sciences Sociales\" class=\"wp-image-3099\" srcset=\"https:\/\/efip.ctu.edu.vn\/web\/wp-content\/uploads\/2021\/08\/FaireDuTerrainEnSciencesSociales-1024x750.png 1024w, https:\/\/efip.ctu.edu.vn\/web\/wp-content\/uploads\/2021\/08\/FaireDuTerrainEnSciencesSociales-300x220.png 300w, https:\/\/efip.ctu.edu.vn\/web\/wp-content\/uploads\/2021\/08\/FaireDuTerrainEnSciencesSociales-768x563.png 768w, https:\/\/efip.ctu.edu.vn\/web\/wp-content\/uploads\/2021\/08\/FaireDuTerrainEnSciencesSociales-110x81.png 110w, https:\/\/efip.ctu.edu.vn\/web\/wp-content\/uploads\/2021\/08\/FaireDuTerrainEnSciencesSociales-420x308.png 420w, https:\/\/efip.ctu.edu.vn\/web\/wp-content\/uploads\/2021\/08\/FaireDuTerrainEnSciencesSociales-587x430.png 587w, https:\/\/efip.ctu.edu.vn\/web\/wp-content\/uploads\/2021\/08\/FaireDuTerrainEnSciencesSociales.png 1077w\" sizes=\"(max-width: 1024px) 100vw, 1024px\" \/><\/a><\/figure><\/div>\n\n\n\n<p><em><strong>\u00ab Faire du terrain en sciences sociales \u00bb<\/strong> est un s\u00e9minaire m\u00e9thodologique organis\u00e9 par Emmanuelle PEYVEL avec le soutien de l&#8217;IRASEC, de l&#8217;universit\u00e9 de Van Lang, de l&#8217;universit\u00e9 de p\u00e9dagogie, de l&#8217;agence universitaire de la francophonie (AUF) et du Architecture and Research Center (ARC), les 9 et 10 juin 2021 \u00e0 V\u0103n Lang University et en ligne.<\/em><\/p>\n\n\n\n<p>Le s\u00e9minaire a \u00e9t\u00e9 d\u00e9compos\u00e9 en une s\u00e9rie de 17 vid\u00e9os :<\/p>\n\n\n\n<ul class=\"wp-block-list\"><li><a href=\"https:\/\/youtu.be\/Kj15PQYt60w\" target=\"_blank\" rel=\"noreferrer noopener\">#01 &#8211; Les m\u00e9thodes et techniques d\u2019enqu\u00eates de terrain en sciences sociales \/ Olivier TESSIER (EFEO)<\/a>;<\/li><li><a href=\"https:\/\/youtu.be\/ulw5KNQ-jl0\" target=\"_blank\" rel=\"noreferrer noopener\">#02 &#8211; Nghi\u00ean c\u1ee9u l\u00e0ng x\u00e3 Vi\u1ec7t Nam \/ Tr\u1ea7n V\u0103n Quy\u1ebfn (Thang Long University)<\/a>;<\/li><li><a href=\"https:\/\/youtu.be\/93TvFpYKHNo\" target=\"_blank\" rel=\"noreferrer noopener\">#03 &#8211; \u1ee8ng d\u1ee5ng ph\u01b0\u01a1ng ph\u00e1p nghi\u00ean c\u1ee9u th\u1ef1c \u0111\u1ecba trong b\u1ea3o t\u1ed3n v\u00e0 ph\u00e1t huy gi\u00e1 tr\u1ecb c\u1ee7a di s\u1ea3n \u1edf Hu\u1ebf \/ B\u00f9i Th\u1ecb Hi\u1ebfu et Nguy\u1ec5n Quang Huy (Hue University)<\/a>;<\/li><li><a href=\"https:\/\/youtu.be\/Xkchd5CwU64\" target=\"_blank\" rel=\"noreferrer noopener\">#04 &#8211; Researching In and Beyond Vietnamese Museums \/ Rachel TOUGH (UEA)<\/a>;<\/li><li><a href=\"https:\/\/youtu.be\/9wcSpOwSuHs\" target=\"_blank\" rel=\"noreferrer noopener\">#05 &#8211; Phi\u00ean 2: \u0110i\u1ec3m th\u1ef1c \u0111\u1ecba kh\u00f4ng ch\u1ec9 l\u00e0 n\u01a1i ch\u1ed1n m\u00e0 l\u00e0 giai \u0111o\u1ea1n th\u1eddi gian (Th\u1ea3o lu\u1eadn)<\/a>;<\/li><li><a href=\"https:\/\/youtu.be\/lBB512yqYZs\" target=\"_blank\" rel=\"noreferrer noopener\">#06 &#8211; Tr\u00ecnh di\u1ec5n gi\u1edbi n\u01a1i nh\u00f3m nam \u0111\u1ed3ng t\u00ednh \u1edf Th\u00e0nh ph\u1ed1 H\u1ed3 Ch\u00ed Minh \/ Ph\u00f9 Kh\u1ea3i H\u00f9ng (SISS)<\/a>;<\/li><li><a href=\"https:\/\/youtu.be\/2844mfXFQPc\" target=\"_blank\" rel=\"noreferrer noopener\">#07 &#8211; Vai tr\u00f2 c\u1ee7a ph\u1ee5 n\u1eef trong vi\u1ec7c l\u1ef1a ch\u1ecdn gi\u1eefa sinh th\u01b0\u1eddng v\u00e0 sinh m\u1ed5 \/ Myriam de LOENZIEN, Violinne TSOPGNI et  HOANG Thi Thuy Trang (IRD, CEPED)<\/a>;<\/li><li><a href=\"https:\/\/youtu.be\/zlh6sUhH9Kg\" target=\"_blank\" rel=\"noreferrer noopener\">#08 &#8211; Session 3 : En \u00eatre ou pas, militantisme et intimit\u00e9 (Discussion)<\/a>;<\/li><li><a href=\"https:\/\/youtu.be\/Zlftv2dMFwQ\" target=\"_blank\" rel=\"noreferrer noopener\">#09 &#8211; Preview of the book &#8220;Fieldwork and the Self&#8221;, co-edited with V.T. KING \/ Jeremy JAMMES (lAO)<\/a>;<\/li><li><a href=\"https:\/\/youtu.be\/MG7NH7V73EY\" target=\"_blank\" rel=\"noreferrer noopener\">#10 &#8211; L&#8217;Union de la jeunesse communiste H\u1ed3 Ch\u00ed Minh \u00e0 C\u1ea7n Th\u01a1 : l&#8217;int\u00e9gration au terrain \/ Tatiana TEPLIASHINA (IAO)<\/a>;<\/li><li><a href=\"https:\/\/youtu.be\/Drtmri82Nq8\" target=\"_blank\" rel=\"noreferrer noopener\">#11 &#8211; Session 4 : Secrets de terrain, terrains secrets (Discussion)<\/a>;<\/li><li><a href=\"https:\/\/youtu.be\/1n4y1SEb1fM\" target=\"_blank\" rel=\"noreferrer noopener\">#12 &#8211; Quantifier et mesurer son terrain : difficult\u00e9s et arrangements m\u00e9thodologiques \/ Tr\u1ea7n Kh\u1eafc Minh (PRODIG)<\/a>;<\/li><li><a href=\"https:\/\/youtu.be\/BSaltEBZJ4c\" target=\"_blank\" rel=\"noreferrer noopener\">#13 &#8211; Speaking, Translating and Listening: Collective Interviews in H\u1ed3 Ch\u00ed Minh City \/ Jullien Clara<\/a>;<\/li><li><a href=\"https:\/\/youtu.be\/oLA9BYxfRlY\" target=\"_blank\" rel=\"noreferrer noopener\">#14 &#8211; Session 5: Negociating the Access to the Field (Discussion)<\/a>;<\/li><li><a href=\"https:\/\/youtu.be\/usi13L9HRPM\" target=\"_blank\" rel=\"noreferrer noopener\">#15 &#8211; The Use of Serious Games in Raising Managers&#8217; Awareness of Water-Related Risks \/ TRAN Thi Huyen, AMALRIC Marion; ROUSSEAUX Fr\u00e9d\u00e9ric et GAUDOU Benoit (USSH, CITERES)<\/a>;<\/li><li><a href=\"https:\/\/youtu.be\/FxRXBw5eON0\" target=\"_blank\" rel=\"noreferrer noopener\">#16 &#8211; Faire du terrain animalier : enjeux et difficult\u00e9s \/ Pierre MOR\u00c8RE (EFEO)<\/a>;<\/li><li><a href=\"https:\/\/youtu.be\/kWjMeh2VFXA\" target=\"_blank\" rel=\"noreferrer noopener\">#17 &#8211; Session 6 : Co-construire, le terrain en partage (Discussion)<\/a>.<\/li><\/ul>\n","protected":false},"excerpt":{"rendered":"<p>\u00ab Faire du terrain en sciences sociales \u00bb est un s\u00e9minaire m\u00e9thodologique organis\u00e9 par Emmanuelle PEYVEL avec le soutien de &hellip; <br \/><a href=\"https:\/\/efip.ctu.edu.vn\/web\/faire-du-terrain-en-sciences-sociales\/\" class=\"more-link\">Continue reading <span class=\"screen-reader-text\">Faire du terrain en Sciences Sociales<\/span><\/a><\/p>\n","protected":false},"author":3,"featured_media":3099,"parent":0,"menu_order":0,"comment_status":"closed","ping_status":"closed","template":"","meta":{"footnotes":""},"class_list":["post-3098","page","type-page","status-publish","has-post-thumbnail","hentry"],"yoast_head":"<!-- This site is optimized with the Yoast SEO plugin v25.0 - https:\/\/yoast.com\/wordpress\/plugins\/seo\/ -->\n<title>Webinaires - G\u00e9opolitique - Faire du terrain en Sciences Sociales - EFIP<\/title>\n<meta name=\"description\" content=\"\u00ab Faire du terrain en sciences sociales \u00bb est un s\u00e9minaire m\u00e9thodologique organis\u00e9 avec le soutien de l&#039;IRASEC, de l&#039;universit\u00e9 de Van Lang, de l&#039;universit\u00e9 de p\u00e9dagogie, de l&#039;AUF et de l&#039;ARC.\" \/>\n<meta name=\"robots\" content=\"index, follow, max-snippet:-1, max-image-preview:large, max-video-preview:-1\" \/>\n<link rel=\"canonical\" href=\"https:\/\/efip.ctu.edu.vn\/web\/faire-du-terrain-en-sciences-sociales\/\" \/>\n<meta property=\"og:locale\" content=\"en_US\" \/>\n<meta property=\"og:type\" content=\"article\" \/>\n<meta property=\"og:title\" content=\"Webinaires - G\u00e9opolitique - Faire du terrain en Sciences Sociales - EFIP\" \/>\n<meta property=\"og:description\" content=\"\u00ab Faire du terrain en sciences sociales \u00bb est un s\u00e9minaire m\u00e9thodologique organis\u00e9 avec le soutien de l&#039;IRASEC, de l&#039;universit\u00e9 de Van Lang, de l&#039;universit\u00e9 de p\u00e9dagogie, de l&#039;AUF et de l&#039;ARC.\" \/>\n<meta property=\"og:url\" content=\"https:\/\/efip.ctu.edu.vn\/web\/faire-du-terrain-en-sciences-sociales\/\" \/>\n<meta property=\"og:site_name\" content=\"EFIP\" \/>\n<meta property=\"article:publisher\" content=\"https:\/\/www.facebook.com\/efipCanTho\" \/>\n<meta property=\"article:modified_time\" content=\"2021-08-03T03:21:54+00:00\" \/>\n<meta property=\"og:image\" content=\"https:\/\/efip.ctu.edu.vn\/web\/wp-content\/uploads\/2021\/08\/FaireDuTerrainEnSciencesSociales.png\" \/>\n\t<meta property=\"og:image:width\" content=\"1077\" \/>\n\t<meta property=\"og:image:height\" content=\"789\" \/>\n\t<meta property=\"og:image:type\" content=\"image\/png\" \/>\n<meta name=\"twitter:card\" content=\"summary_large_image\" \/>\n<meta name=\"twitter:label1\" content=\"Est. reading time\" \/>\n\t<meta name=\"twitter:data1\" content=\"2 minutes\" \/>\n<script type=\"application\/ld+json\" class=\"yoast-schema-graph\">{\"@context\":\"https:\/\/schema.org\",\"@graph\":[{\"@type\":\"WebPage\",\"@id\":\"https:\/\/efip.ctu.edu.vn\/web\/faire-du-terrain-en-sciences-sociales\/\",\"url\":\"https:\/\/efip.ctu.edu.vn\/web\/faire-du-terrain-en-sciences-sociales\/\",\"name\":\"Webinaires - G\u00e9opolitique - Faire du terrain en Sciences Sociales - EFIP\",\"isPartOf\":{\"@id\":\"https:\/\/efip.ctu.edu.vn\/web\/#website\"},\"primaryImageOfPage\":{\"@id\":\"https:\/\/efip.ctu.edu.vn\/web\/faire-du-terrain-en-sciences-sociales\/#primaryimage\"},\"image\":{\"@id\":\"https:\/\/efip.ctu.edu.vn\/web\/faire-du-terrain-en-sciences-sociales\/#primaryimage\"},\"thumbnailUrl\":\"https:\/\/efip.ctu.edu.vn\/web\/wp-content\/uploads\/2021\/08\/FaireDuTerrainEnSciencesSociales.png\",\"datePublished\":\"2021-08-03T03:21:53+00:00\",\"dateModified\":\"2021-08-03T03:21:54+00:00\",\"description\":\"\u00ab Faire du terrain en sciences sociales \u00bb est un s\u00e9minaire m\u00e9thodologique organis\u00e9 avec le soutien de l'IRASEC, de l'universit\u00e9 de Van Lang, de l'universit\u00e9 de p\u00e9dagogie, de l'AUF et de l'ARC.\",\"breadcrumb\":{\"@id\":\"https:\/\/efip.ctu.edu.vn\/web\/faire-du-terrain-en-sciences-sociales\/#breadcrumb\"},\"inLanguage\":\"en-US\",\"potentialAction\":[{\"@type\":\"ReadAction\",\"target\":[\"https:\/\/efip.ctu.edu.vn\/web\/faire-du-terrain-en-sciences-sociales\/\"]}]},{\"@type\":\"ImageObject\",\"inLanguage\":\"en-US\",\"@id\":\"https:\/\/efip.ctu.edu.vn\/web\/faire-du-terrain-en-sciences-sociales\/#primaryimage\",\"url\":\"https:\/\/efip.ctu.edu.vn\/web\/wp-content\/uploads\/2021\/08\/FaireDuTerrainEnSciencesSociales.png\",\"contentUrl\":\"https:\/\/efip.ctu.edu.vn\/web\/wp-content\/uploads\/2021\/08\/FaireDuTerrainEnSciencesSociales.png\",\"width\":1077,\"height\":789,\"caption\":\"S\u00e9minaire Faire du Terrain en Sciences Sociales\"},{\"@type\":\"BreadcrumbList\",\"@id\":\"https:\/\/efip.ctu.edu.vn\/web\/faire-du-terrain-en-sciences-sociales\/#breadcrumb\",\"itemListElement\":[{\"@type\":\"ListItem\",\"position\":1,\"name\":\"Accueil\",\"item\":\"https:\/\/efip.ctu.edu.vn\/web\/\"},{\"@type\":\"ListItem\",\"position\":2,\"name\":\"Faire du terrain en Sciences Sociales\"}]},{\"@type\":\"WebSite\",\"@id\":\"https:\/\/efip.ctu.edu.vn\/web\/#website\",\"url\":\"https:\/\/efip.ctu.edu.vn\/web\/\",\"name\":\"EFIP de Can Tho\",\"description\":\"Espace Francophone d&#039;Innovation et de Partenariat\",\"publisher\":{\"@id\":\"https:\/\/efip.ctu.edu.vn\/web\/#organization\"},\"potentialAction\":[{\"@type\":\"SearchAction\",\"target\":{\"@type\":\"EntryPoint\",\"urlTemplate\":\"https:\/\/efip.ctu.edu.vn\/web\/?s={search_term_string}\"},\"query-input\":{\"@type\":\"PropertyValueSpecification\",\"valueRequired\":true,\"valueName\":\"search_term_string\"}}],\"inLanguage\":\"en-US\"},{\"@type\":\"Organization\",\"@id\":\"https:\/\/efip.ctu.edu.vn\/web\/#organization\",\"name\":\"EFIP\",\"url\":\"https:\/\/efip.ctu.edu.vn\/web\/\",\"logo\":{\"@type\":\"ImageObject\",\"inLanguage\":\"en-US\",\"@id\":\"https:\/\/efip.ctu.edu.vn\/web\/#\/schema\/logo\/image\/\",\"url\":\"https:\/\/efip.ctu.edu.vn\/web\/wp-content\/uploads\/2025\/05\/efip2-150x89-1.jpg\",\"contentUrl\":\"https:\/\/efip.ctu.edu.vn\/web\/wp-content\/uploads\/2025\/05\/efip2-150x89-1.jpg\",\"width\":150,\"height\":89,\"caption\":\"EFIP\"},\"image\":{\"@id\":\"https:\/\/efip.ctu.edu.vn\/web\/#\/schema\/logo\/image\/\"},\"sameAs\":[\"https:\/\/www.facebook.com\/efipCanTho\"]}]}<\/script>\n<!-- \/ Yoast SEO plugin. -->","yoast_head_json":{"title":"Webinaires - G\u00e9opolitique - Faire du terrain en Sciences Sociales - EFIP","description":"\u00ab Faire du terrain en sciences sociales \u00bb est un s\u00e9minaire m\u00e9thodologique organis\u00e9 avec le soutien de l'IRASEC, de l'universit\u00e9 de Van Lang, de l'universit\u00e9 de p\u00e9dagogie, de l'AUF et de l'ARC.","robots":{"index":"index","follow":"follow","max-snippet":"max-snippet:-1","max-image-preview":"max-image-preview:large","max-video-preview":"max-video-preview:-1"},"canonical":"https:\/\/efip.ctu.edu.vn\/web\/faire-du-terrain-en-sciences-sociales\/","og_locale":"en_US","og_type":"article","og_title":"Webinaires - G\u00e9opolitique - Faire du terrain en Sciences Sociales - EFIP","og_description":"\u00ab Faire du terrain en sciences sociales \u00bb est un s\u00e9minaire m\u00e9thodologique organis\u00e9 avec le soutien de l'IRASEC, de l'universit\u00e9 de Van Lang, de l'universit\u00e9 de p\u00e9dagogie, de l'AUF et de l'ARC.","og_url":"https:\/\/efip.ctu.edu.vn\/web\/faire-du-terrain-en-sciences-sociales\/","og_site_name":"EFIP","article_publisher":"https:\/\/www.facebook.com\/efipCanTho","article_modified_time":"2021-08-03T03:21:54+00:00","og_image":[{"width":1077,"height":789,"url":"https:\/\/efip.ctu.edu.vn\/web\/wp-content\/uploads\/2021\/08\/FaireDuTerrainEnSciencesSociales.png","type":"image\/png"}],"twitter_card":"summary_large_image","twitter_misc":{"Est. reading time":"2 minutes"},"schema":{"@context":"https:\/\/schema.org","@graph":[{"@type":"WebPage","@id":"https:\/\/efip.ctu.edu.vn\/web\/faire-du-terrain-en-sciences-sociales\/","url":"https:\/\/efip.ctu.edu.vn\/web\/faire-du-terrain-en-sciences-sociales\/","name":"Webinaires - G\u00e9opolitique - Faire du terrain en Sciences Sociales - EFIP","isPartOf":{"@id":"https:\/\/efip.ctu.edu.vn\/web\/#website"},"primaryImageOfPage":{"@id":"https:\/\/efip.ctu.edu.vn\/web\/faire-du-terrain-en-sciences-sociales\/#primaryimage"},"image":{"@id":"https:\/\/efip.ctu.edu.vn\/web\/faire-du-terrain-en-sciences-sociales\/#primaryimage"},"thumbnailUrl":"https:\/\/efip.ctu.edu.vn\/web\/wp-content\/uploads\/2021\/08\/FaireDuTerrainEnSciencesSociales.png","datePublished":"2021-08-03T03:21:53+00:00","dateModified":"2021-08-03T03:21:54+00:00","description":"\u00ab Faire du terrain en sciences sociales \u00bb est un s\u00e9minaire m\u00e9thodologique organis\u00e9 avec le soutien de l'IRASEC, de l'universit\u00e9 de Van Lang, de l'universit\u00e9 de p\u00e9dagogie, de l'AUF et de l'ARC.","breadcrumb":{"@id":"https:\/\/efip.ctu.edu.vn\/web\/faire-du-terrain-en-sciences-sociales\/#breadcrumb"},"inLanguage":"en-US","potentialAction":[{"@type":"ReadAction","target":["https:\/\/efip.ctu.edu.vn\/web\/faire-du-terrain-en-sciences-sociales\/"]}]},{"@type":"ImageObject","inLanguage":"en-US","@id":"https:\/\/efip.ctu.edu.vn\/web\/faire-du-terrain-en-sciences-sociales\/#primaryimage","url":"https:\/\/efip.ctu.edu.vn\/web\/wp-content\/uploads\/2021\/08\/FaireDuTerrainEnSciencesSociales.png","contentUrl":"https:\/\/efip.ctu.edu.vn\/web\/wp-content\/uploads\/2021\/08\/FaireDuTerrainEnSciencesSociales.png","width":1077,"height":789,"caption":"S\u00e9minaire Faire du Terrain en Sciences Sociales"},{"@type":"BreadcrumbList","@id":"https:\/\/efip.ctu.edu.vn\/web\/faire-du-terrain-en-sciences-sociales\/#breadcrumb","itemListElement":[{"@type":"ListItem","position":1,"name":"Accueil","item":"https:\/\/efip.ctu.edu.vn\/web\/"},{"@type":"ListItem","position":2,"name":"Faire du terrain en Sciences Sociales"}]},{"@type":"WebSite","@id":"https:\/\/efip.ctu.edu.vn\/web\/#website","url":"https:\/\/efip.ctu.edu.vn\/web\/","name":"EFIP de Can Tho","description":"Espace Francophone d&#039;Innovation et de Partenariat","publisher":{"@id":"https:\/\/efip.ctu.edu.vn\/web\/#organization"},"potentialAction":[{"@type":"SearchAction","target":{"@type":"EntryPoint","urlTemplate":"https:\/\/efip.ctu.edu.vn\/web\/?s={search_term_string}"},"query-input":{"@type":"PropertyValueSpecification","valueRequired":true,"valueName":"search_term_string"}}],"inLanguage":"en-US"},{"@type":"Organization","@id":"https:\/\/efip.ctu.edu.vn\/web\/#organization","name":"EFIP","url":"https:\/\/efip.ctu.edu.vn\/web\/","logo":{"@type":"ImageObject","inLanguage":"en-US","@id":"https:\/\/efip.ctu.edu.vn\/web\/#\/schema\/logo\/image\/","url":"https:\/\/efip.ctu.edu.vn\/web\/wp-content\/uploads\/2025\/05\/efip2-150x89-1.jpg","contentUrl":"https:\/\/efip.ctu.edu.vn\/web\/wp-content\/uploads\/2025\/05\/efip2-150x89-1.jpg","width":150,"height":89,"caption":"EFIP"},"image":{"@id":"https:\/\/efip.ctu.edu.vn\/web\/#\/schema\/logo\/image\/"},"sameAs":["https:\/\/www.facebook.com\/efipCanTho"]}]}},"_links":{"self":[{"href":"https:\/\/efip.ctu.edu.vn\/web\/wp-json\/wp\/v2\/pages\/3098","targetHints":{"allow":["GET"]}}],"collection":[{"href":"https:\/\/efip.ctu.edu.vn\/web\/wp-json\/wp\/v2\/pages"}],"about":[{"href":"https:\/\/efip.ctu.edu.vn\/web\/wp-json\/wp\/v2\/types\/page"}],"author":[{"embeddable":true,"href":"https:\/\/efip.ctu.edu.vn\/web\/wp-json\/wp\/v2\/users\/3"}],"replies":[{"embeddable":true,"href":"https:\/\/efip.ctu.edu.vn\/web\/wp-json\/wp\/v2\/comments?post=3098"}],"version-history":[{"count":1,"href":"https:\/\/efip.ctu.edu.vn\/web\/wp-json\/wp\/v2\/pages\/3098\/revisions"}],"predecessor-version":[{"id":3100,"href":"https:\/\/efip.ctu.edu.vn\/web\/wp-json\/wp\/v2\/pages\/3098\/revisions\/3100"}],"wp:featuredmedia":[{"embeddable":true,"href":"https:\/\/efip.ctu.edu.vn\/web\/wp-json\/wp\/v2\/media\/3099"}],"wp:attachment":[{"href":"https:\/\/efip.ctu.edu.vn\/web\/wp-json\/wp\/v2\/media?parent=3098"}],"curies":[{"name":"wp","href":"https:\/\/api.w.org\/{rel}","templated":true}]}}