{"id":2915,"date":"2021-06-22T10:21:49","date_gmt":"2021-06-22T03:21:49","guid":{"rendered":"https:\/\/efip.ctu.edu.vn\/web\/?page_id=2915"},"modified":"2025-05-03T09:16:37","modified_gmt":"2025-05-03T02:16:37","slug":"webinaires-e-learning-auf","status":"publish","type":"page","link":"https:\/\/efip.ctu.edu.vn\/web\/webinaires-e-learning-auf\/","title":{"rendered":"Webinaires E-learning AUF"},"content":{"rendered":"<div class=\"wp-block-image\">\n<figure class=\"aligncenter size-full\"><a href=\"https:\/\/efip.ctu.edu.vn\/web\/wp-content\/uploads\/2025\/05\/PlanRenforcementQualiteFormationsHybrides.png\"><img fetchpriority=\"high\" decoding=\"async\" width=\"940\" height=\"788\" src=\"https:\/\/efip.ctu.edu.vn\/web\/wp-content\/uploads\/2025\/05\/PlanRenforcementQualiteFormationsHybrides.png\" alt=\"\" class=\"wp-image-4367\" srcset=\"https:\/\/efip.ctu.edu.vn\/web\/wp-content\/uploads\/2025\/05\/PlanRenforcementQualiteFormationsHybrides.png 940w, https:\/\/efip.ctu.edu.vn\/web\/wp-content\/uploads\/2025\/05\/PlanRenforcementQualiteFormationsHybrides-300x251.png 300w, https:\/\/efip.ctu.edu.vn\/web\/wp-content\/uploads\/2025\/05\/PlanRenforcementQualiteFormationsHybrides-768x644.png 768w\" sizes=\"(max-width: 940px) 100vw, 940px\" \/><\/a><\/figure><\/div>\n\n\n<p>Dans le cade du plan d&#8217;accompagnement au renforcement de la qualit\u00e9 des formations hybrides ou \u00e0 distance 2021, l&#8217;AUF a organis\u00e9 une s\u00e9rie de webinaires d\u00e9di\u00e9s \u00e0 l&#8217;enseignement hybride ou \u00e0 distance, intitul\u00e9e Webinaires E-learning AUF.<\/p>\n\n\n\n<p>Les objectifs de cette s\u00e9rie de webinaires E-learning AUF \u00e9taient de :<\/p>\n\n\n\n<ul class=\"wp-block-list\">\n<li>Approfondir les sujets de sensibilisation du \u00ab Plan d\u2019accompagnement \u00e0 am\u00e9liorer la qualit\u00e9 des formations hybrides et \u00e0 distance dans les universit\u00e9s \u00bb en 2020 ;\u00a0<\/li>\n\n\n\n<li>Consolider les th\u00e9matiques de formation intensive aux pratiques d\u2019enseignement hybrides et \u00e0 distance, en ad\u00e9quation avec le niveau d\u2019exp\u00e9riences du public cible dans chaque pays\u202f;\u00a0<\/li>\n\n\n\n<li>Pr\u00e9parer les conditions n\u00e9cessaires pour aider les \u00e9tablissements membres de l\u2019AUF dans la r\u00e9gion \u00e0 d\u00e9velopper ou consolider leurs projets de mise en place des formations hybrides ou \u00e0 distance.\u00a0<\/li>\n<\/ul>\n\n\n\n<p>Il s&#8217;agit de 5 webinaires en vietnamien ou en fran\u00e7ais :<\/p>\n\n\n\n<ul class=\"wp-block-list\">\n<li>E1\u00a0<strong>\u00ab\u202f\u00c9valuation des apprentissages en ligne : des principes m\u00e9thodologiques aux outils pratiques\u202f\u00bb<\/strong> &#8211; 3 juin 2021\u00a0, page 1.<\/li>\n\n\n\n<li>E2\u00a0<strong>\u00ab\u202fEnseigner \u00e0 distance avec la classe invers\u00e9e\u202f\u00bb<\/strong> &#8211; 10 juin 2021\u00a0, <a href=\"https:\/\/efip.ctu.edu.vn\/web\/webinaires-e-learning-auf\/2\">page 2<\/a>.<\/li>\n\n\n\n<li>E3\u00a0<strong>\u00ab\u202fAnimation des activit\u00e9s p\u00e9dagogiques dans une classe virtuelle\u202f\u00bb<\/strong>\u00a0&#8211; 16 juin 2021, <a href=\"https:\/\/efip.ctu.edu.vn\/web\/webinaires-e-learning-auf\/3\">page 3<\/a>.<\/li>\n\n\n\n<li>E4\u00a0<strong>\u00ab\u202fM\u00e9thode de conception d\u2019un cours en ligne\u202f\u00bb<\/strong> &#8211; 24 juin 2021, <a href=\"https:\/\/efip.ctu.edu.vn\/web\/webinaires-e-learning-auf\/4\">page 4<\/a>.<\/li>\n\n\n\n<li>D1\u00a0<strong>\u00ab\u202fEnjeux de la production de ressources num\u00e9riques pour la formation hybride ou \u00e0 distance\u202f\u00bb<\/strong>\u00a017 juin 2021, <a href=\"https:\/\/efip.ctu.edu.vn\/web\/webinaires-e-learning-auf\/5\">page 5<\/a>.<\/li>\n<\/ul>\n\n\n\n<hr class=\"wp-block-separator has-css-opacity\"\/>\n\n\n\n<h4 class=\"wp-block-heading has-vivid-purple-color has-text-color\">E1&nbsp;<strong>\u00ab\u202f\u00c9valuation des apprentissages en ligne : des principes m\u00e9thodologiques aux outils pratiques\u202f\u00bb<\/strong><\/h4>\n\n\n\n<p><strong>Intervenants\u202f: <\/strong>M. NGUYEN Tan Dai (AUF), M. TANG Ba Hoang (Univ. Hanoi), M. NGUYEN Huu Binh (Univ. Danang), ?M. NGO Ba Hung (Univ. Can Tho), M. VO Viet Minh Nhat (Univ. Hue).<\/p>\n\n\n\n<figure class=\"wp-block-embed is-type-video is-provider-youtube wp-block-embed-youtube wp-embed-aspect-16-9 wp-has-aspect-ratio\"><div class=\"wp-block-embed__wrapper\">\n<iframe title=\"E-learning AUF : E1.1 \u2013 \u00c9valuation des apprentissages en ligne\" width=\"660\" height=\"371\" src=\"https:\/\/www.youtube.com\/embed\/ZFOec1FMEMc?feature=oembed\" frameborder=\"0\" allow=\"accelerometer; autoplay; clipboard-write; encrypted-media; gyroscope; picture-in-picture; web-share\" referrerpolicy=\"strict-origin-when-cross-origin\" allowfullscreen><\/iframe>\n<\/div><\/figure>\n\n\n\n<p>E-learning AUF: B\u00e1o c\u00e1o E1.1 \u201c\u0110\u00e1nh gi\u00e1 ho\u1ea1t \u0111\u1ed9ng h\u1ecdc t\u1eadp tr\u1ef1c tuy\u1ebfn\u201d<\/p>\n\n\n\n<figure class=\"wp-block-embed is-type-video is-provider-youtube wp-block-embed-youtube wp-embed-aspect-16-9 wp-has-aspect-ratio\"><div class=\"wp-block-embed__wrapper\">\n<iframe title=\"E-learning AUF : E1.2 \u2013 \u00c9valuation des apprentissages des langues \u00e9trang\u00e8res en ligne\" width=\"660\" height=\"371\" src=\"https:\/\/www.youtube.com\/embed\/yQrumwVj6M8?feature=oembed\" frameborder=\"0\" allow=\"accelerometer; autoplay; clipboard-write; encrypted-media; gyroscope; picture-in-picture; web-share\" referrerpolicy=\"strict-origin-when-cross-origin\" allowfullscreen><\/iframe>\n<\/div><\/figure>\n\n\n\n<p>E-learning AUF: B\u00e1o c\u00e1o E1.2 \u201cKi\u1ec3m tra \u0111\u00e1nh gi\u00e1 trong d\u1ea1y h\u1ecdc ngo\u1ea1i ng\u1eef\u201d &#8211; Nguy\u1ec5n H\u1eefu B\u00ecnh<\/p>\n\n\n\n<figure class=\"wp-block-embed is-type-video is-provider-youtube wp-block-embed-youtube wp-embed-aspect-16-9 wp-has-aspect-ratio\"><div class=\"wp-block-embed__wrapper\">\n<iframe title=\"E-learning AUF: E1.3 \u2013 Exp\u00e9rience dans le choix du formulaire en ligne pour l&#039;examen final\" width=\"660\" height=\"371\" src=\"https:\/\/www.youtube.com\/embed\/rKxMFP8E5c4?feature=oembed\" frameborder=\"0\" allow=\"accelerometer; autoplay; clipboard-write; encrypted-media; gyroscope; picture-in-picture; web-share\" referrerpolicy=\"strict-origin-when-cross-origin\" allowfullscreen><\/iframe>\n<\/div><\/figure>\n\n\n\n<p>E-learning AUF: B\u00e1o c\u00e1o E1.3 \u201cL\u1ef1a ch\u1ecdn h\u00ecnh th\u1ee9c thi k\u1ebft th\u00fac h\u1ecdc ph\u1ea7n tr\u1ef1c tuy\u1ebfn\u201d &#8211; T\u0103ng B\u00e1 Ho\u00e0ng<\/p>\n\n\n\n<figure class=\"wp-block-embed is-type-video is-provider-youtube wp-block-embed-youtube wp-embed-aspect-16-9 wp-has-aspect-ratio\"><div class=\"wp-block-embed__wrapper\">\n<iframe title=\"E-learning AUF : E1.4 \u2013 \u00c9tude de cas sur l&#039;examen en ligne dans la technologie de l&#039;information (TI)\" width=\"660\" height=\"371\" src=\"https:\/\/www.youtube.com\/embed\/6vC1VKdxDE0?feature=oembed\" frameborder=\"0\" allow=\"accelerometer; autoplay; clipboard-write; encrypted-media; gyroscope; picture-in-picture; web-share\" referrerpolicy=\"strict-origin-when-cross-origin\" allowfullscreen><\/iframe>\n<\/div><\/figure>\n\n\n\n<p>E-learning AUF: B\u00e1o c\u00e1o E1.4 \u201cM\u1ed9t s\u1ed1 tr\u01b0\u1eddng h\u1ee3p ki\u1ec3m tra tr\u1ef1c tuy\u1ebfn ng\u00e0nh CNTT\u201d &#8211; Ng\u00f4 B\u00e1 H\u00f9ng<\/p>\n\n\n\n<figure class=\"wp-block-embed is-type-video is-provider-youtube wp-block-embed-youtube wp-embed-aspect-16-9 wp-has-aspect-ratio\"><div class=\"wp-block-embed__wrapper\">\n<iframe title=\"E-learning AUF : E1.5 \u2013 D\u00e9bat sur l&#039;examen final en ligne\" width=\"660\" height=\"371\" src=\"https:\/\/www.youtube.com\/embed\/hceEGJLxCgM?feature=oembed\" frameborder=\"0\" allow=\"accelerometer; autoplay; clipboard-write; encrypted-media; gyroscope; picture-in-picture; web-share\" referrerpolicy=\"strict-origin-when-cross-origin\" allowfullscreen><\/iframe>\n<\/div><\/figure>\n\n\n\n<p>E-learning AUF: B\u00e1o c\u00e1o E1.5 \u201cThi k\u1ebft th\u00fac h\u1ecdc ph\u1ea7n tr\u1ef1c tuy\u1ebfn t\u1ea1i \u0110H Hu\u1ebf\u201d &#8211; V\u00f5 Vi\u1ebft Minh Nh\u1eadt<\/p>\n\n\n\n<figure class=\"wp-block-embed is-type-video is-provider-youtube wp-block-embed-youtube wp-embed-aspect-16-9 wp-has-aspect-ratio\"><div class=\"wp-block-embed__wrapper\">\n<iframe title=\"E-learning AUF: E1.6 - Discussion\" width=\"660\" height=\"371\" src=\"https:\/\/www.youtube.com\/embed\/TY3yzkWd6qY?feature=oembed\" frameborder=\"0\" allow=\"accelerometer; autoplay; clipboard-write; encrypted-media; gyroscope; picture-in-picture; web-share\" referrerpolicy=\"strict-origin-when-cross-origin\" allowfullscreen><\/iframe>\n<\/div><\/figure>\n\n\n\n<p>E-learning AUF: Th\u1ea3o lu\u1eadn h\u1ecfi \u0111\u00e1p webinar \u201cKi\u1ec3m tra \u0111\u00e1nh gi\u00e1 ho\u1ea1t \u0111\u1ed9ng h\u1ecdc t\u1eadp tr\u1ef1c tuy\u1ebfn\u201d<\/p>\n\n\n\n<figure class=\"wp-block-embed is-type-video is-provider-youtube wp-block-embed-youtube wp-embed-aspect-16-9 wp-has-aspect-ratio\"><div class=\"wp-block-embed__wrapper\">\n<iframe title=\"E-learning AUF: Ph\u00e1t bi\u1ec3u m\u1edf \u0111\u1ea7u webinar \u201cKi\u1ec3m tra \u0111\u00e1nh gi\u00e1 ho\u1ea1t \u0111\u1ed9ng h\u1ecdc t\u1eadp tr\u1ef1c tuy\u1ebfn\u201d\" width=\"660\" height=\"371\" src=\"https:\/\/www.youtube.com\/embed\/7NVouqqdIcw?feature=oembed\" frameborder=\"0\" allow=\"accelerometer; autoplay; clipboard-write; encrypted-media; gyroscope; picture-in-picture; web-share\" referrerpolicy=\"strict-origin-when-cross-origin\" allowfullscreen><\/iframe>\n<\/div><\/figure>\n\n\n\n<p>Discussions et questions autour du webinaire E1<\/p>\n\n\n\n<p><em>Cliquez sur la page suivante pour voir le prochain webinaire.<\/em><\/p>\n\n\n\n<!--nextpage-->\n\n\n\n<h4 class=\"wp-block-heading has-vivid-purple-color has-text-color\">E2&nbsp;<strong>\u00ab\u202fEnseigner \u00e0 distance avec la classe invers\u00e9e\u202f\u00bb<\/strong>&nbsp;<\/h4>\n\n\n\n<p>Intervenant : Mokhtar Ben Henda, ISIC, Universit\u00e9 de Bordeaux Montaigne, France.<\/p>\n\n\n\n<figure class=\"wp-block-embed is-type-video is-provider-youtube wp-block-embed-youtube wp-embed-aspect-16-9 wp-has-aspect-ratio\"><div class=\"wp-block-embed__wrapper\">\n<iframe title=\"E-learning AUF : Webinaire E2 \u2013 Enseigner \u00e0 distance avec la classe invers\u00e9e\" width=\"660\" height=\"371\" src=\"https:\/\/www.youtube.com\/embed\/Pgmmgmc2yxI?feature=oembed\" frameborder=\"0\" allow=\"accelerometer; autoplay; clipboard-write; encrypted-media; gyroscope; picture-in-picture; web-share\" referrerpolicy=\"strict-origin-when-cross-origin\" allowfullscreen><\/iframe>\n<\/div><\/figure>\n\n\n\n<p>Webinaire E2 &#8220;Enseigner \u00e0 distance avec la classe invers\u00e9e.<\/p>\n\n\n\n<figure class=\"wp-block-embed is-type-video is-provider-youtube wp-block-embed-youtube wp-embed-aspect-16-9 wp-has-aspect-ratio\"><div class=\"wp-block-embed__wrapper\">\n<iframe title=\"E-learning AUF : Webinaire E2 \u2013 Discussion\" width=\"660\" height=\"371\" src=\"https:\/\/www.youtube.com\/embed\/J7qMJxQj2hk?feature=oembed\" frameborder=\"0\" allow=\"accelerometer; autoplay; clipboard-write; encrypted-media; gyroscope; picture-in-picture; web-share\" referrerpolicy=\"strict-origin-when-cross-origin\" allowfullscreen><\/iframe>\n<\/div><\/figure>\n\n\n\n<p>Discussions et questions autour du webinaire E2 &#8220;Enseigner \u00e0 distance avec la classe invers\u00e9e&#8221;.<\/p>\n\n\n\n<p><em>Cliquez sur la page suivante pour voir le prochain webinaire.<\/em><\/p>\n\n\n\n<!--nextpage-->\n\n\n\n<h4 class=\"wp-block-heading has-vivid-purple-color has-text-color\">E3&nbsp;<strong>\u00ab\u202fAnimation des activit\u00e9s p\u00e9dagogiques dans une classe virtuelle\u202f\u00bb<\/strong><\/h4>\n\n\n\n<iframe src=\"https:\/\/www.facebook.com\/plugins\/video.php?height=314&#038;href=https{5cef8cb26ec0cf0cbc2bf93f1561460fb5a03d2eaee977874fea98e9d15bcda9}3A{5cef8cb26ec0cf0cbc2bf93f1561460fb5a03d2eaee977874fea98e9d15bcda9}2F{5cef8cb26ec0cf0cbc2bf93f1561460fb5a03d2eaee977874fea98e9d15bcda9}2Fwww.facebook.com{5cef8cb26ec0cf0cbc2bf93f1561460fb5a03d2eaee977874fea98e9d15bcda9}2FAufCambodge{5cef8cb26ec0cf0cbc2bf93f1561460fb5a03d2eaee977874fea98e9d15bcda9}2Fvideos{5cef8cb26ec0cf0cbc2bf93f1561460fb5a03d2eaee977874fea98e9d15bcda9}2F341565394021348{5cef8cb26ec0cf0cbc2bf93f1561460fb5a03d2eaee977874fea98e9d15bcda9}2F&#038;show_text=false&#038;width=560&#038;t=0\" width=\"560\" height=\"314\" style=\"border:none;overflow:hidden\" scrolling=\"no\" frameborder=\"0\" allowfullscreen=\"true\" allow=\"autoplay; clipboard-write; encrypted-media; picture-in-picture; web-share\" allowFullScreen=\"true\"><\/iframe>\n\n\n\n<p>Intervenant :&nbsp;<strong>Mokhtar Ben Henda<\/strong>, ISIC, Universit\u00e9 de Bordeaux Montaigne,&nbsp;France.<\/p>\n\n\n\n<p><em>Cliquez sur la page suivante pour voir le prochain webinaire.<\/em><\/p>\n\n\n\n<!--nextpage-->\n\n\n\n<h4 class=\"wp-block-heading has-vivid-purple-color has-text-color\"><strong>E4&nbsp;\u00ab\u202fM\u00e9thode de conception d\u2019un cours en ligne\u202f\u00bb<\/strong><\/h4>\n\n\n\n<iframe src=\"https:\/\/www.facebook.com\/plugins\/video.php?height=314&#038;href=https{5cef8cb26ec0cf0cbc2bf93f1561460fb5a03d2eaee977874fea98e9d15bcda9}3A{5cef8cb26ec0cf0cbc2bf93f1561460fb5a03d2eaee977874fea98e9d15bcda9}2F{5cef8cb26ec0cf0cbc2bf93f1561460fb5a03d2eaee977874fea98e9d15bcda9}2Fwww.facebook.com{5cef8cb26ec0cf0cbc2bf93f1561460fb5a03d2eaee977874fea98e9d15bcda9}2FAUF.asie.pacifique{5cef8cb26ec0cf0cbc2bf93f1561460fb5a03d2eaee977874fea98e9d15bcda9}2Fvideos{5cef8cb26ec0cf0cbc2bf93f1561460fb5a03d2eaee977874fea98e9d15bcda9}2F153368510083061{5cef8cb26ec0cf0cbc2bf93f1561460fb5a03d2eaee977874fea98e9d15bcda9}2F&#038;show_text=false&#038;width=560&#038;t=0\" width=\"560\" height=\"314\" style=\"border:none;overflow:hidden\" scrolling=\"no\" frameborder=\"0\" allowfullscreen=\"true\" allow=\"autoplay; clipboard-write; encrypted-media; picture-in-picture; web-share\" allowFullScreen=\"true\"><\/iframe>\n\n\n\n<p>Intervenant : Abdelkrim Jebbour, Gestionnaire \u00e0 l&#8217;ing\u00e9nierie p\u00e9dagogique, Coll\u00e8ge communautaire du Nouveau Brunswick, Canada.<\/p>\n\n\n\n<p><em>Cliquez sur la page suivante pour voir le prochain webinaire.<\/em><\/p>\n\n\n\n<!--nextpage-->\n\n\n\n<h4 class=\"wp-block-heading has-vivid-purple-color has-text-color\">D1&nbsp;<strong>\u00ab\u202fEnjeux de la production de ressources num\u00e9riques pour la formation hybride ou \u00e0 distance\u202f\u00bb<\/strong><\/h4>\n\n\n\n<iframe src=\"https:\/\/www.facebook.com\/plugins\/video.php?height=314&#038;href=https{5cef8cb26ec0cf0cbc2bf93f1561460fb5a03d2eaee977874fea98e9d15bcda9}3A{5cef8cb26ec0cf0cbc2bf93f1561460fb5a03d2eaee977874fea98e9d15bcda9}2F{5cef8cb26ec0cf0cbc2bf93f1561460fb5a03d2eaee977874fea98e9d15bcda9}2Fwww.facebook.com{5cef8cb26ec0cf0cbc2bf93f1561460fb5a03d2eaee977874fea98e9d15bcda9}2FAUF.asie.pacifique{5cef8cb26ec0cf0cbc2bf93f1561460fb5a03d2eaee977874fea98e9d15bcda9}2Fvideos{5cef8cb26ec0cf0cbc2bf93f1561460fb5a03d2eaee977874fea98e9d15bcda9}2F522846522092233{5cef8cb26ec0cf0cbc2bf93f1561460fb5a03d2eaee977874fea98e9d15bcda9}2F&#038;show_text=false&#038;width=560&#038;t=0\" width=\"560\" height=\"314\" style=\"border:none;overflow:hidden\" scrolling=\"no\" frameborder=\"0\" allowfullscreen=\"true\" allow=\"autoplay; clipboard-write; encrypted-media; picture-in-picture; web-share\" allowFullScreen=\"true\"><\/iframe>\n\n\n\n<p>Intervenant\u202f:&nbsp;<strong>Pr Pascal Marquet<\/strong>, Directeur adjoint de l\u2019INSP\u00c9, Universit\u00e9 de Strasbourg, France.<\/p>\n","protected":false},"excerpt":{"rendered":"<p>Dans le cade du plan d&#8217;accompagnement au renforcement de la qualit\u00e9 des formations hybrides ou \u00e0 distance 2021, l&#8217;AUF a &hellip; <br \/><a href=\"https:\/\/efip.ctu.edu.vn\/web\/webinaires-e-learning-auf\/\" class=\"more-link\">Continue reading <span class=\"screen-reader-text\">Webinaires E-learning AUF<\/span><\/a><\/p>\n","protected":false},"author":3,"featured_media":4367,"parent":0,"menu_order":0,"comment_status":"closed","ping_status":"closed","template":"","meta":{"footnotes":""},"class_list":["post-2915","page","type-page","status-publish","has-post-thumbnail","hentry"],"yoast_head":"<!-- This site is optimized with the Yoast SEO plugin v25.0 - https:\/\/yoast.com\/wordpress\/plugins\/seo\/ -->\n<title>{5cef8cb26ec0cf0cbc2bf93f1561460fb5a03d2eaee977874fea98e9d15bcda9}{5cef8cb26ec0cf0cbc2bf93f1561460fb5a03d2eaee977874fea98e9d15bcda9}title{5cef8cb26ec0cf0cbc2bf93f1561460fb5a03d2eaee977874fea98e9d15bcda9}{5cef8cb26ec0cf0cbc2bf93f1561460fb5a03d2eaee977874fea98e9d15bcda9} {5cef8cb26ec0cf0cbc2bf93f1561460fb5a03d2eaee977874fea98e9d15bcda9}{5cef8cb26ec0cf0cbc2bf93f1561460fb5a03d2eaee977874fea98e9d15bcda9}page{5cef8cb26ec0cf0cbc2bf93f1561460fb5a03d2eaee977874fea98e9d15bcda9}{5cef8cb26ec0cf0cbc2bf93f1561460fb5a03d2eaee977874fea98e9d15bcda9} {5cef8cb26ec0cf0cbc2bf93f1561460fb5a03d2eaee977874fea98e9d15bcda9}{5cef8cb26ec0cf0cbc2bf93f1561460fb5a03d2eaee977874fea98e9d15bcda9}sep{5cef8cb26ec0cf0cbc2bf93f1561460fb5a03d2eaee977874fea98e9d15bcda9}{5cef8cb26ec0cf0cbc2bf93f1561460fb5a03d2eaee977874fea98e9d15bcda9} {5cef8cb26ec0cf0cbc2bf93f1561460fb5a03d2eaee977874fea98e9d15bcda9}{5cef8cb26ec0cf0cbc2bf93f1561460fb5a03d2eaee977874fea98e9d15bcda9}sitename{5cef8cb26ec0cf0cbc2bf93f1561460fb5a03d2eaee977874fea98e9d15bcda9}{5cef8cb26ec0cf0cbc2bf93f1561460fb5a03d2eaee977874fea98e9d15bcda9} de Can Tho<\/title>\n<meta name=\"description\" content=\"S\u00e9rie de webinaires E-learning AUF d\u00e9di\u00e9e \u00e0 l&#039;enseignement hybride ou \u00e0 distance qui a eu lieu du 3 juin au 24 juin 2021.\" \/>\n<meta name=\"robots\" content=\"index, follow, max-snippet:-1, max-image-preview:large, max-video-preview:-1\" \/>\n<link rel=\"canonical\" href=\"https:\/\/efip.ctu.edu.vn\/web\/webinaires-e-learning-auf\/\" \/>\n<link rel=\"next\" href=\"https:\/\/efip.ctu.edu.vn\/web\/webinaires-e-learning-auf\/2\/\" \/>\n<meta property=\"og:locale\" content=\"en_US\" \/>\n<meta property=\"og:type\" content=\"article\" \/>\n<meta property=\"og:title\" content=\"{5cef8cb26ec0cf0cbc2bf93f1561460fb5a03d2eaee977874fea98e9d15bcda9}{5cef8cb26ec0cf0cbc2bf93f1561460fb5a03d2eaee977874fea98e9d15bcda9}title{5cef8cb26ec0cf0cbc2bf93f1561460fb5a03d2eaee977874fea98e9d15bcda9}{5cef8cb26ec0cf0cbc2bf93f1561460fb5a03d2eaee977874fea98e9d15bcda9} {5cef8cb26ec0cf0cbc2bf93f1561460fb5a03d2eaee977874fea98e9d15bcda9}{5cef8cb26ec0cf0cbc2bf93f1561460fb5a03d2eaee977874fea98e9d15bcda9}page{5cef8cb26ec0cf0cbc2bf93f1561460fb5a03d2eaee977874fea98e9d15bcda9}{5cef8cb26ec0cf0cbc2bf93f1561460fb5a03d2eaee977874fea98e9d15bcda9} {5cef8cb26ec0cf0cbc2bf93f1561460fb5a03d2eaee977874fea98e9d15bcda9}{5cef8cb26ec0cf0cbc2bf93f1561460fb5a03d2eaee977874fea98e9d15bcda9}sep{5cef8cb26ec0cf0cbc2bf93f1561460fb5a03d2eaee977874fea98e9d15bcda9}{5cef8cb26ec0cf0cbc2bf93f1561460fb5a03d2eaee977874fea98e9d15bcda9} {5cef8cb26ec0cf0cbc2bf93f1561460fb5a03d2eaee977874fea98e9d15bcda9}{5cef8cb26ec0cf0cbc2bf93f1561460fb5a03d2eaee977874fea98e9d15bcda9}sitename{5cef8cb26ec0cf0cbc2bf93f1561460fb5a03d2eaee977874fea98e9d15bcda9}{5cef8cb26ec0cf0cbc2bf93f1561460fb5a03d2eaee977874fea98e9d15bcda9} de Can Tho\" \/>\n<meta property=\"og:description\" content=\"S\u00e9rie de webinaires E-learning AUF d\u00e9di\u00e9e \u00e0 l&#039;enseignement hybride ou \u00e0 distance qui a eu lieu du 3 juin au 24 juin 2021.\" \/>\n<meta property=\"og:url\" content=\"https:\/\/efip.ctu.edu.vn\/web\/webinaires-e-learning-auf\/\" \/>\n<meta property=\"og:site_name\" content=\"EFIP\" \/>\n<meta property=\"article:publisher\" content=\"https:\/\/www.facebook.com\/efipCanTho\" \/>\n<meta property=\"article:modified_time\" content=\"2025-05-03T02:16:37+00:00\" \/>\n<meta property=\"og:image\" content=\"https:\/\/efip.ctu.edu.vn\/web\/wp-content\/uploads\/2021\/06\/PlanRenforcementQualiteFormationsHybrides.png\" \/>\n\t<meta property=\"og:image:width\" content=\"940\" \/>\n\t<meta property=\"og:image:height\" content=\"788\" \/>\n\t<meta property=\"og:image:type\" content=\"image\/png\" \/>\n<meta name=\"twitter:card\" content=\"summary_large_image\" \/>\n<meta name=\"twitter:label1\" content=\"Est. reading time\" \/>\n\t<meta name=\"twitter:data1\" content=\"3 minutes\" \/>\n<script type=\"application\/ld+json\" class=\"yoast-schema-graph\">{\"@context\":\"https:\/\/schema.org\",\"@graph\":[{\"@type\":\"WebPage\",\"@id\":\"https:\/\/efip.ctu.edu.vn\/web\/webinaires-e-learning-auf\/\",\"url\":\"https:\/\/efip.ctu.edu.vn\/web\/webinaires-e-learning-auf\/\",\"name\":\"{5cef8cb26ec0cf0cbc2bf93f1561460fb5a03d2eaee977874fea98e9d15bcda9}{5cef8cb26ec0cf0cbc2bf93f1561460fb5a03d2eaee977874fea98e9d15bcda9}title{5cef8cb26ec0cf0cbc2bf93f1561460fb5a03d2eaee977874fea98e9d15bcda9}{5cef8cb26ec0cf0cbc2bf93f1561460fb5a03d2eaee977874fea98e9d15bcda9} {5cef8cb26ec0cf0cbc2bf93f1561460fb5a03d2eaee977874fea98e9d15bcda9}{5cef8cb26ec0cf0cbc2bf93f1561460fb5a03d2eaee977874fea98e9d15bcda9}page{5cef8cb26ec0cf0cbc2bf93f1561460fb5a03d2eaee977874fea98e9d15bcda9}{5cef8cb26ec0cf0cbc2bf93f1561460fb5a03d2eaee977874fea98e9d15bcda9} {5cef8cb26ec0cf0cbc2bf93f1561460fb5a03d2eaee977874fea98e9d15bcda9}{5cef8cb26ec0cf0cbc2bf93f1561460fb5a03d2eaee977874fea98e9d15bcda9}sep{5cef8cb26ec0cf0cbc2bf93f1561460fb5a03d2eaee977874fea98e9d15bcda9}{5cef8cb26ec0cf0cbc2bf93f1561460fb5a03d2eaee977874fea98e9d15bcda9} {5cef8cb26ec0cf0cbc2bf93f1561460fb5a03d2eaee977874fea98e9d15bcda9}{5cef8cb26ec0cf0cbc2bf93f1561460fb5a03d2eaee977874fea98e9d15bcda9}sitename{5cef8cb26ec0cf0cbc2bf93f1561460fb5a03d2eaee977874fea98e9d15bcda9}{5cef8cb26ec0cf0cbc2bf93f1561460fb5a03d2eaee977874fea98e9d15bcda9} de Can Tho\",\"isPartOf\":{\"@id\":\"https:\/\/efip.ctu.edu.vn\/web\/#website\"},\"primaryImageOfPage\":{\"@id\":\"https:\/\/efip.ctu.edu.vn\/web\/webinaires-e-learning-auf\/#primaryimage\"},\"image\":{\"@id\":\"https:\/\/efip.ctu.edu.vn\/web\/webinaires-e-learning-auf\/#primaryimage\"},\"thumbnailUrl\":\"https:\/\/efip.ctu.edu.vn\/web\/wp-content\/uploads\/2025\/05\/PlanRenforcementQualiteFormationsHybrides.png\",\"datePublished\":\"2021-06-22T03:21:49+00:00\",\"dateModified\":\"2025-05-03T02:16:37+00:00\",\"description\":\"S\u00e9rie de webinaires E-learning AUF d\u00e9di\u00e9e \u00e0 l'enseignement hybride ou \u00e0 distance qui a eu lieu du 3 juin au 24 juin 2021.\",\"inLanguage\":\"en-US\",\"potentialAction\":[{\"@type\":\"ReadAction\",\"target\":[\"https:\/\/efip.ctu.edu.vn\/web\/webinaires-e-learning-auf\/\"]}]},{\"@type\":\"ImageObject\",\"inLanguage\":\"en-US\",\"@id\":\"https:\/\/efip.ctu.edu.vn\/web\/webinaires-e-learning-auf\/#primaryimage\",\"url\":\"https:\/\/efip.ctu.edu.vn\/web\/wp-content\/uploads\/2025\/05\/PlanRenforcementQualiteFormationsHybrides.png\",\"contentUrl\":\"https:\/\/efip.ctu.edu.vn\/web\/wp-content\/uploads\/2025\/05\/PlanRenforcementQualiteFormationsHybrides.png\",\"width\":940,\"height\":788},{\"@type\":\"WebSite\",\"@id\":\"https:\/\/efip.ctu.edu.vn\/web\/#website\",\"url\":\"https:\/\/efip.ctu.edu.vn\/web\/\",\"name\":\"EFIP de Can Tho\",\"description\":\"Espace Francophone d&#039;Innovation et de Partenariat\",\"publisher\":{\"@id\":\"https:\/\/efip.ctu.edu.vn\/web\/#organization\"},\"potentialAction\":[{\"@type\":\"SearchAction\",\"target\":{\"@type\":\"EntryPoint\",\"urlTemplate\":\"https:\/\/efip.ctu.edu.vn\/web\/?s={search_term_string}\"},\"query-input\":{\"@type\":\"PropertyValueSpecification\",\"valueRequired\":true,\"valueName\":\"search_term_string\"}}],\"inLanguage\":\"en-US\"},{\"@type\":\"Organization\",\"@id\":\"https:\/\/efip.ctu.edu.vn\/web\/#organization\",\"name\":\"EFIP\",\"url\":\"https:\/\/efip.ctu.edu.vn\/web\/\",\"logo\":{\"@type\":\"ImageObject\",\"inLanguage\":\"en-US\",\"@id\":\"https:\/\/efip.ctu.edu.vn\/web\/#\/schema\/logo\/image\/\",\"url\":\"https:\/\/efip.ctu.edu.vn\/web\/wp-content\/uploads\/2025\/05\/efip2-150x89-1.jpg\",\"contentUrl\":\"https:\/\/efip.ctu.edu.vn\/web\/wp-content\/uploads\/2025\/05\/efip2-150x89-1.jpg\",\"width\":150,\"height\":89,\"caption\":\"EFIP\"},\"image\":{\"@id\":\"https:\/\/efip.ctu.edu.vn\/web\/#\/schema\/logo\/image\/\"},\"sameAs\":[\"https:\/\/www.facebook.com\/efipCanTho\"]}]}<\/script>\n<!-- \/ Yoast SEO plugin. -->","yoast_head_json":{"title":"{5cef8cb26ec0cf0cbc2bf93f1561460fb5a03d2eaee977874fea98e9d15bcda9}{5cef8cb26ec0cf0cbc2bf93f1561460fb5a03d2eaee977874fea98e9d15bcda9}title{5cef8cb26ec0cf0cbc2bf93f1561460fb5a03d2eaee977874fea98e9d15bcda9}{5cef8cb26ec0cf0cbc2bf93f1561460fb5a03d2eaee977874fea98e9d15bcda9} {5cef8cb26ec0cf0cbc2bf93f1561460fb5a03d2eaee977874fea98e9d15bcda9}{5cef8cb26ec0cf0cbc2bf93f1561460fb5a03d2eaee977874fea98e9d15bcda9}page{5cef8cb26ec0cf0cbc2bf93f1561460fb5a03d2eaee977874fea98e9d15bcda9}{5cef8cb26ec0cf0cbc2bf93f1561460fb5a03d2eaee977874fea98e9d15bcda9} {5cef8cb26ec0cf0cbc2bf93f1561460fb5a03d2eaee977874fea98e9d15bcda9}{5cef8cb26ec0cf0cbc2bf93f1561460fb5a03d2eaee977874fea98e9d15bcda9}sep{5cef8cb26ec0cf0cbc2bf93f1561460fb5a03d2eaee977874fea98e9d15bcda9}{5cef8cb26ec0cf0cbc2bf93f1561460fb5a03d2eaee977874fea98e9d15bcda9} {5cef8cb26ec0cf0cbc2bf93f1561460fb5a03d2eaee977874fea98e9d15bcda9}{5cef8cb26ec0cf0cbc2bf93f1561460fb5a03d2eaee977874fea98e9d15bcda9}sitename{5cef8cb26ec0cf0cbc2bf93f1561460fb5a03d2eaee977874fea98e9d15bcda9}{5cef8cb26ec0cf0cbc2bf93f1561460fb5a03d2eaee977874fea98e9d15bcda9} de Can Tho","description":"S\u00e9rie de webinaires E-learning AUF d\u00e9di\u00e9e \u00e0 l'enseignement hybride ou \u00e0 distance qui a eu lieu du 3 juin au 24 juin 2021.","robots":{"index":"index","follow":"follow","max-snippet":"max-snippet:-1","max-image-preview":"max-image-preview:large","max-video-preview":"max-video-preview:-1"},"canonical":"https:\/\/efip.ctu.edu.vn\/web\/webinaires-e-learning-auf\/","next":"https:\/\/efip.ctu.edu.vn\/web\/webinaires-e-learning-auf\/2\/","og_locale":"en_US","og_type":"article","og_title":"{5cef8cb26ec0cf0cbc2bf93f1561460fb5a03d2eaee977874fea98e9d15bcda9}{5cef8cb26ec0cf0cbc2bf93f1561460fb5a03d2eaee977874fea98e9d15bcda9}title{5cef8cb26ec0cf0cbc2bf93f1561460fb5a03d2eaee977874fea98e9d15bcda9}{5cef8cb26ec0cf0cbc2bf93f1561460fb5a03d2eaee977874fea98e9d15bcda9} {5cef8cb26ec0cf0cbc2bf93f1561460fb5a03d2eaee977874fea98e9d15bcda9}{5cef8cb26ec0cf0cbc2bf93f1561460fb5a03d2eaee977874fea98e9d15bcda9}page{5cef8cb26ec0cf0cbc2bf93f1561460fb5a03d2eaee977874fea98e9d15bcda9}{5cef8cb26ec0cf0cbc2bf93f1561460fb5a03d2eaee977874fea98e9d15bcda9} {5cef8cb26ec0cf0cbc2bf93f1561460fb5a03d2eaee977874fea98e9d15bcda9}{5cef8cb26ec0cf0cbc2bf93f1561460fb5a03d2eaee977874fea98e9d15bcda9}sep{5cef8cb26ec0cf0cbc2bf93f1561460fb5a03d2eaee977874fea98e9d15bcda9}{5cef8cb26ec0cf0cbc2bf93f1561460fb5a03d2eaee977874fea98e9d15bcda9} {5cef8cb26ec0cf0cbc2bf93f1561460fb5a03d2eaee977874fea98e9d15bcda9}{5cef8cb26ec0cf0cbc2bf93f1561460fb5a03d2eaee977874fea98e9d15bcda9}sitename{5cef8cb26ec0cf0cbc2bf93f1561460fb5a03d2eaee977874fea98e9d15bcda9}{5cef8cb26ec0cf0cbc2bf93f1561460fb5a03d2eaee977874fea98e9d15bcda9} de Can Tho","og_description":"S\u00e9rie de webinaires E-learning AUF d\u00e9di\u00e9e \u00e0 l'enseignement hybride ou \u00e0 distance qui a eu lieu du 3 juin au 24 juin 2021.","og_url":"https:\/\/efip.ctu.edu.vn\/web\/webinaires-e-learning-auf\/","og_site_name":"EFIP","article_publisher":"https:\/\/www.facebook.com\/efipCanTho","article_modified_time":"2025-05-03T02:16:37+00:00","og_image":[{"width":940,"height":788,"url":"https:\/\/efip.ctu.edu.vn\/web\/wp-content\/uploads\/2021\/06\/PlanRenforcementQualiteFormationsHybrides.png","type":"image\/png"}],"twitter_card":"summary_large_image","twitter_misc":{"Est. reading time":"3 minutes"},"schema":{"@context":"https:\/\/schema.org","@graph":[{"@type":"WebPage","@id":"https:\/\/efip.ctu.edu.vn\/web\/webinaires-e-learning-auf\/","url":"https:\/\/efip.ctu.edu.vn\/web\/webinaires-e-learning-auf\/","name":"{5cef8cb26ec0cf0cbc2bf93f1561460fb5a03d2eaee977874fea98e9d15bcda9}{5cef8cb26ec0cf0cbc2bf93f1561460fb5a03d2eaee977874fea98e9d15bcda9}title{5cef8cb26ec0cf0cbc2bf93f1561460fb5a03d2eaee977874fea98e9d15bcda9}{5cef8cb26ec0cf0cbc2bf93f1561460fb5a03d2eaee977874fea98e9d15bcda9} {5cef8cb26ec0cf0cbc2bf93f1561460fb5a03d2eaee977874fea98e9d15bcda9}{5cef8cb26ec0cf0cbc2bf93f1561460fb5a03d2eaee977874fea98e9d15bcda9}page{5cef8cb26ec0cf0cbc2bf93f1561460fb5a03d2eaee977874fea98e9d15bcda9}{5cef8cb26ec0cf0cbc2bf93f1561460fb5a03d2eaee977874fea98e9d15bcda9} {5cef8cb26ec0cf0cbc2bf93f1561460fb5a03d2eaee977874fea98e9d15bcda9}{5cef8cb26ec0cf0cbc2bf93f1561460fb5a03d2eaee977874fea98e9d15bcda9}sep{5cef8cb26ec0cf0cbc2bf93f1561460fb5a03d2eaee977874fea98e9d15bcda9}{5cef8cb26ec0cf0cbc2bf93f1561460fb5a03d2eaee977874fea98e9d15bcda9} {5cef8cb26ec0cf0cbc2bf93f1561460fb5a03d2eaee977874fea98e9d15bcda9}{5cef8cb26ec0cf0cbc2bf93f1561460fb5a03d2eaee977874fea98e9d15bcda9}sitename{5cef8cb26ec0cf0cbc2bf93f1561460fb5a03d2eaee977874fea98e9d15bcda9}{5cef8cb26ec0cf0cbc2bf93f1561460fb5a03d2eaee977874fea98e9d15bcda9} de Can Tho","isPartOf":{"@id":"https:\/\/efip.ctu.edu.vn\/web\/#website"},"primaryImageOfPage":{"@id":"https:\/\/efip.ctu.edu.vn\/web\/webinaires-e-learning-auf\/#primaryimage"},"image":{"@id":"https:\/\/efip.ctu.edu.vn\/web\/webinaires-e-learning-auf\/#primaryimage"},"thumbnailUrl":"https:\/\/efip.ctu.edu.vn\/web\/wp-content\/uploads\/2025\/05\/PlanRenforcementQualiteFormationsHybrides.png","datePublished":"2021-06-22T03:21:49+00:00","dateModified":"2025-05-03T02:16:37+00:00","description":"S\u00e9rie de webinaires E-learning AUF d\u00e9di\u00e9e \u00e0 l'enseignement hybride ou \u00e0 distance qui a eu lieu du 3 juin au 24 juin 2021.","inLanguage":"en-US","potentialAction":[{"@type":"ReadAction","target":["https:\/\/efip.ctu.edu.vn\/web\/webinaires-e-learning-auf\/"]}]},{"@type":"ImageObject","inLanguage":"en-US","@id":"https:\/\/efip.ctu.edu.vn\/web\/webinaires-e-learning-auf\/#primaryimage","url":"https:\/\/efip.ctu.edu.vn\/web\/wp-content\/uploads\/2025\/05\/PlanRenforcementQualiteFormationsHybrides.png","contentUrl":"https:\/\/efip.ctu.edu.vn\/web\/wp-content\/uploads\/2025\/05\/PlanRenforcementQualiteFormationsHybrides.png","width":940,"height":788},{"@type":"WebSite","@id":"https:\/\/efip.ctu.edu.vn\/web\/#website","url":"https:\/\/efip.ctu.edu.vn\/web\/","name":"EFIP de Can Tho","description":"Espace Francophone d&#039;Innovation et de Partenariat","publisher":{"@id":"https:\/\/efip.ctu.edu.vn\/web\/#organization"},"potentialAction":[{"@type":"SearchAction","target":{"@type":"EntryPoint","urlTemplate":"https:\/\/efip.ctu.edu.vn\/web\/?s={search_term_string}"},"query-input":{"@type":"PropertyValueSpecification","valueRequired":true,"valueName":"search_term_string"}}],"inLanguage":"en-US"},{"@type":"Organization","@id":"https:\/\/efip.ctu.edu.vn\/web\/#organization","name":"EFIP","url":"https:\/\/efip.ctu.edu.vn\/web\/","logo":{"@type":"ImageObject","inLanguage":"en-US","@id":"https:\/\/efip.ctu.edu.vn\/web\/#\/schema\/logo\/image\/","url":"https:\/\/efip.ctu.edu.vn\/web\/wp-content\/uploads\/2025\/05\/efip2-150x89-1.jpg","contentUrl":"https:\/\/efip.ctu.edu.vn\/web\/wp-content\/uploads\/2025\/05\/efip2-150x89-1.jpg","width":150,"height":89,"caption":"EFIP"},"image":{"@id":"https:\/\/efip.ctu.edu.vn\/web\/#\/schema\/logo\/image\/"},"sameAs":["https:\/\/www.facebook.com\/efipCanTho"]}]}},"_links":{"self":[{"href":"https:\/\/efip.ctu.edu.vn\/web\/wp-json\/wp\/v2\/pages\/2915","targetHints":{"allow":["GET"]}}],"collection":[{"href":"https:\/\/efip.ctu.edu.vn\/web\/wp-json\/wp\/v2\/pages"}],"about":[{"href":"https:\/\/efip.ctu.edu.vn\/web\/wp-json\/wp\/v2\/types\/page"}],"author":[{"embeddable":true,"href":"https:\/\/efip.ctu.edu.vn\/web\/wp-json\/wp\/v2\/users\/3"}],"replies":[{"embeddable":true,"href":"https:\/\/efip.ctu.edu.vn\/web\/wp-json\/wp\/v2\/comments?post=2915"}],"version-history":[{"count":4,"href":"https:\/\/efip.ctu.edu.vn\/web\/wp-json\/wp\/v2\/pages\/2915\/revisions"}],"predecessor-version":[{"id":4368,"href":"https:\/\/efip.ctu.edu.vn\/web\/wp-json\/wp\/v2\/pages\/2915\/revisions\/4368"}],"wp:featuredmedia":[{"embeddable":true,"href":"https:\/\/efip.ctu.edu.vn\/web\/wp-json\/wp\/v2\/media\/4367"}],"wp:attachment":[{"href":"https:\/\/efip.ctu.edu.vn\/web\/wp-json\/wp\/v2\/media?parent=2915"}],"curies":[{"name":"wp","href":"https:\/\/api.w.org\/{rel}","templated":true}]}}