{"id":1733,"date":"2020-07-08T09:53:16","date_gmt":"2020-07-08T02:53:16","guid":{"rendered":"https:\/\/efip.ctu.edu.vn\/web\/?page_id=1733"},"modified":"2020-07-08T09:53:17","modified_gmt":"2020-07-08T02:53:17","slug":"webinaire-politiques-de-developpement-en-ase","status":"publish","type":"page","link":"https:\/\/efip.ctu.edu.vn\/web\/webinaire-politiques-de-developpement-en-ase\/","title":{"rendered":"Politiques de d\u00e9veloppement en Asie du Sud-Est"},"content":{"rendered":"\n<p>Mathieu Gu\u00e9rin analyse les politiques de d\u00e9veloppement qui peuvent avoir un impact sur l&#8217;environnement naturel et sur les soci\u00e9t\u00e9s li\u00e9es \u00e0 cet environnement ainsi que l&#8217;influence du changement climatique sur ces politiques.<\/p>\n\n\n\n<figure class=\"wp-block-embed-youtube wp-block-embed is-type-video is-provider-youtube wp-embed-aspect-16-9 wp-has-aspect-ratio\"><div class=\"wp-block-embed__wrapper\">\n<iframe title=\"Conf\u00e9rence 2018- Politique de d\u00e9veloppement en Asie du Sud-Est\" width=\"660\" height=\"371\" src=\"https:\/\/www.youtube.com\/embed\/7XpT1Ts6NTI?feature=oembed\" frameborder=\"0\" allow=\"accelerometer; autoplay; clipboard-write; encrypted-media; gyroscope; picture-in-picture; web-share\" referrerpolicy=\"strict-origin-when-cross-origin\" allowfullscreen><\/iframe>\n<\/div><\/figure>\n\n\n\n<p>Cette conf\u00e9rence s&#8217;est tenue le 20 mars 2018 \u00e0 l&#8217;Institut Bioforce \u00e0 Lyon.<\/p>\n\n\n\n<p>Mathieu Gu\u00e9rin est actuellement enseignant-chercheur \u00e0 l&#8217;INALCO (\u00c9cole des Langues Orientales de Paris) apr\u00e8s un doctorat en dynamiques compar\u00e9es des soci\u00e9t\u00e9s en d\u00e9veloppement. Il a longtemps travaill\u00e9 \u00e0 l&#8217;\u00e9tranger ( Qatar, Cambodge, Tha\u00eflande, Inde, Malaisie ) avant de devenir Ma\u00cetre de conf\u00e9rences \u00e0 l&#8217;Universit\u00e9 de Caen, puis \u00e0 l&#8217;INALCO. Il a \u00e9crit de nombreux ouvrages et articles sur l&#8217;histoire de la r\u00e9gion ASE et plus particuli\u00e8rement sur l&#8217;histoire environnementale.<\/p>\n\n\n\n<p><\/p>\n\n\n\n<p>Si la vid\u00e9o n\u2019appara\u00eet pas, cliquez ici pour voir la pr\u00e9sentation : <a href=\"https:\/\/youtu.be\/7XpT1Ts6NTI\" target=\"_blank\" aria-label=\"undefined (s\u2019ouvre dans un nouvel onglet)\" rel=\"noreferrer noopener\">https:\/\/youtu.be\/7XpT1Ts6NTI<\/a>.<\/p>\n\n\n\n<p>Pour d\u2019autres webinaires :&nbsp;<a rel=\"noreferrer noopener\" href=\"https:\/\/efip.ctu.edu.vn\/web\/webinaires\/\" target=\"_blank\">https:\/\/efip.ctu.edu.vn\/web\/webinaires\/<\/a><\/p>\n","protected":false},"excerpt":{"rendered":"<p>Mathieu Gu\u00e9rin analyse les politiques de d\u00e9veloppement qui peuvent avoir un impact sur l&#8217;environnement naturel et sur les soci\u00e9t\u00e9s li\u00e9es &hellip; <br \/><a href=\"https:\/\/efip.ctu.edu.vn\/web\/webinaire-politiques-de-developpement-en-ase\/\" class=\"more-link\">Continue reading <span class=\"screen-reader-text\">Politiques de d\u00e9veloppement en Asie du Sud-Est<\/span><\/a><\/p>\n","protected":false},"author":3,"featured_media":1735,"parent":0,"menu_order":0,"comment_status":"closed","ping_status":"closed","template":"","meta":{"footnotes":""},"class_list":["post-1733","page","type-page","status-publish","has-post-thumbnail","hentry"],"yoast_head":"<!-- This site is optimized with the Yoast SEO plugin v25.0 - https:\/\/yoast.com\/wordpress\/plugins\/seo\/ -->\n<title>Politiques de d\u00e9veloppement en Asie du Sud-Est - EFIP<\/title>\n<meta name=\"description\" content=\"Mathieu Gu\u00e9rin analyse les politiques de d\u00e9veloppement ainsi que l&#039;influence du changement climatique sur ces politiques en Asie du Sud-Est.\" \/>\n<meta name=\"robots\" content=\"index, follow, max-snippet:-1, max-image-preview:large, max-video-preview:-1\" \/>\n<link rel=\"canonical\" href=\"https:\/\/efip.ctu.edu.vn\/web\/webinaire-politiques-de-developpement-en-ase\/\" \/>\n<meta property=\"og:locale\" content=\"en_US\" \/>\n<meta property=\"og:type\" content=\"article\" \/>\n<meta property=\"og:title\" content=\"Politiques de d\u00e9veloppement en Asie du Sud-Est - EFIP\" \/>\n<meta property=\"og:description\" content=\"Mathieu Gu\u00e9rin analyse les politiques de d\u00e9veloppement ainsi que l&#039;influence du changement climatique sur ces politiques en Asie du Sud-Est.\" \/>\n<meta property=\"og:url\" content=\"https:\/\/efip.ctu.edu.vn\/web\/webinaire-politiques-de-developpement-en-ase\/\" \/>\n<meta property=\"og:site_name\" content=\"EFIP\" \/>\n<meta property=\"article:publisher\" content=\"https:\/\/www.facebook.com\/efipCanTho\" \/>\n<meta property=\"article:modified_time\" content=\"2020-07-08T02:53:17+00:00\" \/>\n<meta property=\"og:image\" content=\"https:\/\/efip.ctu.edu.vn\/web\/wp-content\/uploads\/2020\/07\/PolitiquesDevASE.jpg\" \/>\n\t<meta property=\"og:image:width\" content=\"480\" \/>\n\t<meta property=\"og:image:height\" content=\"360\" \/>\n\t<meta property=\"og:image:type\" content=\"image\/jpeg\" \/>\n<meta name=\"twitter:card\" content=\"summary_large_image\" \/>\n<meta name=\"twitter:label1\" content=\"Est. reading time\" \/>\n\t<meta name=\"twitter:data1\" content=\"1 minute\" \/>\n<script type=\"application\/ld+json\" class=\"yoast-schema-graph\">{\"@context\":\"https:\/\/schema.org\",\"@graph\":[{\"@type\":\"WebPage\",\"@id\":\"https:\/\/efip.ctu.edu.vn\/web\/webinaire-politiques-de-developpement-en-ase\/\",\"url\":\"https:\/\/efip.ctu.edu.vn\/web\/webinaire-politiques-de-developpement-en-ase\/\",\"name\":\"Politiques de d\u00e9veloppement en Asie du Sud-Est - EFIP\",\"isPartOf\":{\"@id\":\"https:\/\/efip.ctu.edu.vn\/web\/#website\"},\"primaryImageOfPage\":{\"@id\":\"https:\/\/efip.ctu.edu.vn\/web\/webinaire-politiques-de-developpement-en-ase\/#primaryimage\"},\"image\":{\"@id\":\"https:\/\/efip.ctu.edu.vn\/web\/webinaire-politiques-de-developpement-en-ase\/#primaryimage\"},\"thumbnailUrl\":\"https:\/\/efip.ctu.edu.vn\/web\/wp-content\/uploads\/2020\/07\/PolitiquesDevASE.jpg\",\"datePublished\":\"2020-07-08T02:53:16+00:00\",\"dateModified\":\"2020-07-08T02:53:17+00:00\",\"description\":\"Mathieu Gu\u00e9rin analyse les politiques de d\u00e9veloppement ainsi que l'influence du changement climatique sur ces politiques en Asie du Sud-Est.\",\"breadcrumb\":{\"@id\":\"https:\/\/efip.ctu.edu.vn\/web\/webinaire-politiques-de-developpement-en-ase\/#breadcrumb\"},\"inLanguage\":\"en-US\",\"potentialAction\":[{\"@type\":\"ReadAction\",\"target\":[\"https:\/\/efip.ctu.edu.vn\/web\/webinaire-politiques-de-developpement-en-ase\/\"]}]},{\"@type\":\"ImageObject\",\"inLanguage\":\"en-US\",\"@id\":\"https:\/\/efip.ctu.edu.vn\/web\/webinaire-politiques-de-developpement-en-ase\/#primaryimage\",\"url\":\"https:\/\/efip.ctu.edu.vn\/web\/wp-content\/uploads\/2020\/07\/PolitiquesDevASE.jpg\",\"contentUrl\":\"https:\/\/efip.ctu.edu.vn\/web\/wp-content\/uploads\/2020\/07\/PolitiquesDevASE.jpg\",\"width\":480,\"height\":360,\"caption\":\"Politiques de d\u00e9veloppements, soci\u00e9t\u00e9s et changements environnementaux\"},{\"@type\":\"BreadcrumbList\",\"@id\":\"https:\/\/efip.ctu.edu.vn\/web\/webinaire-politiques-de-developpement-en-ase\/#breadcrumb\",\"itemListElement\":[{\"@type\":\"ListItem\",\"position\":1,\"name\":\"Accueil\",\"item\":\"https:\/\/efip.ctu.edu.vn\/web\/\"},{\"@type\":\"ListItem\",\"position\":2,\"name\":\"Politiques de d\u00e9veloppement en Asie du Sud-Est\"}]},{\"@type\":\"WebSite\",\"@id\":\"https:\/\/efip.ctu.edu.vn\/web\/#website\",\"url\":\"https:\/\/efip.ctu.edu.vn\/web\/\",\"name\":\"EFIP de Can Tho\",\"description\":\"Espace Francophone d&#039;Innovation et de Partenariat\",\"publisher\":{\"@id\":\"https:\/\/efip.ctu.edu.vn\/web\/#organization\"},\"potentialAction\":[{\"@type\":\"SearchAction\",\"target\":{\"@type\":\"EntryPoint\",\"urlTemplate\":\"https:\/\/efip.ctu.edu.vn\/web\/?s={search_term_string}\"},\"query-input\":{\"@type\":\"PropertyValueSpecification\",\"valueRequired\":true,\"valueName\":\"search_term_string\"}}],\"inLanguage\":\"en-US\"},{\"@type\":\"Organization\",\"@id\":\"https:\/\/efip.ctu.edu.vn\/web\/#organization\",\"name\":\"EFIP\",\"url\":\"https:\/\/efip.ctu.edu.vn\/web\/\",\"logo\":{\"@type\":\"ImageObject\",\"inLanguage\":\"en-US\",\"@id\":\"https:\/\/efip.ctu.edu.vn\/web\/#\/schema\/logo\/image\/\",\"url\":\"https:\/\/efip.ctu.edu.vn\/web\/wp-content\/uploads\/2025\/05\/efip2-150x89-1.jpg\",\"contentUrl\":\"https:\/\/efip.ctu.edu.vn\/web\/wp-content\/uploads\/2025\/05\/efip2-150x89-1.jpg\",\"width\":150,\"height\":89,\"caption\":\"EFIP\"},\"image\":{\"@id\":\"https:\/\/efip.ctu.edu.vn\/web\/#\/schema\/logo\/image\/\"},\"sameAs\":[\"https:\/\/www.facebook.com\/efipCanTho\"]}]}<\/script>\n<!-- \/ Yoast SEO plugin. -->","yoast_head_json":{"title":"Politiques de d\u00e9veloppement en Asie du Sud-Est - EFIP","description":"Mathieu Gu\u00e9rin analyse les politiques de d\u00e9veloppement ainsi que l'influence du changement climatique sur ces politiques en Asie du Sud-Est.","robots":{"index":"index","follow":"follow","max-snippet":"max-snippet:-1","max-image-preview":"max-image-preview:large","max-video-preview":"max-video-preview:-1"},"canonical":"https:\/\/efip.ctu.edu.vn\/web\/webinaire-politiques-de-developpement-en-ase\/","og_locale":"en_US","og_type":"article","og_title":"Politiques de d\u00e9veloppement en Asie du Sud-Est - EFIP","og_description":"Mathieu Gu\u00e9rin analyse les politiques de d\u00e9veloppement ainsi que l'influence du changement climatique sur ces politiques en Asie du Sud-Est.","og_url":"https:\/\/efip.ctu.edu.vn\/web\/webinaire-politiques-de-developpement-en-ase\/","og_site_name":"EFIP","article_publisher":"https:\/\/www.facebook.com\/efipCanTho","article_modified_time":"2020-07-08T02:53:17+00:00","og_image":[{"width":480,"height":360,"url":"https:\/\/efip.ctu.edu.vn\/web\/wp-content\/uploads\/2020\/07\/PolitiquesDevASE.jpg","type":"image\/jpeg"}],"twitter_card":"summary_large_image","twitter_misc":{"Est. reading time":"1 minute"},"schema":{"@context":"https:\/\/schema.org","@graph":[{"@type":"WebPage","@id":"https:\/\/efip.ctu.edu.vn\/web\/webinaire-politiques-de-developpement-en-ase\/","url":"https:\/\/efip.ctu.edu.vn\/web\/webinaire-politiques-de-developpement-en-ase\/","name":"Politiques de d\u00e9veloppement en Asie du Sud-Est - EFIP","isPartOf":{"@id":"https:\/\/efip.ctu.edu.vn\/web\/#website"},"primaryImageOfPage":{"@id":"https:\/\/efip.ctu.edu.vn\/web\/webinaire-politiques-de-developpement-en-ase\/#primaryimage"},"image":{"@id":"https:\/\/efip.ctu.edu.vn\/web\/webinaire-politiques-de-developpement-en-ase\/#primaryimage"},"thumbnailUrl":"https:\/\/efip.ctu.edu.vn\/web\/wp-content\/uploads\/2020\/07\/PolitiquesDevASE.jpg","datePublished":"2020-07-08T02:53:16+00:00","dateModified":"2020-07-08T02:53:17+00:00","description":"Mathieu Gu\u00e9rin analyse les politiques de d\u00e9veloppement ainsi que l'influence du changement climatique sur ces politiques en Asie du Sud-Est.","breadcrumb":{"@id":"https:\/\/efip.ctu.edu.vn\/web\/webinaire-politiques-de-developpement-en-ase\/#breadcrumb"},"inLanguage":"en-US","potentialAction":[{"@type":"ReadAction","target":["https:\/\/efip.ctu.edu.vn\/web\/webinaire-politiques-de-developpement-en-ase\/"]}]},{"@type":"ImageObject","inLanguage":"en-US","@id":"https:\/\/efip.ctu.edu.vn\/web\/webinaire-politiques-de-developpement-en-ase\/#primaryimage","url":"https:\/\/efip.ctu.edu.vn\/web\/wp-content\/uploads\/2020\/07\/PolitiquesDevASE.jpg","contentUrl":"https:\/\/efip.ctu.edu.vn\/web\/wp-content\/uploads\/2020\/07\/PolitiquesDevASE.jpg","width":480,"height":360,"caption":"Politiques de d\u00e9veloppements, soci\u00e9t\u00e9s et changements environnementaux"},{"@type":"BreadcrumbList","@id":"https:\/\/efip.ctu.edu.vn\/web\/webinaire-politiques-de-developpement-en-ase\/#breadcrumb","itemListElement":[{"@type":"ListItem","position":1,"name":"Accueil","item":"https:\/\/efip.ctu.edu.vn\/web\/"},{"@type":"ListItem","position":2,"name":"Politiques de d\u00e9veloppement en Asie du Sud-Est"}]},{"@type":"WebSite","@id":"https:\/\/efip.ctu.edu.vn\/web\/#website","url":"https:\/\/efip.ctu.edu.vn\/web\/","name":"EFIP de Can Tho","description":"Espace Francophone d&#039;Innovation et de Partenariat","publisher":{"@id":"https:\/\/efip.ctu.edu.vn\/web\/#organization"},"potentialAction":[{"@type":"SearchAction","target":{"@type":"EntryPoint","urlTemplate":"https:\/\/efip.ctu.edu.vn\/web\/?s={search_term_string}"},"query-input":{"@type":"PropertyValueSpecification","valueRequired":true,"valueName":"search_term_string"}}],"inLanguage":"en-US"},{"@type":"Organization","@id":"https:\/\/efip.ctu.edu.vn\/web\/#organization","name":"EFIP","url":"https:\/\/efip.ctu.edu.vn\/web\/","logo":{"@type":"ImageObject","inLanguage":"en-US","@id":"https:\/\/efip.ctu.edu.vn\/web\/#\/schema\/logo\/image\/","url":"https:\/\/efip.ctu.edu.vn\/web\/wp-content\/uploads\/2025\/05\/efip2-150x89-1.jpg","contentUrl":"https:\/\/efip.ctu.edu.vn\/web\/wp-content\/uploads\/2025\/05\/efip2-150x89-1.jpg","width":150,"height":89,"caption":"EFIP"},"image":{"@id":"https:\/\/efip.ctu.edu.vn\/web\/#\/schema\/logo\/image\/"},"sameAs":["https:\/\/www.facebook.com\/efipCanTho"]}]}},"_links":{"self":[{"href":"https:\/\/efip.ctu.edu.vn\/web\/wp-json\/wp\/v2\/pages\/1733","targetHints":{"allow":["GET"]}}],"collection":[{"href":"https:\/\/efip.ctu.edu.vn\/web\/wp-json\/wp\/v2\/pages"}],"about":[{"href":"https:\/\/efip.ctu.edu.vn\/web\/wp-json\/wp\/v2\/types\/page"}],"author":[{"embeddable":true,"href":"https:\/\/efip.ctu.edu.vn\/web\/wp-json\/wp\/v2\/users\/3"}],"replies":[{"embeddable":true,"href":"https:\/\/efip.ctu.edu.vn\/web\/wp-json\/wp\/v2\/comments?post=1733"}],"version-history":[{"count":1,"href":"https:\/\/efip.ctu.edu.vn\/web\/wp-json\/wp\/v2\/pages\/1733\/revisions"}],"predecessor-version":[{"id":1736,"href":"https:\/\/efip.ctu.edu.vn\/web\/wp-json\/wp\/v2\/pages\/1733\/revisions\/1736"}],"wp:featuredmedia":[{"embeddable":true,"href":"https:\/\/efip.ctu.edu.vn\/web\/wp-json\/wp\/v2\/media\/1735"}],"wp:attachment":[{"href":"https:\/\/efip.ctu.edu.vn\/web\/wp-json\/wp\/v2\/media?parent=1733"}],"curies":[{"name":"wp","href":"https:\/\/api.w.org\/{rel}","templated":true}]}}