{"id":1518,"date":"2020-06-15T09:02:09","date_gmt":"2020-06-15T02:02:09","guid":{"rendered":"https:\/\/efip.ctu.edu.vn\/web\/?page_id=1518"},"modified":"2020-11-04T10:02:25","modified_gmt":"2020-11-04T03:02:25","slug":"webinaires-special-covid-19","status":"publish","type":"page","link":"https:\/\/efip.ctu.edu.vn\/web\/webinaires-special-covid-19\/","title":{"rendered":"Sp\u00e9cial COVID-19"},"content":{"rendered":"\n<div class=\"wp-block-image\"><figure class=\"aligncenter size-large is-resized\"><img fetchpriority=\"high\" decoding=\"async\" src=\"https:\/\/efip.ctu.edu.vn\/web\/wp-content\/uploads\/2020\/02\/Coronavirus.jpg\" alt=\"Webinaires et conf\u00e9rences Sp\u00e9cial COVID-19\" class=\"wp-image-885\" width=\"317\" height=\"159\"\/><\/figure><\/div>\n\n\n\n<p>Dans cette rubrique Sp\u00e9cial COVID-19, nous regrouperons tous les webinaires et conf\u00e9rences en lien avec la pand\u00e9mie :<\/p>\n\n\n\n<ul class=\"wp-block-list\"><li><a rel=\"noreferrer noopener\" href=\"https:\/\/efip.ctu.edu.vn\/web\/covid-19-conferences-en-ligne-de-la-cidmef\/\" target=\"_blank\">COVID-19 : conf\u00e9rences en ligne de la CIDMEF<\/a><\/li><li><a rel=\"noreferrer noopener\" href=\"https:\/\/efip.ctu.edu.vn\/web\/webinaire-covid-19-quel-developpement-soutenable-pour-demain\/\" target=\"_blank\">COVID-19: quel d\u00e9veloppement soutenable pour demain ?<\/a> <\/li><li><a rel=\"noreferrer noopener\" href=\"https:\/\/efip.ctu.edu.vn\/web\/gouvernance-universitaire-en-temps-de-crise\/\" target=\"_blank\">Gouvernance universitaire en temps de crise<\/a><\/li><li><a href=\"https:\/\/efip.ctu.edu.vn\/web\/webinaire-lia-et-la-crise-du-covid\/\" target=\"_blank\" rel=\"noreferrer noopener\">L&#8217;IA et la crise du Covid<\/a><\/li><li><a rel=\"noreferrer noopener\" href=\"https:\/\/efip.ctu.edu.vn\/web\/webinaires-ifprofs-coronafle\/\" target=\"_blank\">Webinaires : IFprofs #CoronaFLE<\/a><\/li><\/ul>\n\n\n\n<p><\/p>\n\n\n\n<p class=\"has-text-align-right\"><em>Mise \u00e0 jour le 4 novembre 2020.<\/em><\/p>\n","protected":false},"excerpt":{"rendered":"<p>Dans cette rubrique Sp\u00e9cial COVID-19, nous regrouperons tous les webinaires et conf\u00e9rences en lien avec la pand\u00e9mie : COVID-19 : &hellip; <br \/><a href=\"https:\/\/efip.ctu.edu.vn\/web\/webinaires-special-covid-19\/\" class=\"more-link\">Continue reading <span class=\"screen-reader-text\">Sp\u00e9cial COVID-19<\/span><\/a><\/p>\n","protected":false},"author":3,"featured_media":885,"parent":0,"menu_order":0,"comment_status":"closed","ping_status":"closed","template":"","meta":{"footnotes":""},"class_list":["post-1518","page","type-page","status-publish","has-post-thumbnail","hentry"],"yoast_head":"<!-- This site is optimized with the Yoast SEO plugin v25.0 - https:\/\/yoast.com\/wordpress\/plugins\/seo\/ -->\n<title>Webinaires et conf\u00e9rences {5cef8cb26ec0cf0cbc2bf93f1561460fb5a03d2eaee977874fea98e9d15bcda9}{5cef8cb26ec0cf0cbc2bf93f1561460fb5a03d2eaee977874fea98e9d15bcda9}title{5cef8cb26ec0cf0cbc2bf93f1561460fb5a03d2eaee977874fea98e9d15bcda9}{5cef8cb26ec0cf0cbc2bf93f1561460fb5a03d2eaee977874fea98e9d15bcda9} {5cef8cb26ec0cf0cbc2bf93f1561460fb5a03d2eaee977874fea98e9d15bcda9}{5cef8cb26ec0cf0cbc2bf93f1561460fb5a03d2eaee977874fea98e9d15bcda9}page{5cef8cb26ec0cf0cbc2bf93f1561460fb5a03d2eaee977874fea98e9d15bcda9}{5cef8cb26ec0cf0cbc2bf93f1561460fb5a03d2eaee977874fea98e9d15bcda9} {5cef8cb26ec0cf0cbc2bf93f1561460fb5a03d2eaee977874fea98e9d15bcda9}{5cef8cb26ec0cf0cbc2bf93f1561460fb5a03d2eaee977874fea98e9d15bcda9}sep{5cef8cb26ec0cf0cbc2bf93f1561460fb5a03d2eaee977874fea98e9d15bcda9}{5cef8cb26ec0cf0cbc2bf93f1561460fb5a03d2eaee977874fea98e9d15bcda9} {5cef8cb26ec0cf0cbc2bf93f1561460fb5a03d2eaee977874fea98e9d15bcda9}{5cef8cb26ec0cf0cbc2bf93f1561460fb5a03d2eaee977874fea98e9d15bcda9}sitename{5cef8cb26ec0cf0cbc2bf93f1561460fb5a03d2eaee977874fea98e9d15bcda9}{5cef8cb26ec0cf0cbc2bf93f1561460fb5a03d2eaee977874fea98e9d15bcda9} de Can Tho<\/title>\n<meta name=\"description\" content=\"Dans cette rubrique Sp\u00e9cial COVID-19, nous regrouperons tous les webinaires et conf\u00e9rences en lien avec la pand\u00e9mie. Elle sera mise \u00e0 jour r\u00e9guli\u00e8rement.\" \/>\n<meta name=\"robots\" content=\"index, follow, max-snippet:-1, max-image-preview:large, max-video-preview:-1\" \/>\n<link rel=\"canonical\" href=\"https:\/\/efip.ctu.edu.vn\/web\/webinaires-special-covid-19\/\" \/>\n<meta property=\"og:locale\" content=\"en_US\" \/>\n<meta property=\"og:type\" content=\"article\" \/>\n<meta property=\"og:title\" content=\"Webinaires et conf\u00e9rences {5cef8cb26ec0cf0cbc2bf93f1561460fb5a03d2eaee977874fea98e9d15bcda9}{5cef8cb26ec0cf0cbc2bf93f1561460fb5a03d2eaee977874fea98e9d15bcda9}title{5cef8cb26ec0cf0cbc2bf93f1561460fb5a03d2eaee977874fea98e9d15bcda9}{5cef8cb26ec0cf0cbc2bf93f1561460fb5a03d2eaee977874fea98e9d15bcda9} {5cef8cb26ec0cf0cbc2bf93f1561460fb5a03d2eaee977874fea98e9d15bcda9}{5cef8cb26ec0cf0cbc2bf93f1561460fb5a03d2eaee977874fea98e9d15bcda9}page{5cef8cb26ec0cf0cbc2bf93f1561460fb5a03d2eaee977874fea98e9d15bcda9}{5cef8cb26ec0cf0cbc2bf93f1561460fb5a03d2eaee977874fea98e9d15bcda9} {5cef8cb26ec0cf0cbc2bf93f1561460fb5a03d2eaee977874fea98e9d15bcda9}{5cef8cb26ec0cf0cbc2bf93f1561460fb5a03d2eaee977874fea98e9d15bcda9}sep{5cef8cb26ec0cf0cbc2bf93f1561460fb5a03d2eaee977874fea98e9d15bcda9}{5cef8cb26ec0cf0cbc2bf93f1561460fb5a03d2eaee977874fea98e9d15bcda9} {5cef8cb26ec0cf0cbc2bf93f1561460fb5a03d2eaee977874fea98e9d15bcda9}{5cef8cb26ec0cf0cbc2bf93f1561460fb5a03d2eaee977874fea98e9d15bcda9}sitename{5cef8cb26ec0cf0cbc2bf93f1561460fb5a03d2eaee977874fea98e9d15bcda9}{5cef8cb26ec0cf0cbc2bf93f1561460fb5a03d2eaee977874fea98e9d15bcda9} de Can Tho\" \/>\n<meta property=\"og:description\" content=\"Dans cette rubrique Sp\u00e9cial COVID-19, nous regrouperons tous les webinaires et conf\u00e9rences en lien avec la pand\u00e9mie. Elle sera mise \u00e0 jour r\u00e9guli\u00e8rement.\" \/>\n<meta property=\"og:url\" content=\"https:\/\/efip.ctu.edu.vn\/web\/webinaires-special-covid-19\/\" \/>\n<meta property=\"og:site_name\" content=\"EFIP\" \/>\n<meta property=\"article:publisher\" content=\"https:\/\/www.facebook.com\/efipCanTho\" \/>\n<meta property=\"article:modified_time\" content=\"2020-11-04T03:02:25+00:00\" \/>\n<meta property=\"og:image\" content=\"https:\/\/efip.ctu.edu.vn\/web\/wp-content\/uploads\/2020\/02\/Coronavirus.jpg\" \/>\n\t<meta property=\"og:image:width\" content=\"317\" \/>\n\t<meta property=\"og:image:height\" content=\"159\" \/>\n\t<meta property=\"og:image:type\" content=\"image\/jpeg\" \/>\n<meta name=\"twitter:card\" content=\"summary_large_image\" \/>\n<script type=\"application\/ld+json\" class=\"yoast-schema-graph\">{\"@context\":\"https:\/\/schema.org\",\"@graph\":[{\"@type\":\"WebPage\",\"@id\":\"https:\/\/efip.ctu.edu.vn\/web\/webinaires-special-covid-19\/\",\"url\":\"https:\/\/efip.ctu.edu.vn\/web\/webinaires-special-covid-19\/\",\"name\":\"Webinaires et conf\u00e9rences {5cef8cb26ec0cf0cbc2bf93f1561460fb5a03d2eaee977874fea98e9d15bcda9}{5cef8cb26ec0cf0cbc2bf93f1561460fb5a03d2eaee977874fea98e9d15bcda9}title{5cef8cb26ec0cf0cbc2bf93f1561460fb5a03d2eaee977874fea98e9d15bcda9}{5cef8cb26ec0cf0cbc2bf93f1561460fb5a03d2eaee977874fea98e9d15bcda9} {5cef8cb26ec0cf0cbc2bf93f1561460fb5a03d2eaee977874fea98e9d15bcda9}{5cef8cb26ec0cf0cbc2bf93f1561460fb5a03d2eaee977874fea98e9d15bcda9}page{5cef8cb26ec0cf0cbc2bf93f1561460fb5a03d2eaee977874fea98e9d15bcda9}{5cef8cb26ec0cf0cbc2bf93f1561460fb5a03d2eaee977874fea98e9d15bcda9} {5cef8cb26ec0cf0cbc2bf93f1561460fb5a03d2eaee977874fea98e9d15bcda9}{5cef8cb26ec0cf0cbc2bf93f1561460fb5a03d2eaee977874fea98e9d15bcda9}sep{5cef8cb26ec0cf0cbc2bf93f1561460fb5a03d2eaee977874fea98e9d15bcda9}{5cef8cb26ec0cf0cbc2bf93f1561460fb5a03d2eaee977874fea98e9d15bcda9} {5cef8cb26ec0cf0cbc2bf93f1561460fb5a03d2eaee977874fea98e9d15bcda9}{5cef8cb26ec0cf0cbc2bf93f1561460fb5a03d2eaee977874fea98e9d15bcda9}sitename{5cef8cb26ec0cf0cbc2bf93f1561460fb5a03d2eaee977874fea98e9d15bcda9}{5cef8cb26ec0cf0cbc2bf93f1561460fb5a03d2eaee977874fea98e9d15bcda9} de Can Tho\",\"isPartOf\":{\"@id\":\"https:\/\/efip.ctu.edu.vn\/web\/#website\"},\"primaryImageOfPage\":{\"@id\":\"https:\/\/efip.ctu.edu.vn\/web\/webinaires-special-covid-19\/#primaryimage\"},\"image\":{\"@id\":\"https:\/\/efip.ctu.edu.vn\/web\/webinaires-special-covid-19\/#primaryimage\"},\"thumbnailUrl\":\"https:\/\/efip.ctu.edu.vn\/web\/wp-content\/uploads\/2020\/02\/Coronavirus.jpg\",\"datePublished\":\"2020-06-15T02:02:09+00:00\",\"dateModified\":\"2020-11-04T03:02:25+00:00\",\"description\":\"Dans cette rubrique Sp\u00e9cial COVID-19, nous regrouperons tous les webinaires et conf\u00e9rences en lien avec la pand\u00e9mie. Elle sera mise \u00e0 jour r\u00e9guli\u00e8rement.\",\"breadcrumb\":{\"@id\":\"https:\/\/efip.ctu.edu.vn\/web\/webinaires-special-covid-19\/#breadcrumb\"},\"inLanguage\":\"en-US\",\"potentialAction\":[{\"@type\":\"ReadAction\",\"target\":[\"https:\/\/efip.ctu.edu.vn\/web\/webinaires-special-covid-19\/\"]}]},{\"@type\":\"ImageObject\",\"inLanguage\":\"en-US\",\"@id\":\"https:\/\/efip.ctu.edu.vn\/web\/webinaires-special-covid-19\/#primaryimage\",\"url\":\"https:\/\/efip.ctu.edu.vn\/web\/wp-content\/uploads\/2020\/02\/Coronavirus.jpg\",\"contentUrl\":\"https:\/\/efip.ctu.edu.vn\/web\/wp-content\/uploads\/2020\/02\/Coronavirus.jpg\",\"width\":317,\"height\":159,\"caption\":\"Webinaires et conf\u00e9rences Sp\u00e9cial COVID-19\"},{\"@type\":\"BreadcrumbList\",\"@id\":\"https:\/\/efip.ctu.edu.vn\/web\/webinaires-special-covid-19\/#breadcrumb\",\"itemListElement\":[{\"@type\":\"ListItem\",\"position\":1,\"name\":\"Accueil\",\"item\":\"https:\/\/efip.ctu.edu.vn\/web\/\"},{\"@type\":\"ListItem\",\"position\":2,\"name\":\"Sp\u00e9cial COVID-19\"}]},{\"@type\":\"WebSite\",\"@id\":\"https:\/\/efip.ctu.edu.vn\/web\/#website\",\"url\":\"https:\/\/efip.ctu.edu.vn\/web\/\",\"name\":\"EFIP de Can Tho\",\"description\":\"Espace Francophone d&#039;Innovation et de Partenariat\",\"publisher\":{\"@id\":\"https:\/\/efip.ctu.edu.vn\/web\/#organization\"},\"potentialAction\":[{\"@type\":\"SearchAction\",\"target\":{\"@type\":\"EntryPoint\",\"urlTemplate\":\"https:\/\/efip.ctu.edu.vn\/web\/?s={search_term_string}\"},\"query-input\":{\"@type\":\"PropertyValueSpecification\",\"valueRequired\":true,\"valueName\":\"search_term_string\"}}],\"inLanguage\":\"en-US\"},{\"@type\":\"Organization\",\"@id\":\"https:\/\/efip.ctu.edu.vn\/web\/#organization\",\"name\":\"EFIP\",\"url\":\"https:\/\/efip.ctu.edu.vn\/web\/\",\"logo\":{\"@type\":\"ImageObject\",\"inLanguage\":\"en-US\",\"@id\":\"https:\/\/efip.ctu.edu.vn\/web\/#\/schema\/logo\/image\/\",\"url\":\"https:\/\/efip.ctu.edu.vn\/web\/wp-content\/uploads\/2025\/05\/efip2-150x89-1.jpg\",\"contentUrl\":\"https:\/\/efip.ctu.edu.vn\/web\/wp-content\/uploads\/2025\/05\/efip2-150x89-1.jpg\",\"width\":150,\"height\":89,\"caption\":\"EFIP\"},\"image\":{\"@id\":\"https:\/\/efip.ctu.edu.vn\/web\/#\/schema\/logo\/image\/\"},\"sameAs\":[\"https:\/\/www.facebook.com\/efipCanTho\"]}]}<\/script>\n<!-- \/ Yoast SEO plugin. -->","yoast_head_json":{"title":"Webinaires et conf\u00e9rences {5cef8cb26ec0cf0cbc2bf93f1561460fb5a03d2eaee977874fea98e9d15bcda9}{5cef8cb26ec0cf0cbc2bf93f1561460fb5a03d2eaee977874fea98e9d15bcda9}title{5cef8cb26ec0cf0cbc2bf93f1561460fb5a03d2eaee977874fea98e9d15bcda9}{5cef8cb26ec0cf0cbc2bf93f1561460fb5a03d2eaee977874fea98e9d15bcda9} {5cef8cb26ec0cf0cbc2bf93f1561460fb5a03d2eaee977874fea98e9d15bcda9}{5cef8cb26ec0cf0cbc2bf93f1561460fb5a03d2eaee977874fea98e9d15bcda9}page{5cef8cb26ec0cf0cbc2bf93f1561460fb5a03d2eaee977874fea98e9d15bcda9}{5cef8cb26ec0cf0cbc2bf93f1561460fb5a03d2eaee977874fea98e9d15bcda9} {5cef8cb26ec0cf0cbc2bf93f1561460fb5a03d2eaee977874fea98e9d15bcda9}{5cef8cb26ec0cf0cbc2bf93f1561460fb5a03d2eaee977874fea98e9d15bcda9}sep{5cef8cb26ec0cf0cbc2bf93f1561460fb5a03d2eaee977874fea98e9d15bcda9}{5cef8cb26ec0cf0cbc2bf93f1561460fb5a03d2eaee977874fea98e9d15bcda9} {5cef8cb26ec0cf0cbc2bf93f1561460fb5a03d2eaee977874fea98e9d15bcda9}{5cef8cb26ec0cf0cbc2bf93f1561460fb5a03d2eaee977874fea98e9d15bcda9}sitename{5cef8cb26ec0cf0cbc2bf93f1561460fb5a03d2eaee977874fea98e9d15bcda9}{5cef8cb26ec0cf0cbc2bf93f1561460fb5a03d2eaee977874fea98e9d15bcda9} de Can Tho","description":"Dans cette rubrique Sp\u00e9cial COVID-19, nous regrouperons tous les webinaires et conf\u00e9rences en lien avec la pand\u00e9mie. Elle sera mise \u00e0 jour r\u00e9guli\u00e8rement.","robots":{"index":"index","follow":"follow","max-snippet":"max-snippet:-1","max-image-preview":"max-image-preview:large","max-video-preview":"max-video-preview:-1"},"canonical":"https:\/\/efip.ctu.edu.vn\/web\/webinaires-special-covid-19\/","og_locale":"en_US","og_type":"article","og_title":"Webinaires et conf\u00e9rences {5cef8cb26ec0cf0cbc2bf93f1561460fb5a03d2eaee977874fea98e9d15bcda9}{5cef8cb26ec0cf0cbc2bf93f1561460fb5a03d2eaee977874fea98e9d15bcda9}title{5cef8cb26ec0cf0cbc2bf93f1561460fb5a03d2eaee977874fea98e9d15bcda9}{5cef8cb26ec0cf0cbc2bf93f1561460fb5a03d2eaee977874fea98e9d15bcda9} {5cef8cb26ec0cf0cbc2bf93f1561460fb5a03d2eaee977874fea98e9d15bcda9}{5cef8cb26ec0cf0cbc2bf93f1561460fb5a03d2eaee977874fea98e9d15bcda9}page{5cef8cb26ec0cf0cbc2bf93f1561460fb5a03d2eaee977874fea98e9d15bcda9}{5cef8cb26ec0cf0cbc2bf93f1561460fb5a03d2eaee977874fea98e9d15bcda9} {5cef8cb26ec0cf0cbc2bf93f1561460fb5a03d2eaee977874fea98e9d15bcda9}{5cef8cb26ec0cf0cbc2bf93f1561460fb5a03d2eaee977874fea98e9d15bcda9}sep{5cef8cb26ec0cf0cbc2bf93f1561460fb5a03d2eaee977874fea98e9d15bcda9}{5cef8cb26ec0cf0cbc2bf93f1561460fb5a03d2eaee977874fea98e9d15bcda9} {5cef8cb26ec0cf0cbc2bf93f1561460fb5a03d2eaee977874fea98e9d15bcda9}{5cef8cb26ec0cf0cbc2bf93f1561460fb5a03d2eaee977874fea98e9d15bcda9}sitename{5cef8cb26ec0cf0cbc2bf93f1561460fb5a03d2eaee977874fea98e9d15bcda9}{5cef8cb26ec0cf0cbc2bf93f1561460fb5a03d2eaee977874fea98e9d15bcda9} de Can Tho","og_description":"Dans cette rubrique Sp\u00e9cial COVID-19, nous regrouperons tous les webinaires et conf\u00e9rences en lien avec la pand\u00e9mie. Elle sera mise \u00e0 jour r\u00e9guli\u00e8rement.","og_url":"https:\/\/efip.ctu.edu.vn\/web\/webinaires-special-covid-19\/","og_site_name":"EFIP","article_publisher":"https:\/\/www.facebook.com\/efipCanTho","article_modified_time":"2020-11-04T03:02:25+00:00","og_image":[{"width":317,"height":159,"url":"https:\/\/efip.ctu.edu.vn\/web\/wp-content\/uploads\/2020\/02\/Coronavirus.jpg","type":"image\/jpeg"}],"twitter_card":"summary_large_image","schema":{"@context":"https:\/\/schema.org","@graph":[{"@type":"WebPage","@id":"https:\/\/efip.ctu.edu.vn\/web\/webinaires-special-covid-19\/","url":"https:\/\/efip.ctu.edu.vn\/web\/webinaires-special-covid-19\/","name":"Webinaires et conf\u00e9rences {5cef8cb26ec0cf0cbc2bf93f1561460fb5a03d2eaee977874fea98e9d15bcda9}{5cef8cb26ec0cf0cbc2bf93f1561460fb5a03d2eaee977874fea98e9d15bcda9}title{5cef8cb26ec0cf0cbc2bf93f1561460fb5a03d2eaee977874fea98e9d15bcda9}{5cef8cb26ec0cf0cbc2bf93f1561460fb5a03d2eaee977874fea98e9d15bcda9} {5cef8cb26ec0cf0cbc2bf93f1561460fb5a03d2eaee977874fea98e9d15bcda9}{5cef8cb26ec0cf0cbc2bf93f1561460fb5a03d2eaee977874fea98e9d15bcda9}page{5cef8cb26ec0cf0cbc2bf93f1561460fb5a03d2eaee977874fea98e9d15bcda9}{5cef8cb26ec0cf0cbc2bf93f1561460fb5a03d2eaee977874fea98e9d15bcda9} {5cef8cb26ec0cf0cbc2bf93f1561460fb5a03d2eaee977874fea98e9d15bcda9}{5cef8cb26ec0cf0cbc2bf93f1561460fb5a03d2eaee977874fea98e9d15bcda9}sep{5cef8cb26ec0cf0cbc2bf93f1561460fb5a03d2eaee977874fea98e9d15bcda9}{5cef8cb26ec0cf0cbc2bf93f1561460fb5a03d2eaee977874fea98e9d15bcda9} {5cef8cb26ec0cf0cbc2bf93f1561460fb5a03d2eaee977874fea98e9d15bcda9}{5cef8cb26ec0cf0cbc2bf93f1561460fb5a03d2eaee977874fea98e9d15bcda9}sitename{5cef8cb26ec0cf0cbc2bf93f1561460fb5a03d2eaee977874fea98e9d15bcda9}{5cef8cb26ec0cf0cbc2bf93f1561460fb5a03d2eaee977874fea98e9d15bcda9} de Can Tho","isPartOf":{"@id":"https:\/\/efip.ctu.edu.vn\/web\/#website"},"primaryImageOfPage":{"@id":"https:\/\/efip.ctu.edu.vn\/web\/webinaires-special-covid-19\/#primaryimage"},"image":{"@id":"https:\/\/efip.ctu.edu.vn\/web\/webinaires-special-covid-19\/#primaryimage"},"thumbnailUrl":"https:\/\/efip.ctu.edu.vn\/web\/wp-content\/uploads\/2020\/02\/Coronavirus.jpg","datePublished":"2020-06-15T02:02:09+00:00","dateModified":"2020-11-04T03:02:25+00:00","description":"Dans cette rubrique Sp\u00e9cial COVID-19, nous regrouperons tous les webinaires et conf\u00e9rences en lien avec la pand\u00e9mie. Elle sera mise \u00e0 jour r\u00e9guli\u00e8rement.","breadcrumb":{"@id":"https:\/\/efip.ctu.edu.vn\/web\/webinaires-special-covid-19\/#breadcrumb"},"inLanguage":"en-US","potentialAction":[{"@type":"ReadAction","target":["https:\/\/efip.ctu.edu.vn\/web\/webinaires-special-covid-19\/"]}]},{"@type":"ImageObject","inLanguage":"en-US","@id":"https:\/\/efip.ctu.edu.vn\/web\/webinaires-special-covid-19\/#primaryimage","url":"https:\/\/efip.ctu.edu.vn\/web\/wp-content\/uploads\/2020\/02\/Coronavirus.jpg","contentUrl":"https:\/\/efip.ctu.edu.vn\/web\/wp-content\/uploads\/2020\/02\/Coronavirus.jpg","width":317,"height":159,"caption":"Webinaires et conf\u00e9rences Sp\u00e9cial COVID-19"},{"@type":"BreadcrumbList","@id":"https:\/\/efip.ctu.edu.vn\/web\/webinaires-special-covid-19\/#breadcrumb","itemListElement":[{"@type":"ListItem","position":1,"name":"Accueil","item":"https:\/\/efip.ctu.edu.vn\/web\/"},{"@type":"ListItem","position":2,"name":"Sp\u00e9cial COVID-19"}]},{"@type":"WebSite","@id":"https:\/\/efip.ctu.edu.vn\/web\/#website","url":"https:\/\/efip.ctu.edu.vn\/web\/","name":"EFIP de Can Tho","description":"Espace Francophone d&#039;Innovation et de Partenariat","publisher":{"@id":"https:\/\/efip.ctu.edu.vn\/web\/#organization"},"potentialAction":[{"@type":"SearchAction","target":{"@type":"EntryPoint","urlTemplate":"https:\/\/efip.ctu.edu.vn\/web\/?s={search_term_string}"},"query-input":{"@type":"PropertyValueSpecification","valueRequired":true,"valueName":"search_term_string"}}],"inLanguage":"en-US"},{"@type":"Organization","@id":"https:\/\/efip.ctu.edu.vn\/web\/#organization","name":"EFIP","url":"https:\/\/efip.ctu.edu.vn\/web\/","logo":{"@type":"ImageObject","inLanguage":"en-US","@id":"https:\/\/efip.ctu.edu.vn\/web\/#\/schema\/logo\/image\/","url":"https:\/\/efip.ctu.edu.vn\/web\/wp-content\/uploads\/2025\/05\/efip2-150x89-1.jpg","contentUrl":"https:\/\/efip.ctu.edu.vn\/web\/wp-content\/uploads\/2025\/05\/efip2-150x89-1.jpg","width":150,"height":89,"caption":"EFIP"},"image":{"@id":"https:\/\/efip.ctu.edu.vn\/web\/#\/schema\/logo\/image\/"},"sameAs":["https:\/\/www.facebook.com\/efipCanTho"]}]}},"_links":{"self":[{"href":"https:\/\/efip.ctu.edu.vn\/web\/wp-json\/wp\/v2\/pages\/1518","targetHints":{"allow":["GET"]}}],"collection":[{"href":"https:\/\/efip.ctu.edu.vn\/web\/wp-json\/wp\/v2\/pages"}],"about":[{"href":"https:\/\/efip.ctu.edu.vn\/web\/wp-json\/wp\/v2\/types\/page"}],"author":[{"embeddable":true,"href":"https:\/\/efip.ctu.edu.vn\/web\/wp-json\/wp\/v2\/users\/3"}],"replies":[{"embeddable":true,"href":"https:\/\/efip.ctu.edu.vn\/web\/wp-json\/wp\/v2\/comments?post=1518"}],"version-history":[{"count":7,"href":"https:\/\/efip.ctu.edu.vn\/web\/wp-json\/wp\/v2\/pages\/1518\/revisions"}],"predecessor-version":[{"id":2353,"href":"https:\/\/efip.ctu.edu.vn\/web\/wp-json\/wp\/v2\/pages\/1518\/revisions\/2353"}],"wp:featuredmedia":[{"embeddable":true,"href":"https:\/\/efip.ctu.edu.vn\/web\/wp-json\/wp\/v2\/media\/885"}],"wp:attachment":[{"href":"https:\/\/efip.ctu.edu.vn\/web\/wp-json\/wp\/v2\/media?parent=1518"}],"curies":[{"name":"wp","href":"https:\/\/api.w.org\/{rel}","templated":true}]}}