{"id":1513,"date":"2020-06-15T08:55:35","date_gmt":"2020-06-15T01:55:35","guid":{"rendered":"https:\/\/efip.ctu.edu.vn\/web\/?page_id=1513"},"modified":"2020-10-16T08:50:28","modified_gmt":"2020-10-16T01:50:28","slug":"covid-19-conferences-en-ligne-de-la-cidmef","status":"publish","type":"page","link":"https:\/\/efip.ctu.edu.vn\/web\/covid-19-conferences-en-ligne-de-la-cidmef\/","title":{"rendered":"COVID-19 : conf\u00e9rences en ligne de la CIDMEF"},"content":{"rendered":"\n<div class=\"wp-block-image\"><figure class=\"aligncenter size-large\"><img fetchpriority=\"high\" decoding=\"async\" width=\"611\" height=\"196\" src=\"https:\/\/efip.ctu.edu.vn\/web\/wp-content\/uploads\/2020\/06\/CIDMEFetPartenaires.png\" alt=\"CIDMEF et ses partenaires\" class=\"wp-image-1515\" srcset=\"https:\/\/efip.ctu.edu.vn\/web\/wp-content\/uploads\/2020\/06\/CIDMEFetPartenaires.png 611w, https:\/\/efip.ctu.edu.vn\/web\/wp-content\/uploads\/2020\/06\/CIDMEFetPartenaires-300x96.png 300w, https:\/\/efip.ctu.edu.vn\/web\/wp-content\/uploads\/2020\/06\/CIDMEFetPartenaires-110x35.png 110w, https:\/\/efip.ctu.edu.vn\/web\/wp-content\/uploads\/2020\/06\/CIDMEFetPartenaires-420x135.png 420w\" sizes=\"(max-width: 611px) 100vw, 611px\" \/><\/figure><\/div>\n\n\n\n<p><em>La pand\u00e9mie de COVID-19 bouleverse nos vies, de diff\u00e9rentes mani\u00e8res, selon nos pays. C\u2019est aussi la difficult\u00e9 : comment mutualiser nos informations, partager nos exp\u00e9riences ? <\/em><\/p>\n\n\n\n<p><strong>La Conf\u00e9rence internationale des doyens des Facult\u00e9s de m\u00e9decine d&#8217;expression fran\u00e7aise (CIDMEF)<\/strong>, en partenariat avec la Soci\u00e9t\u00e9 de Pneumologie de Langue Fran\u00e7aise et l\u2019Espace Francophone de Pneumologie (SPLF\/EFP), organisent toutes les deux semaines, depuis plus de quatre ans, des visioconf\u00e9rences d\u2019actualit\u00e9s destin\u00e9es \u00e0 l\u2019ensemble des Facult\u00e9s de m\u00e9decine de l\u2019espace francophone. Vingt facult\u00e9s, pr\u00e8s de 400 m\u00e9decins et assistants y participent r\u00e9guli\u00e8rement. Depuis le d\u00e9but de la pand\u00e9mie de COVID-19, la CIDMEF a modifi\u00e9 ses programmes pour donner la priorit\u00e9 aux mesures d\u2019urgence individuelles et collectives. La participation est croissante chaque semaine. Les questions en direct sont nombreuses et de nombreux sp\u00e9cialistes y r\u00e9pondent.<\/p>\n\n\n\n<p>Ces conf\u00e9rences sont soutenues par l&#8217;AUF (Agence Universitaire de la Francophonie), qui organise notamment des conf\u00e9rences accessibles \u00e0 toutes et tous.<\/p>\n\n\n\n<p><strong>Cette s\u00e9rie de conf\u00e9rences en ligne de la CIDMEF sur le COVID-19 regroupe 7 webinaires :<\/strong><\/p>\n\n\n\n<ul class=\"wp-block-list\"><li>Organisation de la lutte contre le Covid-19 (Page 1);<\/li><li>Point sur l&#8217;\u00e9pid\u00e9miologie de Covid-19 (Page 2);<\/li><li>Conf\u00e9rence du Dr Jean-Fran\u00e7ois Lemoine sur la pand\u00e9mie de COVID-19 (Page 3);<\/li><li>Pand\u00e9mie COVID-19 en Afrique : cons\u00e9quences sociales (Page 4);<\/li><li>Prise en charge des patients atteints par le COVID-19 (Page 5);<\/li><li>Covid et grossesse en Afrique : quelles le\u00e7ons tirer de l\u2019exp\u00e9rience v\u00e9cue ? (Page 6);<\/li><li>COVID-19 et parcours en Afrique (Page 7).<\/li><\/ul>\n\n\n\n<hr class=\"wp-block-separator has-text-color has-background has-vivid-red-background-color has-vivid-red-color\"\/>\n\n\n\n<figure class=\"wp-block-embed-youtube wp-block-embed is-type-video is-provider-youtube wp-embed-aspect-16-9 wp-has-aspect-ratio\"><div class=\"wp-block-embed__wrapper\">\n<iframe title=\"&quot;Organisation de la lutte contre le COVID-19&quot; : confe\u0301rence du Pr Philippe Fraisse\" width=\"660\" height=\"371\" src=\"https:\/\/www.youtube.com\/embed\/qOYCxDIY7vY?feature=oembed\" frameborder=\"0\" allow=\"accelerometer; autoplay; clipboard-write; encrypted-media; gyroscope; picture-in-picture; web-share\" referrerpolicy=\"strict-origin-when-cross-origin\" allowfullscreen><\/iframe>\n<\/div><\/figure>\n\n\n\n<ul class=\"wp-block-list\"><li><a rel=\"noreferrer noopener\" href=\"https:\/\/youtu.be\/qOYCxDIY7vY\" target=\"_blank\"><strong>Organisation de la lutte contre le COVID-19<\/strong><\/a> : conf\u00e9rence du <strong>Dr Philippe Fraisse<\/strong> du 17 avril 2020. Le Dr Philippe Fraisse est responsable sant\u00e9 publique au sein du Groupe pour la recherche et l\u2019enseignement en infectiologie de la SPLF &#8211; CHU de Strasbourg. Dans cette conf\u00e9rence, il est question du confinement, des mesures de salubrit\u00e9 et d&#8217;hygi\u00e8ne, des gestes barri\u00e8res, des masque artisanaux. Il est \u00e9galement question des strat\u00e9gies pour atteindre ces gestes barri\u00e8res : endiguement, d\u00e9pistage et avertissement des sujets contacts, notions d&#8217;\u00e9pid\u00e9miologie. La question du d\u00e9confinement est elle aussi abord\u00e9e. Il faut tenir en compte du seuil \u00e0 atteindre qui ne peut \u00eatre z\u00e9ro, de la diminution des cas et des hospitalisations.<\/li><\/ul>\n\n\n\n<p><\/p>\n\n\n\n<p><em>Cliquez sur la page suivante pour voir le prochain webinaire.<\/em><\/p>\n\n\n\n<!--nextpage-->\n\n\n\n<figure class=\"wp-block-embed-youtube wp-block-embed is-type-video is-provider-youtube wp-embed-aspect-16-9 wp-has-aspect-ratio\"><div class=\"wp-block-embed__wrapper\">\n<iframe title=\"&quot;Point sur l\u2019\u00e9pid\u00e9miologie du COVID-19&quot; : conf\u00e9rence du Pr Antoine Flahault\" width=\"660\" height=\"371\" src=\"https:\/\/www.youtube.com\/embed\/r-Oz7wTX51I?feature=oembed\" frameborder=\"0\" allow=\"accelerometer; autoplay; clipboard-write; encrypted-media; gyroscope; picture-in-picture; web-share\" referrerpolicy=\"strict-origin-when-cross-origin\" allowfullscreen><\/iframe>\n<\/div><\/figure>\n\n\n\n<ul class=\"wp-block-list\"><li><a rel=\"noreferrer noopener\" href=\"https:\/\/youtu.be\/r-Oz7wTX51I\" target=\"_blank\"><strong>Point sur l\u2019\u00e9pid\u00e9miologie du COVID-19<\/strong><\/a> : conf\u00e9rence du <strong>Pr Antoine Flahault<\/strong> du 28 avril 2020, organis\u00e9 dans le cadre des conf\u00e9rences en ligne de la CIDMEF sur le COVID-19. Le Pr Antoine Flahault, co-Directeur de la Swiss School of Public Health de Z\u00fcrich et Directeur de l\u2019Institut de Sant\u00e9 Globale de la Facult\u00e9 de M\u00e9decine de l&#8217;Universit\u00e9 de Gen\u00e8ve, en Suisse, est intervenu sur le th\u00e8me : &#8220;<em>Point sur l\u2019\u00e9pid\u00e9miologie du COVID-19 : le rationnel derri\u00e8re les diff\u00e9rentes interventions et les conditions du d\u00e9confinement (crit\u00e8res et modalit\u00e9s)<\/em>&#8220;.<\/li><\/ul>\n\n\n\n<p><\/p>\n\n\n\n<p><em>Cliquez sur la page suivante pour voir le prochain webinaire.<\/em><\/p>\n\n\n\n<!--nextpage-->\n\n\n\n<figure class=\"wp-block-embed-youtube wp-block-embed is-type-video is-provider-youtube wp-embed-aspect-16-9 wp-has-aspect-ratio\"><div class=\"wp-block-embed__wrapper\">\n<iframe title=\"Conf\u00e9rence du Dr Jean-Fran\u00e7ois Lemoine sur la pand\u00e9mie de COVID-19\" width=\"660\" height=\"371\" src=\"https:\/\/www.youtube.com\/embed\/ZCuZ--dTs-8?feature=oembed\" frameborder=\"0\" allow=\"accelerometer; autoplay; clipboard-write; encrypted-media; gyroscope; picture-in-picture; web-share\" referrerpolicy=\"strict-origin-when-cross-origin\" allowfullscreen><\/iframe>\n<\/div><\/figure>\n\n\n\n<ul class=\"wp-block-list\"><li><strong><a rel=\"noreferrer noopener\" href=\"https:\/\/youtu.be\/ZCuZ--dTs-8\" target=\"_blank\">Conf\u00e9rence du Dr Jean-Fran\u00e7ois Lemoine sur la pand\u00e9mie de COVID-19<\/a><\/strong> du 11 mai 2020. Le <strong>Dr Jean-Fran\u00e7ois Lemoine<\/strong> est m\u00e9decin-journaliste. Il participe \u00e0 une \u00e9mission de grande \u00e9coute, <em>L\u2019info du vrai<\/em>, diffus\u00e9e tous les soirs sur la cha\u00eene de t\u00e9l\u00e9vision fran\u00e7aise Canal+. Il a acquis une vision d\u2019ensemble de cette pand\u00e9mie qui est utile pour contextualiser les diff\u00e9rentes interventions m\u00e9dicales et soci\u00e9tales, dans chacun des pays.<\/li><\/ul>\n\n\n\n<p><\/p>\n\n\n\n<p><em>Cliquez sur la page suivante pour voir le prochain webinaire.<\/em><\/p>\n\n\n\n<!--nextpage-->\n\n\n\n<figure class=\"wp-block-embed-youtube wp-block-embed is-type-video is-provider-youtube wp-embed-aspect-16-9 wp-has-aspect-ratio\"><div class=\"wp-block-embed__wrapper\">\n<iframe title=\"&quot;Pand\u00e9mie COVID-19 en Afrique : cons\u00e9quences sociales&quot; : conf\u00e9rence du Pr Jacques Barrier\" width=\"660\" height=\"371\" src=\"https:\/\/www.youtube.com\/embed\/NQZbjs4UWLM?feature=oembed\" frameborder=\"0\" allow=\"accelerometer; autoplay; clipboard-write; encrypted-media; gyroscope; picture-in-picture; web-share\" referrerpolicy=\"strict-origin-when-cross-origin\" allowfullscreen><\/iframe>\n<\/div><\/figure>\n\n\n\n<ul class=\"wp-block-list\"><li><strong><a rel=\"noreferrer noopener\" href=\"https:\/\/youtu.be\/NQZbjs4UWLM\" target=\"_blank\">Pand\u00e9mie COVID-19 en Afrique : cons\u00e9quences sociales<\/a><\/strong> : conf\u00e9rence du<strong> Pr Jacques Barrier<\/strong> du 7 juin 2020. Le Pr Jacques Barrier est professeur \u00e9m\u00e9rite de l\u2019Universit\u00e9 de Nantes (France), ancien Pr\u00e9sident du Conseil p\u00e9dagogique de la CIDMEF, ancien pr\u00e9sident de la F\u00e9d\u00e9ration des Sp\u00e9cialit\u00e9s M\u00e9dicales (France) et repr\u00e9sentant du groupe de r\u00e9flexion COVID Afrique U.<\/li><\/ul>\n\n\n\n<p><\/p>\n\n\n\n<p><em>Cliquez sur la page suivante pour voir le prochain webinaire.<\/em><\/p>\n\n\n\n<!--nextpage-->\n\n\n\n<figure class=\"wp-block-embed-youtube wp-block-embed is-type-video is-provider-youtube wp-embed-aspect-16-9 wp-has-aspect-ratio\"><div class=\"wp-block-embed__wrapper\">\n<iframe title=\"&quot;Prise en charge des patients atteints par le COVID-19&quot; : conf\u00e9rence du Pr Bruno Crestani\" width=\"660\" height=\"371\" src=\"https:\/\/www.youtube.com\/embed\/Qhl_zg9huC8?feature=oembed\" frameborder=\"0\" allow=\"accelerometer; autoplay; clipboard-write; encrypted-media; gyroscope; picture-in-picture; web-share\" referrerpolicy=\"strict-origin-when-cross-origin\" allowfullscreen><\/iframe>\n<\/div><\/figure>\n\n\n\n<ul class=\"wp-block-list\"><li><strong><a aria-label=\"undefined (s\u2019ouvre dans un nouvel onglet)\" rel=\"noreferrer noopener\" href=\"https:\/\/youtu.be\/Qhl_zg9huC8\" target=\"_blank\">Prise en charge des patients atteints par le COVID-19<\/a><\/strong> du 2 juillet 2020, dans le cadre des conf\u00e9rences en ligne de la CIDMEF sur le COVID-19. Conf\u00e9rence du <strong>Pr Bruno Crestani<\/strong>, chef de service de Pneumologie de l\u2019h\u00f4pital Bichat Claude-Bernard \u00e0 Paris, coordonnateur du centre de r\u00e9f\u00e9rence constitutif des maladies pulmonaires rares de l\u2019adulte et du DHU FIRE (Fibrose, Inflammation et Remodelage).<\/li><\/ul>\n\n\n\n<p><em>Cliquez sur la page suivante pour voir le prochain webinaire.<\/em><\/p>\n\n\n\n<!--nextpage-->\n\n\n\n<figure class=\"wp-block-embed-youtube wp-block-embed is-type-video is-provider-youtube wp-embed-aspect-16-9 wp-has-aspect-ratio\"><div class=\"wp-block-embed__wrapper\">\n<iframe title=\"Conf\u00e9rence &quot;Covid et grossesse en Afrique : quelles le\u00e7ons tirer de l\u2019exp\u00e9rience v\u00e9cue ?&quot;\" width=\"660\" height=\"371\" src=\"https:\/\/www.youtube.com\/embed\/OrfpjJ1d_pY?feature=oembed\" frameborder=\"0\" allow=\"accelerometer; autoplay; clipboard-write; encrypted-media; gyroscope; picture-in-picture; web-share\" referrerpolicy=\"strict-origin-when-cross-origin\" allowfullscreen><\/iframe>\n<\/div><\/figure>\n\n\n\n<p><strong><a href=\"https:\/\/youtu.be\/OrfpjJ1d_pY\" target=\"_blank\" rel=\"noreferrer noopener\">Covid et grossesse en Afrique : quelles le\u00e7ons tirer de l\u2019exp\u00e9rience v\u00e9cue ?<\/a><\/strong> du 29 juillet 2020. <\/p>\n\n\n\n<p>Sont intervenus<strong> le Professeur Chekib MOUELI <\/strong>: &#8220;Covid-19 et Grossesse en Afrique du Nord (exp\u00e9rience de la Tunisie)&#8221;, <strong>le Professeur Serge BONI <\/strong>: &#8220;Covid-19 et Grossesse en Afrique Subsaharienne du Nord (exp\u00e9rience de la C\u00f4te d\u2019Ivoire)&#8221; et <strong>le Professeur Cheikh Tidiane CISSE<\/strong> : &#8220;Covid-19 et grossesse, r\u00e9organisation des soins obst\u00e9tricaux en milieu africain&#8221;.<\/p>\n\n\n\n<p><em>Cliquez sur la page suivante pour voir le prochain webinaire.<\/em><\/p>\n\n\n\n<!--nextpage-->\n\n\n\n<figure class=\"wp-block-embed-youtube wp-block-embed is-type-video is-provider-youtube wp-embed-aspect-16-9 wp-has-aspect-ratio\"><div class=\"wp-block-embed__wrapper\">\n<iframe title=\"\u00ab COVID-19 et parcours en Afrique \u00bb par les Dr Bonaventure MVE ONDO et Magloire AMBOURHOUET-BIGMANN\" width=\"660\" height=\"371\" src=\"https:\/\/www.youtube.com\/embed\/tgRpECQK4Vk?feature=oembed\" frameborder=\"0\" allow=\"accelerometer; autoplay; clipboard-write; encrypted-media; gyroscope; picture-in-picture; web-share\" referrerpolicy=\"strict-origin-when-cross-origin\" allowfullscreen><\/iframe>\n<\/div><\/figure>\n\n\n\n<p><strong><a href=\"https:\/\/youtu.be\/tgRpECQK4Vk\" target=\"_blank\" rel=\"noreferrer noopener\">\u00ab COVID-19 et parcours en Afrique \u00bb<\/a><\/strong>, organis\u00e9 le 8 octobre 2020. <\/p>\n\n\n\n<p>Il s&#8217;agit de deux interventions : <em>&#8220;La COVID-19 pourrait-elle contribuer \u00e0 modifier le parcours de formation en Afrique ?&#8221;<\/em> par<strong> le Dr Bonaventure MVE ONDO<\/strong>, Professeur et philosophe, Professeur de philosophie compar\u00e9e et de politique scientifique \u00e0 l\u2019Universit\u00e9 Omar Bongo (Libreville), Vice-Recteur honoraire de l\u2019AUF, Recteur honoraire de l\u2019Universit\u00e9 Omar Bongo; et  <em>&#8220;La COVID-19 peut-elle contribuer \u00e0 acc\u00e9l\u00e9rer le d\u00e9veloppement de l\u2019Afrique, au regard des crit\u00e8res retenus de nos jours ?&#8221; <\/em>par <strong>le Dr Magloire AMBOURHOUET-BIGMANN,<\/strong> Professeur et \u00e9crivain, Ma\u00eetre-assistant en Litt\u00e9rature africaine \u00e0 l\u2019Universit\u00e9 Omar Bongo (Libreville).<\/p>\n\n\n\n<p><\/p>\n\n\n\n<p>Si les liens ne fonctionnent pas, cliquez ici pour voir la page YouTube des conf\u00e9rences : <a rel=\"noreferrer noopener\" href=\"https:\/\/www.youtube.com\/playlist?list=PLZ_pEg0295759UXWfNJHU_zPCWY4qjl2U\" target=\"_blank\">https:\/\/www.youtube.com\/playlist?list=PLZ_pEg0295759UXWfNJHU_zPCWY4qjl2U<\/a><\/p>\n\n\n\n<p>Pour d\u2019autres webinaires :&nbsp;<a rel=\"noreferrer noopener\" href=\"https:\/\/efip.ctu.edu.vn\/web\/webinaires\/\" target=\"_blank\">https:\/\/efip.ctu.edu.vn\/web\/webinaires\/<\/a><\/p>\n\n\n\n<p class=\"has-text-align-right\"><em>Mise \u00e0 jour le 16 octobre 2020<\/em><\/p>\n","protected":false},"excerpt":{"rendered":"<p>La pand\u00e9mie de COVID-19 bouleverse nos vies, de diff\u00e9rentes mani\u00e8res, selon nos pays. C\u2019est aussi la difficult\u00e9 : comment mutualiser &hellip; <br \/><a href=\"https:\/\/efip.ctu.edu.vn\/web\/covid-19-conferences-en-ligne-de-la-cidmef\/\" class=\"more-link\">Continue reading <span class=\"screen-reader-text\">COVID-19 : conf\u00e9rences en ligne de la CIDMEF<\/span><\/a><\/p>\n","protected":false},"author":3,"featured_media":1713,"parent":0,"menu_order":0,"comment_status":"closed","ping_status":"closed","template":"","meta":{"footnotes":""},"class_list":["post-1513","page","type-page","status-publish","has-post-thumbnail","hentry"],"yoast_head":"<!-- This site is optimized with the Yoast SEO plugin v25.0 - https:\/\/yoast.com\/wordpress\/plugins\/seo\/ -->\n<title>COVID-19 : conf\u00e9rences en ligne de la CIDMEF - EFIP<\/title>\n<meta name=\"description\" content=\"COVID-19 : conf\u00e9rences en ligne de la CIDMEF qui se mobilise pour r\u00e9pondre aux besoins concrets des praticiens face au COVID-19.\" \/>\n<meta name=\"robots\" content=\"index, follow, max-snippet:-1, max-image-preview:large, max-video-preview:-1\" \/>\n<link rel=\"canonical\" href=\"https:\/\/efip.ctu.edu.vn\/web\/covid-19-conferences-en-ligne-de-la-cidmef\/\" \/>\n<link rel=\"next\" href=\"https:\/\/efip.ctu.edu.vn\/web\/covid-19-conferences-en-ligne-de-la-cidmef\/2\/\" \/>\n<meta property=\"og:locale\" content=\"en_US\" \/>\n<meta property=\"og:type\" content=\"article\" \/>\n<meta property=\"og:title\" content=\"COVID-19 : conf\u00e9rences en ligne de la CIDMEF - EFIP\" \/>\n<meta property=\"og:description\" content=\"COVID-19 : conf\u00e9rences en ligne de la CIDMEF qui se mobilise pour r\u00e9pondre aux besoins concrets des praticiens face au COVID-19.\" \/>\n<meta property=\"og:url\" content=\"https:\/\/efip.ctu.edu.vn\/web\/covid-19-conferences-en-ligne-de-la-cidmef\/\" \/>\n<meta property=\"og:site_name\" content=\"EFIP\" \/>\n<meta property=\"article:publisher\" content=\"https:\/\/www.facebook.com\/efipCanTho\" \/>\n<meta property=\"article:modified_time\" content=\"2020-10-16T01:50:28+00:00\" \/>\n<meta property=\"og:image\" content=\"https:\/\/efip.ctu.edu.vn\/web\/wp-content\/uploads\/2020\/07\/ConferencesCIDMEF.png\" \/>\n\t<meta property=\"og:image:width\" content=\"1347\" \/>\n\t<meta property=\"og:image:height\" content=\"666\" \/>\n\t<meta property=\"og:image:type\" content=\"image\/png\" \/>\n<meta name=\"twitter:card\" content=\"summary_large_image\" \/>\n<meta name=\"twitter:label1\" content=\"Est. reading time\" \/>\n\t<meta name=\"twitter:data1\" content=\"5 minutes\" \/>\n<script type=\"application\/ld+json\" class=\"yoast-schema-graph\">{\"@context\":\"https:\/\/schema.org\",\"@graph\":[{\"@type\":\"WebPage\",\"@id\":\"https:\/\/efip.ctu.edu.vn\/web\/covid-19-conferences-en-ligne-de-la-cidmef\/\",\"url\":\"https:\/\/efip.ctu.edu.vn\/web\/covid-19-conferences-en-ligne-de-la-cidmef\/\",\"name\":\"COVID-19 : conf\u00e9rences en ligne de la CIDMEF - EFIP\",\"isPartOf\":{\"@id\":\"https:\/\/efip.ctu.edu.vn\/web\/#website\"},\"primaryImageOfPage\":{\"@id\":\"https:\/\/efip.ctu.edu.vn\/web\/covid-19-conferences-en-ligne-de-la-cidmef\/#primaryimage\"},\"image\":{\"@id\":\"https:\/\/efip.ctu.edu.vn\/web\/covid-19-conferences-en-ligne-de-la-cidmef\/#primaryimage\"},\"thumbnailUrl\":\"https:\/\/efip.ctu.edu.vn\/web\/wp-content\/uploads\/2020\/07\/ConferencesCIDMEF.png\",\"datePublished\":\"2020-06-15T01:55:35+00:00\",\"dateModified\":\"2020-10-16T01:50:28+00:00\",\"description\":\"COVID-19 : conf\u00e9rences en ligne de la CIDMEF qui se mobilise pour r\u00e9pondre aux besoins concrets des praticiens face au COVID-19.\",\"inLanguage\":\"en-US\",\"potentialAction\":[{\"@type\":\"ReadAction\",\"target\":[\"https:\/\/efip.ctu.edu.vn\/web\/covid-19-conferences-en-ligne-de-la-cidmef\/\"]}]},{\"@type\":\"ImageObject\",\"inLanguage\":\"en-US\",\"@id\":\"https:\/\/efip.ctu.edu.vn\/web\/covid-19-conferences-en-ligne-de-la-cidmef\/#primaryimage\",\"url\":\"https:\/\/efip.ctu.edu.vn\/web\/wp-content\/uploads\/2020\/07\/ConferencesCIDMEF.png\",\"contentUrl\":\"https:\/\/efip.ctu.edu.vn\/web\/wp-content\/uploads\/2020\/07\/ConferencesCIDMEF.png\",\"width\":1347,\"height\":666,\"caption\":\"Conf\u00e9rences de la CIDMEF\"},{\"@type\":\"WebSite\",\"@id\":\"https:\/\/efip.ctu.edu.vn\/web\/#website\",\"url\":\"https:\/\/efip.ctu.edu.vn\/web\/\",\"name\":\"EFIP de Can Tho\",\"description\":\"Espace Francophone d&#039;Innovation et de Partenariat\",\"publisher\":{\"@id\":\"https:\/\/efip.ctu.edu.vn\/web\/#organization\"},\"potentialAction\":[{\"@type\":\"SearchAction\",\"target\":{\"@type\":\"EntryPoint\",\"urlTemplate\":\"https:\/\/efip.ctu.edu.vn\/web\/?s={search_term_string}\"},\"query-input\":{\"@type\":\"PropertyValueSpecification\",\"valueRequired\":true,\"valueName\":\"search_term_string\"}}],\"inLanguage\":\"en-US\"},{\"@type\":\"Organization\",\"@id\":\"https:\/\/efip.ctu.edu.vn\/web\/#organization\",\"name\":\"EFIP\",\"url\":\"https:\/\/efip.ctu.edu.vn\/web\/\",\"logo\":{\"@type\":\"ImageObject\",\"inLanguage\":\"en-US\",\"@id\":\"https:\/\/efip.ctu.edu.vn\/web\/#\/schema\/logo\/image\/\",\"url\":\"https:\/\/efip.ctu.edu.vn\/web\/wp-content\/uploads\/2025\/05\/efip2-150x89-1.jpg\",\"contentUrl\":\"https:\/\/efip.ctu.edu.vn\/web\/wp-content\/uploads\/2025\/05\/efip2-150x89-1.jpg\",\"width\":150,\"height\":89,\"caption\":\"EFIP\"},\"image\":{\"@id\":\"https:\/\/efip.ctu.edu.vn\/web\/#\/schema\/logo\/image\/\"},\"sameAs\":[\"https:\/\/www.facebook.com\/efipCanTho\"]}]}<\/script>\n<!-- \/ Yoast SEO plugin. -->","yoast_head_json":{"title":"COVID-19 : conf\u00e9rences en ligne de la CIDMEF - EFIP","description":"COVID-19 : conf\u00e9rences en ligne de la CIDMEF qui se mobilise pour r\u00e9pondre aux besoins concrets des praticiens face au COVID-19.","robots":{"index":"index","follow":"follow","max-snippet":"max-snippet:-1","max-image-preview":"max-image-preview:large","max-video-preview":"max-video-preview:-1"},"canonical":"https:\/\/efip.ctu.edu.vn\/web\/covid-19-conferences-en-ligne-de-la-cidmef\/","next":"https:\/\/efip.ctu.edu.vn\/web\/covid-19-conferences-en-ligne-de-la-cidmef\/2\/","og_locale":"en_US","og_type":"article","og_title":"COVID-19 : conf\u00e9rences en ligne de la CIDMEF - EFIP","og_description":"COVID-19 : conf\u00e9rences en ligne de la CIDMEF qui se mobilise pour r\u00e9pondre aux besoins concrets des praticiens face au COVID-19.","og_url":"https:\/\/efip.ctu.edu.vn\/web\/covid-19-conferences-en-ligne-de-la-cidmef\/","og_site_name":"EFIP","article_publisher":"https:\/\/www.facebook.com\/efipCanTho","article_modified_time":"2020-10-16T01:50:28+00:00","og_image":[{"width":1347,"height":666,"url":"https:\/\/efip.ctu.edu.vn\/web\/wp-content\/uploads\/2020\/07\/ConferencesCIDMEF.png","type":"image\/png"}],"twitter_card":"summary_large_image","twitter_misc":{"Est. reading time":"5 minutes"},"schema":{"@context":"https:\/\/schema.org","@graph":[{"@type":"WebPage","@id":"https:\/\/efip.ctu.edu.vn\/web\/covid-19-conferences-en-ligne-de-la-cidmef\/","url":"https:\/\/efip.ctu.edu.vn\/web\/covid-19-conferences-en-ligne-de-la-cidmef\/","name":"COVID-19 : conf\u00e9rences en ligne de la CIDMEF - EFIP","isPartOf":{"@id":"https:\/\/efip.ctu.edu.vn\/web\/#website"},"primaryImageOfPage":{"@id":"https:\/\/efip.ctu.edu.vn\/web\/covid-19-conferences-en-ligne-de-la-cidmef\/#primaryimage"},"image":{"@id":"https:\/\/efip.ctu.edu.vn\/web\/covid-19-conferences-en-ligne-de-la-cidmef\/#primaryimage"},"thumbnailUrl":"https:\/\/efip.ctu.edu.vn\/web\/wp-content\/uploads\/2020\/07\/ConferencesCIDMEF.png","datePublished":"2020-06-15T01:55:35+00:00","dateModified":"2020-10-16T01:50:28+00:00","description":"COVID-19 : conf\u00e9rences en ligne de la CIDMEF qui se mobilise pour r\u00e9pondre aux besoins concrets des praticiens face au COVID-19.","inLanguage":"en-US","potentialAction":[{"@type":"ReadAction","target":["https:\/\/efip.ctu.edu.vn\/web\/covid-19-conferences-en-ligne-de-la-cidmef\/"]}]},{"@type":"ImageObject","inLanguage":"en-US","@id":"https:\/\/efip.ctu.edu.vn\/web\/covid-19-conferences-en-ligne-de-la-cidmef\/#primaryimage","url":"https:\/\/efip.ctu.edu.vn\/web\/wp-content\/uploads\/2020\/07\/ConferencesCIDMEF.png","contentUrl":"https:\/\/efip.ctu.edu.vn\/web\/wp-content\/uploads\/2020\/07\/ConferencesCIDMEF.png","width":1347,"height":666,"caption":"Conf\u00e9rences de la CIDMEF"},{"@type":"WebSite","@id":"https:\/\/efip.ctu.edu.vn\/web\/#website","url":"https:\/\/efip.ctu.edu.vn\/web\/","name":"EFIP de Can Tho","description":"Espace Francophone d&#039;Innovation et de Partenariat","publisher":{"@id":"https:\/\/efip.ctu.edu.vn\/web\/#organization"},"potentialAction":[{"@type":"SearchAction","target":{"@type":"EntryPoint","urlTemplate":"https:\/\/efip.ctu.edu.vn\/web\/?s={search_term_string}"},"query-input":{"@type":"PropertyValueSpecification","valueRequired":true,"valueName":"search_term_string"}}],"inLanguage":"en-US"},{"@type":"Organization","@id":"https:\/\/efip.ctu.edu.vn\/web\/#organization","name":"EFIP","url":"https:\/\/efip.ctu.edu.vn\/web\/","logo":{"@type":"ImageObject","inLanguage":"en-US","@id":"https:\/\/efip.ctu.edu.vn\/web\/#\/schema\/logo\/image\/","url":"https:\/\/efip.ctu.edu.vn\/web\/wp-content\/uploads\/2025\/05\/efip2-150x89-1.jpg","contentUrl":"https:\/\/efip.ctu.edu.vn\/web\/wp-content\/uploads\/2025\/05\/efip2-150x89-1.jpg","width":150,"height":89,"caption":"EFIP"},"image":{"@id":"https:\/\/efip.ctu.edu.vn\/web\/#\/schema\/logo\/image\/"},"sameAs":["https:\/\/www.facebook.com\/efipCanTho"]}]}},"_links":{"self":[{"href":"https:\/\/efip.ctu.edu.vn\/web\/wp-json\/wp\/v2\/pages\/1513","targetHints":{"allow":["GET"]}}],"collection":[{"href":"https:\/\/efip.ctu.edu.vn\/web\/wp-json\/wp\/v2\/pages"}],"about":[{"href":"https:\/\/efip.ctu.edu.vn\/web\/wp-json\/wp\/v2\/types\/page"}],"author":[{"embeddable":true,"href":"https:\/\/efip.ctu.edu.vn\/web\/wp-json\/wp\/v2\/users\/3"}],"replies":[{"embeddable":true,"href":"https:\/\/efip.ctu.edu.vn\/web\/wp-json\/wp\/v2\/comments?post=1513"}],"version-history":[{"count":15,"href":"https:\/\/efip.ctu.edu.vn\/web\/wp-json\/wp\/v2\/pages\/1513\/revisions"}],"predecessor-version":[{"id":2246,"href":"https:\/\/efip.ctu.edu.vn\/web\/wp-json\/wp\/v2\/pages\/1513\/revisions\/2246"}],"wp:featuredmedia":[{"embeddable":true,"href":"https:\/\/efip.ctu.edu.vn\/web\/wp-json\/wp\/v2\/media\/1713"}],"wp:attachment":[{"href":"https:\/\/efip.ctu.edu.vn\/web\/wp-json\/wp\/v2\/media?parent=1513"}],"curies":[{"name":"wp","href":"https:\/\/api.w.org\/{rel}","templated":true}]}}