{"id":110,"date":"2013-12-13T09:03:53","date_gmt":"2013-12-13T08:03:53","guid":{"rendered":"http:\/\/123.30.143.210\/web\/?page_id=110"},"modified":"2025-05-02T10:03:54","modified_gmt":"2025-05-02T03:03:54","slug":"horaires-et-acces","status":"publish","type":"page","link":"https:\/\/efip.ctu.edu.vn\/web\/presentation\/horaires-et-acces\/","title":{"rendered":"Acc\u00e8s et horaires"},"content":{"rendered":"<div class=\"wp-block-image\">\n<figure class=\"aligncenter size-full\"><a href=\"https:\/\/efip.ctu.edu.vn\/web\/wp-content\/uploads\/2025\/05\/BatimentRectorat.png\"><img fetchpriority=\"high\" decoding=\"async\" width=\"798\" height=\"584\" src=\"https:\/\/efip.ctu.edu.vn\/web\/wp-content\/uploads\/2025\/05\/BatimentRectorat.png\" alt=\"\" class=\"wp-image-4174\" srcset=\"https:\/\/efip.ctu.edu.vn\/web\/wp-content\/uploads\/2025\/05\/BatimentRectorat.png 798w, https:\/\/efip.ctu.edu.vn\/web\/wp-content\/uploads\/2025\/05\/BatimentRectorat-300x220.png 300w, https:\/\/efip.ctu.edu.vn\/web\/wp-content\/uploads\/2025\/05\/BatimentRectorat-768x562.png 768w\" sizes=\"(max-width: 798px) 100vw, 798px\" \/><\/a><figcaption class=\"wp-element-caption\">B\u00e2timent du rectorat, Campus 2 de l&#8217;UCT.<\/figcaption><\/figure><\/div>\n\n\n<div class=\"wp-block-group\"><div class=\"wp-block-group__inner-container is-layout-flow wp-block-group-is-layout-flow\">\n<h4 class=\"wp-block-heading\"><b>L&#8217;\u00e9quipe de l&#8217;EFIP vous accueille :<\/b><\/h4>\n\n\n\n<p class=\"has-text-align-center\"><b style=\"font-size: 1.17em;\">Au sein de l&#8217;Universit\u00e9 de Can Tho, sur le campus 2, <\/b><\/p>\n\n\n\n<p class=\"has-text-align-center\"><b style=\"font-size: 1.17em;\">dans le b\u00e2timent du rectorat, au 6\u00e8me \u00e9tage.<\/b><\/p>\n\n\n\n<p class=\"has-text-align-center\"><span style=\"color: #333333;\"><strong><em>Trung t\u00e2m \u0111\u1ed5i m\u1edbi v\u00e0 h\u1ee3p t\u00e1c Ph\u00e1p ng\u1eef , L\u1ea7u 6 nh\u00e0 \u0110i\u1ec1u h\u00e0nh,<\/em><\/strong><\/span><\/p>\n\n\n\n<p class=\"has-text-align-center\"><span style=\"color: #333333;\"><strong><em>Tr\u01b0\u1eddng \u0110\u1ea1i h\u1ecdc C\u1ea7n Th\u01a1, Khu II, \u0111\u01b0\u1eddng 3\/2, P. Xu\u00e2n Kh\u00e1nh, Q. Ninh Ki\u1ec1u, TP. C\u1ea7n Th\u01a1.<\/em><\/strong><\/span><\/p>\n\n\n\n<h3 class=\"wp-block-heading\">Acc\u00e8s: <\/h3>\n\n\n\n<address style=\"text-align: center;\"><figure><iframe src=\"https:\/\/www.google.com\/maps\/embed?pb=!1m18!1m12!1m3!1d245.55251918164268!2d105.77076339444542!3d10.030033586183762!2m3!1f0!2f0!3f0!3m2!1i1024!2i768!4f13.1!3m3!1m2!1s0x31a0895a51d60719{5cef8cb26ec0cf0cbc2bf93f1561460fb5a03d2eaee977874fea98e9d15bcda9}3A0x9d76b0035f6d53d0!2zxJDhuqFpIGjhu41jIEPhuqduIFRoxqEgLSBDYW4gdGhvIFVuaXZlcnNpdHk!5e0!3m2!1sfr!2s!4v1591579231112!5m2!1sfr!2s\" width=\"600\" height=\"450\" allowfullscreen=\"\"><\/iframe><\/figure>\n\n\n\n<address style=\"text-align: center;\"><small><a style=\"color: #0000ff; text-align: left;\" href=\"https:\/\/goo.gl\/maps\/VCMZH1fZrQkLK4i58\" target=\"_blank\" rel=\"noopener noreferrer\">Agrandir le plan<\/a><\/small><\/address>\n\n\n\n<h3 class=\"wp-block-heading has-text-align-left\">Horaires :<\/h3>\n\n\n\n<h4 class=\"wp-block-heading has-text-align-center\"><b>Du lundi au vendredi, de 9h \u00e0 11h30 et de 14h \u00e0 16h.<\/b><\/h4>\n\n\n\n<h5 class=\"wp-block-heading has-text-align-center\"><strong>Vous pouvez aussi prendre rendez-vous \u00e0 d&#8217;autres horaires. <a href=\"https:\/\/efip.ctu.edu.vn\/web\/presentation\/nous-contacter\/\" target=\"_blank\" rel=\"noreferrer noopener\">Contactez-nous<\/a> par courriel \u00e0 <a href=\"mailto:efip@ctu.edu.vn\">efip@ctu.edu.vn<\/a> .<\/strong><\/h5>\n<\/div><\/div>\n\n\n<div class=\"wp-block-image\">\n<figure class=\"aligncenter size-full\"><a href=\"https:\/\/efip.ctu.edu.vn\/web\/wp-content\/uploads\/2025\/05\/HorairesEFIP.jpg\"><img decoding=\"async\" width=\"573\" height=\"812\" src=\"https:\/\/efip.ctu.edu.vn\/web\/wp-content\/uploads\/2025\/05\/HorairesEFIP.jpg\" alt=\"\" class=\"wp-image-4169\" srcset=\"https:\/\/efip.ctu.edu.vn\/web\/wp-content\/uploads\/2025\/05\/HorairesEFIP.jpg 573w, https:\/\/efip.ctu.edu.vn\/web\/wp-content\/uploads\/2025\/05\/HorairesEFIP-212x300.jpg 212w\" sizes=\"(max-width: 573px) 100vw, 573px\" \/><\/a><\/figure><\/div>\n\n\n<p class=\"has-text-align-right\"><em>Page mise \u00e0 jour le 02 mai 2025.<\/em><\/p>\n","protected":false},"excerpt":{"rendered":"<p>L&#8217;\u00e9quipe de l&#8217;EFIP vous accueille : Au sein de l&#8217;Universit\u00e9 de Can Tho, sur le campus 2, dans le b\u00e2timent &hellip; <br \/><a href=\"https:\/\/efip.ctu.edu.vn\/web\/presentation\/horaires-et-acces\/\" class=\"more-link\">Continue reading <span class=\"screen-reader-text\">Acc\u00e8s et horaires<\/span><\/a><\/p>\n","protected":false},"author":1,"featured_media":0,"parent":7,"menu_order":6,"comment_status":"closed","ping_status":"open","template":"","meta":{"footnotes":""},"class_list":["post-110","page","type-page","status-publish","hentry"],"yoast_head":"<!-- This site is optimized with the Yoast SEO plugin v25.0 - https:\/\/yoast.com\/wordpress\/plugins\/seo\/ -->\n<title>Pr\u00e9sentation : acc\u00e8s et horaires - EFIP de Can Tho<\/title>\n<meta name=\"description\" content=\"Horaires : du lundi au vendredi de 8h30 \u00e0 11h30 et de 14h \u00e0 16h. Acc\u00e8s : L&#039;EFIP se trouve au 6\u00e8me \u00e9tage du b\u00e2timent du rectorat sur le Campus 2 de l&#039;UCT.\" \/>\n<meta name=\"robots\" content=\"index, follow, max-snippet:-1, max-image-preview:large, max-video-preview:-1\" \/>\n<link rel=\"canonical\" href=\"https:\/\/efip.ctu.edu.vn\/web\/presentation\/horaires-et-acces\/\" \/>\n<meta property=\"og:locale\" content=\"en_US\" \/>\n<meta property=\"og:type\" content=\"article\" \/>\n<meta property=\"og:title\" content=\"Pr\u00e9sentation : acc\u00e8s et horaires - EFIP de Can Tho\" \/>\n<meta property=\"og:description\" content=\"Horaires : du lundi au vendredi de 8h30 \u00e0 11h30 et de 14h \u00e0 16h. Acc\u00e8s : L&#039;EFIP se trouve au 6\u00e8me \u00e9tage du b\u00e2timent du rectorat sur le Campus 2 de l&#039;UCT.\" \/>\n<meta property=\"og:url\" content=\"https:\/\/efip.ctu.edu.vn\/web\/presentation\/horaires-et-acces\/\" \/>\n<meta property=\"og:site_name\" content=\"EFIP\" \/>\n<meta property=\"article:publisher\" content=\"https:\/\/www.facebook.com\/efipCanTho\" \/>\n<meta property=\"article:modified_time\" content=\"2025-05-02T03:03:54+00:00\" \/>\n<meta property=\"og:image\" content=\"https:\/\/efip.ctu.edu.vn\/web\/wp-content\/uploads\/2020\/06\/CTU-Rectorat-952x498-1.jpg\" \/>\n<meta name=\"twitter:card\" content=\"summary_large_image\" \/>\n<meta name=\"twitter:label1\" content=\"Est. reading time\" \/>\n\t<meta name=\"twitter:data1\" content=\"1 minute\" \/>\n<script type=\"application\/ld+json\" class=\"yoast-schema-graph\">{\"@context\":\"https:\/\/schema.org\",\"@graph\":[{\"@type\":\"WebPage\",\"@id\":\"https:\/\/efip.ctu.edu.vn\/web\/presentation\/horaires-et-acces\/\",\"url\":\"https:\/\/efip.ctu.edu.vn\/web\/presentation\/horaires-et-acces\/\",\"name\":\"Pr\u00e9sentation : acc\u00e8s et horaires - EFIP de Can Tho\",\"isPartOf\":{\"@id\":\"https:\/\/efip.ctu.edu.vn\/web\/#website\"},\"primaryImageOfPage\":{\"@id\":\"https:\/\/efip.ctu.edu.vn\/web\/presentation\/horaires-et-acces\/#primaryimage\"},\"image\":{\"@id\":\"https:\/\/efip.ctu.edu.vn\/web\/presentation\/horaires-et-acces\/#primaryimage\"},\"thumbnailUrl\":\"https:\/\/efip.ctu.edu.vn\/web\/wp-content\/uploads\/2025\/05\/BatimentRectorat.png\",\"datePublished\":\"2013-12-13T08:03:53+00:00\",\"dateModified\":\"2025-05-02T03:03:54+00:00\",\"description\":\"Horaires : du lundi au vendredi de 8h30 \u00e0 11h30 et de 14h \u00e0 16h. Acc\u00e8s : L'EFIP se trouve au 6\u00e8me \u00e9tage du b\u00e2timent du rectorat sur le Campus 2 de l'UCT.\",\"breadcrumb\":{\"@id\":\"https:\/\/efip.ctu.edu.vn\/web\/presentation\/horaires-et-acces\/#breadcrumb\"},\"inLanguage\":\"en-US\",\"potentialAction\":[{\"@type\":\"ReadAction\",\"target\":[\"https:\/\/efip.ctu.edu.vn\/web\/presentation\/horaires-et-acces\/\"]}]},{\"@type\":\"ImageObject\",\"inLanguage\":\"en-US\",\"@id\":\"https:\/\/efip.ctu.edu.vn\/web\/presentation\/horaires-et-acces\/#primaryimage\",\"url\":\"https:\/\/efip.ctu.edu.vn\/web\/wp-content\/uploads\/2025\/05\/BatimentRectorat.png\",\"contentUrl\":\"https:\/\/efip.ctu.edu.vn\/web\/wp-content\/uploads\/2025\/05\/BatimentRectorat.png\",\"width\":798,\"height\":584,\"caption\":\"B\u00e2timent du rectorat, Campus 2 de l'UCT.\"},{\"@type\":\"BreadcrumbList\",\"@id\":\"https:\/\/efip.ctu.edu.vn\/web\/presentation\/horaires-et-acces\/#breadcrumb\",\"itemListElement\":[{\"@type\":\"ListItem\",\"position\":1,\"name\":\"Accueil\",\"item\":\"https:\/\/efip.ctu.edu.vn\/web\/\"},{\"@type\":\"ListItem\",\"position\":2,\"name\":\"Pr\u00e9sentation\",\"item\":\"https:\/\/efip.ctu.edu.vn\/web\/presentation\/\"},{\"@type\":\"ListItem\",\"position\":3,\"name\":\"Acc\u00e8s et horaires\"}]},{\"@type\":\"WebSite\",\"@id\":\"https:\/\/efip.ctu.edu.vn\/web\/#website\",\"url\":\"https:\/\/efip.ctu.edu.vn\/web\/\",\"name\":\"EFIP de Can Tho\",\"description\":\"Espace Francophone d&#039;Innovation et de Partenariat\",\"publisher\":{\"@id\":\"https:\/\/efip.ctu.edu.vn\/web\/#organization\"},\"potentialAction\":[{\"@type\":\"SearchAction\",\"target\":{\"@type\":\"EntryPoint\",\"urlTemplate\":\"https:\/\/efip.ctu.edu.vn\/web\/?s={search_term_string}\"},\"query-input\":{\"@type\":\"PropertyValueSpecification\",\"valueRequired\":true,\"valueName\":\"search_term_string\"}}],\"inLanguage\":\"en-US\"},{\"@type\":\"Organization\",\"@id\":\"https:\/\/efip.ctu.edu.vn\/web\/#organization\",\"name\":\"EFIP\",\"url\":\"https:\/\/efip.ctu.edu.vn\/web\/\",\"logo\":{\"@type\":\"ImageObject\",\"inLanguage\":\"en-US\",\"@id\":\"https:\/\/efip.ctu.edu.vn\/web\/#\/schema\/logo\/image\/\",\"url\":\"https:\/\/efip.ctu.edu.vn\/web\/wp-content\/uploads\/2025\/05\/efip2-150x89-1.jpg\",\"contentUrl\":\"https:\/\/efip.ctu.edu.vn\/web\/wp-content\/uploads\/2025\/05\/efip2-150x89-1.jpg\",\"width\":150,\"height\":89,\"caption\":\"EFIP\"},\"image\":{\"@id\":\"https:\/\/efip.ctu.edu.vn\/web\/#\/schema\/logo\/image\/\"},\"sameAs\":[\"https:\/\/www.facebook.com\/efipCanTho\"]}]}<\/script>\n<!-- \/ Yoast SEO plugin. -->","yoast_head_json":{"title":"Pr\u00e9sentation : acc\u00e8s et horaires - EFIP de Can Tho","description":"Horaires : du lundi au vendredi de 8h30 \u00e0 11h30 et de 14h \u00e0 16h. Acc\u00e8s : L'EFIP se trouve au 6\u00e8me \u00e9tage du b\u00e2timent du rectorat sur le Campus 2 de l'UCT.","robots":{"index":"index","follow":"follow","max-snippet":"max-snippet:-1","max-image-preview":"max-image-preview:large","max-video-preview":"max-video-preview:-1"},"canonical":"https:\/\/efip.ctu.edu.vn\/web\/presentation\/horaires-et-acces\/","og_locale":"en_US","og_type":"article","og_title":"Pr\u00e9sentation : acc\u00e8s et horaires - EFIP de Can Tho","og_description":"Horaires : du lundi au vendredi de 8h30 \u00e0 11h30 et de 14h \u00e0 16h. Acc\u00e8s : L'EFIP se trouve au 6\u00e8me \u00e9tage du b\u00e2timent du rectorat sur le Campus 2 de l'UCT.","og_url":"https:\/\/efip.ctu.edu.vn\/web\/presentation\/horaires-et-acces\/","og_site_name":"EFIP","article_publisher":"https:\/\/www.facebook.com\/efipCanTho","article_modified_time":"2025-05-02T03:03:54+00:00","og_image":[{"url":"https:\/\/efip.ctu.edu.vn\/web\/wp-content\/uploads\/2020\/06\/CTU-Rectorat-952x498-1.jpg","type":"","width":"","height":""}],"twitter_card":"summary_large_image","twitter_misc":{"Est. reading time":"1 minute"},"schema":{"@context":"https:\/\/schema.org","@graph":[{"@type":"WebPage","@id":"https:\/\/efip.ctu.edu.vn\/web\/presentation\/horaires-et-acces\/","url":"https:\/\/efip.ctu.edu.vn\/web\/presentation\/horaires-et-acces\/","name":"Pr\u00e9sentation : acc\u00e8s et horaires - EFIP de Can Tho","isPartOf":{"@id":"https:\/\/efip.ctu.edu.vn\/web\/#website"},"primaryImageOfPage":{"@id":"https:\/\/efip.ctu.edu.vn\/web\/presentation\/horaires-et-acces\/#primaryimage"},"image":{"@id":"https:\/\/efip.ctu.edu.vn\/web\/presentation\/horaires-et-acces\/#primaryimage"},"thumbnailUrl":"https:\/\/efip.ctu.edu.vn\/web\/wp-content\/uploads\/2025\/05\/BatimentRectorat.png","datePublished":"2013-12-13T08:03:53+00:00","dateModified":"2025-05-02T03:03:54+00:00","description":"Horaires : du lundi au vendredi de 8h30 \u00e0 11h30 et de 14h \u00e0 16h. Acc\u00e8s : L'EFIP se trouve au 6\u00e8me \u00e9tage du b\u00e2timent du rectorat sur le Campus 2 de l'UCT.","breadcrumb":{"@id":"https:\/\/efip.ctu.edu.vn\/web\/presentation\/horaires-et-acces\/#breadcrumb"},"inLanguage":"en-US","potentialAction":[{"@type":"ReadAction","target":["https:\/\/efip.ctu.edu.vn\/web\/presentation\/horaires-et-acces\/"]}]},{"@type":"ImageObject","inLanguage":"en-US","@id":"https:\/\/efip.ctu.edu.vn\/web\/presentation\/horaires-et-acces\/#primaryimage","url":"https:\/\/efip.ctu.edu.vn\/web\/wp-content\/uploads\/2025\/05\/BatimentRectorat.png","contentUrl":"https:\/\/efip.ctu.edu.vn\/web\/wp-content\/uploads\/2025\/05\/BatimentRectorat.png","width":798,"height":584,"caption":"B\u00e2timent du rectorat, Campus 2 de l'UCT."},{"@type":"BreadcrumbList","@id":"https:\/\/efip.ctu.edu.vn\/web\/presentation\/horaires-et-acces\/#breadcrumb","itemListElement":[{"@type":"ListItem","position":1,"name":"Accueil","item":"https:\/\/efip.ctu.edu.vn\/web\/"},{"@type":"ListItem","position":2,"name":"Pr\u00e9sentation","item":"https:\/\/efip.ctu.edu.vn\/web\/presentation\/"},{"@type":"ListItem","position":3,"name":"Acc\u00e8s et horaires"}]},{"@type":"WebSite","@id":"https:\/\/efip.ctu.edu.vn\/web\/#website","url":"https:\/\/efip.ctu.edu.vn\/web\/","name":"EFIP de Can Tho","description":"Espace Francophone d&#039;Innovation et de Partenariat","publisher":{"@id":"https:\/\/efip.ctu.edu.vn\/web\/#organization"},"potentialAction":[{"@type":"SearchAction","target":{"@type":"EntryPoint","urlTemplate":"https:\/\/efip.ctu.edu.vn\/web\/?s={search_term_string}"},"query-input":{"@type":"PropertyValueSpecification","valueRequired":true,"valueName":"search_term_string"}}],"inLanguage":"en-US"},{"@type":"Organization","@id":"https:\/\/efip.ctu.edu.vn\/web\/#organization","name":"EFIP","url":"https:\/\/efip.ctu.edu.vn\/web\/","logo":{"@type":"ImageObject","inLanguage":"en-US","@id":"https:\/\/efip.ctu.edu.vn\/web\/#\/schema\/logo\/image\/","url":"https:\/\/efip.ctu.edu.vn\/web\/wp-content\/uploads\/2025\/05\/efip2-150x89-1.jpg","contentUrl":"https:\/\/efip.ctu.edu.vn\/web\/wp-content\/uploads\/2025\/05\/efip2-150x89-1.jpg","width":150,"height":89,"caption":"EFIP"},"image":{"@id":"https:\/\/efip.ctu.edu.vn\/web\/#\/schema\/logo\/image\/"},"sameAs":["https:\/\/www.facebook.com\/efipCanTho"]}]}},"_links":{"self":[{"href":"https:\/\/efip.ctu.edu.vn\/web\/wp-json\/wp\/v2\/pages\/110","targetHints":{"allow":["GET"]}}],"collection":[{"href":"https:\/\/efip.ctu.edu.vn\/web\/wp-json\/wp\/v2\/pages"}],"about":[{"href":"https:\/\/efip.ctu.edu.vn\/web\/wp-json\/wp\/v2\/types\/page"}],"author":[{"embeddable":true,"href":"https:\/\/efip.ctu.edu.vn\/web\/wp-json\/wp\/v2\/users\/1"}],"replies":[{"embeddable":true,"href":"https:\/\/efip.ctu.edu.vn\/web\/wp-json\/wp\/v2\/comments?post=110"}],"version-history":[{"count":22,"href":"https:\/\/efip.ctu.edu.vn\/web\/wp-json\/wp\/v2\/pages\/110\/revisions"}],"predecessor-version":[{"id":4177,"href":"https:\/\/efip.ctu.edu.vn\/web\/wp-json\/wp\/v2\/pages\/110\/revisions\/4177"}],"up":[{"embeddable":true,"href":"https:\/\/efip.ctu.edu.vn\/web\/wp-json\/wp\/v2\/pages\/7"}],"wp:attachment":[{"href":"https:\/\/efip.ctu.edu.vn\/web\/wp-json\/wp\/v2\/media?parent=110"}],"curies":[{"name":"wp","href":"https:\/\/api.w.org\/{rel}","templated":true}]}}